{"id":5317,"date":"2026-04-22T09:49:54","date_gmt":"2026-04-22T07:49:54","guid":{"rendered":"https:\/\/www.visital.no\/?post_type=tribe_events&#038;p=5317"},"modified":"2026-04-22T09:49:54","modified_gmt":"2026-04-22T07:49:54","slug":"festkonsert-50-ar-med-folkemusikkfest","status":"publish","type":"tribe_events","link":"https:\/\/www.visital.no\/en\/arrangementer\/festkonsert-50-ar-med-folkemusikkfest\/","title":{"rendered":"Gala Concert: 50 Years of Folk Music Festival!"},"content":{"rendered":"<p data-start=\"350\" data-end=\"540\">Through this celebratory concert, audiences will gain insight into the festival's history and the current folk music scene in Hallingdal. The evening will feature historical retrospectives, music, song, dance, and discussions.<\/p>\n<p data-start=\"542\" data-end=\"702\">The festival concert marks an important anniversary for Folkemusikkveka and highlights both the festival's long history and the vibrant folk music scene in the region today.<\/p>","protected":false},"excerpt":{"rendered":"<p>Saturday 30 May at 6.00 PM, a festive concert is invited to Storesalen during Folkemusikkveka in \u00c5l. In 2026, it will be 50 years since the festival was first held.<\/p>","protected":false},"author":3,"featured_media":5295,"template":"","meta":{"_acf_changed":false,"_tribe_events_status":"","_tribe_events_status_reason":"","footnotes":""},"tags":[],"tribe_events_cat":[84,160,82],"class_list":["post-5317","tribe_events","type-tribe_events","status-publish","has-post-thumbnail","hentry","tribe_events_cat-festival","tribe_events_cat-folkemusikkveka","tribe_events_cat-scenekunst","cat_festival","cat_folkemusikkveka","cat_scenekunst"],"acf":[],"yoast_head":"<title>Festkonsert: 50 \u00e5r med folkemusikkfest! - Visit \u00c5l<\/title>\n<meta name=\"robots\" content=\"noindex, follow\" \/>\n<meta property=\"og:locale\" content=\"en_GB\" \/>\n<meta property=\"og:type\" content=\"article\" \/>\n<meta property=\"og:title\" content=\"Festkonsert: 50 \u00e5r med folkemusikkfest! - Visit \u00c5l\" \/>\n<meta property=\"og:description\" content=\"L\u00f8rdag 30. mai klokken 18.00 inviteres det til festkonsert i Storesalen under Folkemusikkveka p\u00e5 \u00c5l. I 2026 er det 50 \u00e5r siden festivalen ble arrangert for f\u00f8rste gang.\" \/>\n<meta property=\"og:url\" content=\"https:\/\/www.visital.no\/en\/arrangementer\/festkonsert-50-ar-med-folkemusikkfest\/\" \/>\n<meta property=\"og:site_name\" content=\"Visit \u00c5l\" \/>\n<meta property=\"article:publisher\" content=\"https:\/\/facebook.com\/visitalihallingdal\/\" \/>\n<meta property=\"og:image\" content=\"https:\/\/www.visital.no\/wp-content\/uploads\/2026\/04\/641353638-1317325310417171-3642795598097879360-n.webp\" \/>\n\t<meta property=\"og:image:width\" content=\"1596\" \/>\n\t<meta property=\"og:image:height\" content=\"591\" \/>\n\t<meta property=\"og:image:type\" content=\"image\/png\" \/>\n<meta name=\"twitter:card\" content=\"summary_large_image\" \/>\n<script type=\"application\/ld+json\" class=\"yoast-schema-graph\">{\"@context\":\"https:\\\/\\\/schema.org\",\"@graph\":[{\"@type\":\"WebPage\",\"@id\":\"https:\\\/\\\/www.visital.no\\\/arrangementer\\\/festkonsert-50-ar-med-folkemusikkfest\\\/\",\"url\":\"https:\\\/\\\/www.visital.no\\\/arrangementer\\\/festkonsert-50-ar-med-folkemusikkfest\\\/\",\"name\":\"Festkonsert: 50 \u00e5r med folkemusikkfest! - Visit \u00c5l\",\"isPartOf\":{\"@id\":\"https:\\\/\\\/www.visital.no\\\/#website\"},\"primaryImageOfPage\":{\"@id\":\"https:\\\/\\\/www.visital.no\\\/arrangementer\\\/festkonsert-50-ar-med-folkemusikkfest\\\/#primaryimage\"},\"image\":{\"@id\":\"https:\\\/\\\/www.visital.no\\\/arrangementer\\\/festkonsert-50-ar-med-folkemusikkfest\\\/#primaryimage\"},\"thumbnailUrl\":\"https:\\\/\\\/www.visital.no\\\/wp-content\\\/uploads\\\/2026\\\/04\\\/641353638-1317325310417171-3642795598097879360-n.webp\",\"datePublished\":\"2026-04-22T07:49:54+00:00\",\"breadcrumb\":{\"@id\":\"https:\\\/\\\/www.visital.no\\\/arrangementer\\\/festkonsert-50-ar-med-folkemusikkfest\\\/#breadcrumb\"},\"inLanguage\":\"en-GB\",\"potentialAction\":[{\"@type\":\"ReadAction\",\"target\":[\"https:\\\/\\\/www.visital.no\\\/arrangementer\\\/festkonsert-50-ar-med-folkemusikkfest\\\/\"]}]},{\"@type\":\"ImageObject\",\"inLanguage\":\"en-GB\",\"@id\":\"https:\\\/\\\/www.visital.no\\\/arrangementer\\\/festkonsert-50-ar-med-folkemusikkfest\\\/#primaryimage\",\"url\":\"https:\\\/\\\/www.visital.no\\\/wp-content\\\/uploads\\\/2026\\\/04\\\/641353638-1317325310417171-3642795598097879360-n.webp\",\"contentUrl\":\"https:\\\/\\\/www.visital.no\\\/wp-content\\\/uploads\\\/2026\\\/04\\\/641353638-1317325310417171-3642795598097879360-n.webp\",\"width\":1596,\"height\":591,\"caption\":\"Plakat Folkemusikkveka\"},{\"@type\":\"BreadcrumbList\",\"@id\":\"https:\\\/\\\/www.visital.no\\\/arrangementer\\\/festkonsert-50-ar-med-folkemusikkfest\\\/#breadcrumb\",\"itemListElement\":[{\"@type\":\"ListItem\",\"position\":1,\"name\":\"Home\",\"item\":\"https:\\\/\\\/www.visital.no\\\/\"},{\"@type\":\"ListItem\",\"position\":2,\"name\":\"Arrangementer\",\"item\":\"https:\\\/\\\/www.visital.no\\\/arrangementer\\\/\"},{\"@type\":\"ListItem\",\"position\":3,\"name\":\"Festkonsert: 50 \u00e5r med folkemusikkfest!\"}]},{\"@type\":\"WebSite\",\"@id\":\"https:\\\/\\\/www.visital.no\\\/#website\",\"url\":\"https:\\\/\\\/www.visital.no\\\/\",\"name\":\"Visit \u00c5l\",\"description\":\"\",\"publisher\":{\"@id\":\"https:\\\/\\\/www.visital.no\\\/#organization\"},\"potentialAction\":[{\"@type\":\"SearchAction\",\"target\":{\"@type\":\"EntryPoint\",\"urlTemplate\":\"https:\\\/\\\/www.visital.no\\\/?s={search_term_string}\"},\"query-input\":{\"@type\":\"PropertyValueSpecification\",\"valueRequired\":true,\"valueName\":\"search_term_string\"}}],\"inLanguage\":\"en-GB\"},{\"@type\":\"Organization\",\"@id\":\"https:\\\/\\\/www.visital.no\\\/#organization\",\"name\":\"Visit \u00c5l\",\"url\":\"https:\\\/\\\/www.visital.no\\\/\",\"logo\":{\"@type\":\"ImageObject\",\"inLanguage\":\"en-GB\",\"@id\":\"https:\\\/\\\/www.visital.no\\\/#\\\/schema\\\/logo\\\/image\\\/\",\"url\":\"https:\\\/\\\/www.visital.no\\\/wp-content\\\/uploads\\\/2024\\\/11\\\/al-i-hallingdal-logo.svg\",\"contentUrl\":\"https:\\\/\\\/www.visital.no\\\/wp-content\\\/uploads\\\/2024\\\/11\\\/al-i-hallingdal-logo.svg\",\"width\":258,\"height\":100,\"caption\":\"Visit \u00c5l\"},\"image\":{\"@id\":\"https:\\\/\\\/www.visital.no\\\/#\\\/schema\\\/logo\\\/image\\\/\"},\"sameAs\":[\"https:\\\/\\\/facebook.com\\\/visitalihallingdal\\\/\",\"https:\\\/\\\/instagram.com\\\/visitalihallingdal\\\/\",\"https:\\\/\\\/youtube.com\\\/user\\\/alutvikling\"]}]}<\/script>","yoast_head_json":{"title":"Festkonsert: 50 \u00e5r med folkemusikkfest! - Visit \u00c5l","robots":{"index":"noindex","follow":"follow"},"og_locale":"en_GB","og_type":"article","og_title":"Festkonsert: 50 \u00e5r med folkemusikkfest! - Visit \u00c5l","og_description":"L\u00f8rdag 30. mai klokken 18.00 inviteres det til festkonsert i Storesalen under Folkemusikkveka p\u00e5 \u00c5l. I 2026 er det 50 \u00e5r siden festivalen ble arrangert for f\u00f8rste gang.","og_url":"https:\/\/www.visital.no\/en\/arrangementer\/festkonsert-50-ar-med-folkemusikkfest\/","og_site_name":"Visit \u00c5l","article_publisher":"https:\/\/facebook.com\/visitalihallingdal\/","og_image":[{"width":1596,"height":591,"url":"https:\/\/www.visital.no\/wp-content\/uploads\/2026\/04\/641353638-1317325310417171-3642795598097879360-n.webp","type":"image\/png"}],"twitter_card":"summary_large_image","schema":{"@context":"https:\/\/schema.org","@graph":[{"@type":"WebPage","@id":"https:\/\/www.visital.no\/arrangementer\/festkonsert-50-ar-med-folkemusikkfest\/","url":"https:\/\/www.visital.no\/arrangementer\/festkonsert-50-ar-med-folkemusikkfest\/","name":"Festkonsert: 50 \u00e5r med folkemusikkfest! - Visit \u00c5l","isPartOf":{"@id":"https:\/\/www.visital.no\/#website"},"primaryImageOfPage":{"@id":"https:\/\/www.visital.no\/arrangementer\/festkonsert-50-ar-med-folkemusikkfest\/#primaryimage"},"image":{"@id":"https:\/\/www.visital.no\/arrangementer\/festkonsert-50-ar-med-folkemusikkfest\/#primaryimage"},"thumbnailUrl":"https:\/\/www.visital.no\/wp-content\/uploads\/2026\/04\/641353638-1317325310417171-3642795598097879360-n.webp","datePublished":"2026-04-22T07:49:54+00:00","breadcrumb":{"@id":"https:\/\/www.visital.no\/arrangementer\/festkonsert-50-ar-med-folkemusikkfest\/#breadcrumb"},"inLanguage":"en-GB","potentialAction":[{"@type":"ReadAction","target":["https:\/\/www.visital.no\/arrangementer\/festkonsert-50-ar-med-folkemusikkfest\/"]}]},{"@type":"ImageObject","inLanguage":"en-GB","@id":"https:\/\/www.visital.no\/arrangementer\/festkonsert-50-ar-med-folkemusikkfest\/#primaryimage","url":"https:\/\/www.visital.no\/wp-content\/uploads\/2026\/04\/641353638-1317325310417171-3642795598097879360-n.webp","contentUrl":"https:\/\/www.visital.no\/wp-content\/uploads\/2026\/04\/641353638-1317325310417171-3642795598097879360-n.webp","width":1596,"height":591,"caption":"Plakat Folkemusikkveka"},{"@type":"BreadcrumbList","@id":"https:\/\/www.visital.no\/arrangementer\/festkonsert-50-ar-med-folkemusikkfest\/#breadcrumb","itemListElement":[{"@type":"ListItem","position":1,"name":"Home","item":"https:\/\/www.visital.no\/"},{"@type":"ListItem","position":2,"name":"Arrangementer","item":"https:\/\/www.visital.no\/arrangementer\/"},{"@type":"ListItem","position":3,"name":"Festkonsert: 50 \u00e5r med folkemusikkfest!"}]},{"@type":"WebSite","@id":"https:\/\/www.visital.no\/#website","url":"https:\/\/www.visital.no\/","name":"Visit \u00c5l","description":"","publisher":{"@id":"https:\/\/www.visital.no\/#organization"},"potentialAction":[{"@type":"SearchAction","target":{"@type":"EntryPoint","urlTemplate":"https:\/\/www.visital.no\/?s={search_term_string}"},"query-input":{"@type":"PropertyValueSpecification","valueRequired":true,"valueName":"search_term_string"}}],"inLanguage":"en-GB"},{"@type":"Organization","@id":"https:\/\/www.visital.no\/#organization","name":"Visit \u00c5l","url":"https:\/\/www.visital.no\/","logo":{"@type":"ImageObject","inLanguage":"en-GB","@id":"https:\/\/www.visital.no\/#\/schema\/logo\/image\/","url":"https:\/\/www.visital.no\/wp-content\/uploads\/2024\/11\/al-i-hallingdal-logo.svg","contentUrl":"https:\/\/www.visital.no\/wp-content\/uploads\/2024\/11\/al-i-hallingdal-logo.svg","width":258,"height":100,"caption":"Visit \u00c5l"},"image":{"@id":"https:\/\/www.visital.no\/#\/schema\/logo\/image\/"},"sameAs":["https:\/\/facebook.com\/visitalihallingdal\/","https:\/\/instagram.com\/visitalihallingdal\/","https:\/\/youtube.com\/user\/alutvikling"]}]}},"_links":{"self":[{"href":"https:\/\/www.visital.no\/en\/wp-json\/wp\/v2\/tribe_events\/5317","targetHints":{"allow":["GET"]}}],"collection":[{"href":"https:\/\/www.visital.no\/en\/wp-json\/wp\/v2\/tribe_events"}],"about":[{"href":"https:\/\/www.visital.no\/en\/wp-json\/wp\/v2\/types\/tribe_events"}],"author":[{"embeddable":true,"href":"https:\/\/www.visital.no\/en\/wp-json\/wp\/v2\/users\/3"}],"version-history":[{"count":1,"href":"https:\/\/www.visital.no\/en\/wp-json\/wp\/v2\/tribe_events\/5317\/revisions"}],"predecessor-version":[{"id":5319,"href":"https:\/\/www.visital.no\/en\/wp-json\/wp\/v2\/tribe_events\/5317\/revisions\/5319"}],"wp:featuredmedia":[{"embeddable":true,"href":"https:\/\/www.visital.no\/en\/wp-json\/wp\/v2\/media\/5295"}],"wp:attachment":[{"href":"https:\/\/www.visital.no\/en\/wp-json\/wp\/v2\/media?parent=5317"}],"wp:term":[{"taxonomy":"post_tag","embeddable":true,"href":"https:\/\/www.visital.no\/en\/wp-json\/wp\/v2\/tags?post=5317"},{"taxonomy":"tribe_events_cat","embeddable":true,"href":"https:\/\/www.visital.no\/en\/wp-json\/wp\/v2\/tribe_events_cat?post=5317"}],"curies":[{"name":"wp","href":"https:\/\/api.w.org\/{rel}","templated":true}]}}