{"id":4767,"date":"2025-12-23T10:44:12","date_gmt":"2025-12-23T09:44:12","guid":{"rendered":"https:\/\/www.visital.no\/?post_type=tribe_events&#038;p=4767"},"modified":"2025-12-23T10:44:12","modified_gmt":"2025-12-23T09:44:12","slug":"foredrag-knut-jorgen-roed-odegaard-kosmiske-mysterier-og-spektakulaere-fenomen","status":"publish","type":"tribe_events","link":"https:\/\/www.visital.no\/en\/arrangementer\/foredrag-knut-jorgen-roed-odegaard-kosmiske-mysterier-og-spektakulaere-fenomen\/","title":{"rendered":"Lecture: Knut J\u00f8rgen R\u00f8ed \u00d8degaard \u2013 Cosmic Mysteries and Spectacular Phenomena"},"content":{"rendered":"<p data-start=\"414\" data-end=\"674\">In the lecture, you'll hear about everything from possible evidence of life on a planet outside our solar system to the hunt for the ninth planet in our solar system. \u00d8degaard also talks about a visitor from another solar system and takes you into topics such as black holes and wormholes.<\/p>\n<p data-start=\"676\" data-end=\"1009\">The evening is not just about the distant universe, but also about the future. Can you work on the Moon or move to Mars? And can space elevators actually become a reality within the next twenty years? You'll also hear about mysterious dark matter, which some refer to as ghost particles, and about how we can see the universe's infancy for the first time.<\/p>\n<p data-start=\"1011\" data-end=\"1144\">The lecture also features the story of the most violent explosion we know of, and much more, at a brisk pace and with broad perspectives.<\/p>","protected":false},"excerpt":{"rendered":"<p>\u00c5l Library invites you to an unusual lecture. Astrophysicist Knut J\u00f8rgen R\u00f8ed \u00d8degaard will take the audience on an exciting journey into the universe, with big questions, new discoveries, and phenomena that almost sound too wild to be true.<\/p>","protected":false},"author":3,"featured_media":4768,"template":"","meta":{"_acf_changed":false,"_tribe_events_status":"","_tribe_events_status_reason":"","footnotes":""},"tags":[],"tribe_events_cat":[144],"class_list":["post-4767","tribe_events","type-tribe_events","status-publish","has-post-thumbnail","hentry","tribe_events_cat-foredrag","cat_foredrag"],"acf":[],"yoast_head":"<title>Foredrag: Knut J\u00f8rgen R\u00f8ed \u00d8degaard - Kosmiske mysterier og spektakul\u00e6re fenomen - Visit \u00c5l<\/title>\n<meta name=\"robots\" content=\"noindex, follow\" \/>\n<meta property=\"og:locale\" content=\"en_GB\" \/>\n<meta property=\"og:type\" content=\"article\" \/>\n<meta property=\"og:title\" content=\"Foredrag: Knut J\u00f8rgen R\u00f8ed \u00d8degaard - Kosmiske mysterier og spektakul\u00e6re fenomen - Visit \u00c5l\" \/>\n<meta property=\"og:description\" content=\"\u00c5l bibliotek inviterer til et foredrag utenom det vanlige. Astrofysiker Knut J\u00f8rgen R\u00f8ed \u00d8degaard tar publikum med p\u00e5 en spennende reise ut i universet, med store sp\u00f8rsm\u00e5l, nye funn og fenomener som nesten h\u00f8res for ville ut til \u00e5 v\u00e6re sanne.\" \/>\n<meta property=\"og:url\" content=\"https:\/\/www.visital.no\/en\/arrangementer\/foredrag-knut-jorgen-roed-odegaard-kosmiske-mysterier-og-spektakulaere-fenomen\/\" \/>\n<meta property=\"og:site_name\" content=\"Visit \u00c5l\" \/>\n<meta property=\"article:publisher\" content=\"https:\/\/facebook.com\/visitalihallingdal\/\" \/>\n<meta property=\"og:image\" content=\"https:\/\/www.visital.no\/wp-content\/uploads\/2025\/12\/186881.webp\" \/>\n\t<meta property=\"og:image:width\" content=\"1728\" \/>\n\t<meta property=\"og:image:height\" content=\"1224\" \/>\n\t<meta property=\"og:image:type\" content=\"image\/jpeg\" \/>\n<meta name=\"twitter:card\" content=\"summary_large_image\" \/>\n<meta name=\"twitter:label1\" content=\"Est. reading time\" \/>\n\t<meta name=\"twitter:data1\" content=\"1 minute\" \/>\n<script type=\"application\/ld+json\" class=\"yoast-schema-graph\">{\"@context\":\"https:\\\/\\\/schema.org\",\"@graph\":[{\"@type\":\"WebPage\",\"@id\":\"https:\\\/\\\/www.visital.no\\\/arrangementer\\\/foredrag-knut-jorgen-roed-odegaard-kosmiske-mysterier-og-spektakulaere-fenomen\\\/\",\"url\":\"https:\\\/\\\/www.visital.no\\\/arrangementer\\\/foredrag-knut-jorgen-roed-odegaard-kosmiske-mysterier-og-spektakulaere-fenomen\\\/\",\"name\":\"Foredrag: Knut J\u00f8rgen R\u00f8ed \u00d8degaard - Kosmiske mysterier og spektakul\u00e6re fenomen - Visit \u00c5l\",\"isPartOf\":{\"@id\":\"https:\\\/\\\/www.visital.no\\\/#website\"},\"primaryImageOfPage\":{\"@id\":\"https:\\\/\\\/www.visital.no\\\/arrangementer\\\/foredrag-knut-jorgen-roed-odegaard-kosmiske-mysterier-og-spektakulaere-fenomen\\\/#primaryimage\"},\"image\":{\"@id\":\"https:\\\/\\\/www.visital.no\\\/arrangementer\\\/foredrag-knut-jorgen-roed-odegaard-kosmiske-mysterier-og-spektakulaere-fenomen\\\/#primaryimage\"},\"thumbnailUrl\":\"https:\\\/\\\/www.visital.no\\\/wp-content\\\/uploads\\\/2025\\\/12\\\/186881.webp\",\"datePublished\":\"2025-12-23T09:44:12+00:00\",\"breadcrumb\":{\"@id\":\"https:\\\/\\\/www.visital.no\\\/arrangementer\\\/foredrag-knut-jorgen-roed-odegaard-kosmiske-mysterier-og-spektakulaere-fenomen\\\/#breadcrumb\"},\"inLanguage\":\"en-GB\",\"potentialAction\":[{\"@type\":\"ReadAction\",\"target\":[\"https:\\\/\\\/www.visital.no\\\/arrangementer\\\/foredrag-knut-jorgen-roed-odegaard-kosmiske-mysterier-og-spektakulaere-fenomen\\\/\"]}]},{\"@type\":\"ImageObject\",\"inLanguage\":\"en-GB\",\"@id\":\"https:\\\/\\\/www.visital.no\\\/arrangementer\\\/foredrag-knut-jorgen-roed-odegaard-kosmiske-mysterier-og-spektakulaere-fenomen\\\/#primaryimage\",\"url\":\"https:\\\/\\\/www.visital.no\\\/wp-content\\\/uploads\\\/2025\\\/12\\\/186881.webp\",\"contentUrl\":\"https:\\\/\\\/www.visital.no\\\/wp-content\\\/uploads\\\/2025\\\/12\\\/186881.webp\",\"width\":1728,\"height\":1224,\"caption\":\"Foredrag: Knut J\u00f8rgen R\u00f8ed \u00d8degaard - Kosmiske mysterier og spektakul\u00e6re fenomen p\u00e5 \u00c5l Kulturhus\"},{\"@type\":\"BreadcrumbList\",\"@id\":\"https:\\\/\\\/www.visital.no\\\/arrangementer\\\/foredrag-knut-jorgen-roed-odegaard-kosmiske-mysterier-og-spektakulaere-fenomen\\\/#breadcrumb\",\"itemListElement\":[{\"@type\":\"ListItem\",\"position\":1,\"name\":\"Home\",\"item\":\"https:\\\/\\\/www.visital.no\\\/\"},{\"@type\":\"ListItem\",\"position\":2,\"name\":\"Arrangementer\",\"item\":\"https:\\\/\\\/www.visital.no\\\/arrangementer\\\/\"},{\"@type\":\"ListItem\",\"position\":3,\"name\":\"Foredrag: Knut J\u00f8rgen R\u00f8ed \u00d8degaard &#8211; Kosmiske mysterier og spektakul\u00e6re fenomen\"}]},{\"@type\":\"WebSite\",\"@id\":\"https:\\\/\\\/www.visital.no\\\/#website\",\"url\":\"https:\\\/\\\/www.visital.no\\\/\",\"name\":\"Visit \u00c5l\",\"description\":\"\",\"publisher\":{\"@id\":\"https:\\\/\\\/www.visital.no\\\/#organization\"},\"potentialAction\":[{\"@type\":\"SearchAction\",\"target\":{\"@type\":\"EntryPoint\",\"urlTemplate\":\"https:\\\/\\\/www.visital.no\\\/?s={search_term_string}\"},\"query-input\":{\"@type\":\"PropertyValueSpecification\",\"valueRequired\":true,\"valueName\":\"search_term_string\"}}],\"inLanguage\":\"en-GB\"},{\"@type\":\"Organization\",\"@id\":\"https:\\\/\\\/www.visital.no\\\/#organization\",\"name\":\"Visit \u00c5l\",\"url\":\"https:\\\/\\\/www.visital.no\\\/\",\"logo\":{\"@type\":\"ImageObject\",\"inLanguage\":\"en-GB\",\"@id\":\"https:\\\/\\\/www.visital.no\\\/#\\\/schema\\\/logo\\\/image\\\/\",\"url\":\"https:\\\/\\\/www.visital.no\\\/wp-content\\\/uploads\\\/2024\\\/11\\\/al-i-hallingdal-logo.svg\",\"contentUrl\":\"https:\\\/\\\/www.visital.no\\\/wp-content\\\/uploads\\\/2024\\\/11\\\/al-i-hallingdal-logo.svg\",\"width\":258,\"height\":100,\"caption\":\"Visit \u00c5l\"},\"image\":{\"@id\":\"https:\\\/\\\/www.visital.no\\\/#\\\/schema\\\/logo\\\/image\\\/\"},\"sameAs\":[\"https:\\\/\\\/facebook.com\\\/visitalihallingdal\\\/\",\"https:\\\/\\\/instagram.com\\\/visitalihallingdal\\\/\",\"https:\\\/\\\/youtube.com\\\/user\\\/alutvikling\"]}]}<\/script>","yoast_head_json":{"title":"Foredrag: Knut J\u00f8rgen R\u00f8ed \u00d8degaard - Kosmiske mysterier og spektakul\u00e6re fenomen - Visit \u00c5l","robots":{"index":"noindex","follow":"follow"},"og_locale":"en_GB","og_type":"article","og_title":"Foredrag: Knut J\u00f8rgen R\u00f8ed \u00d8degaard - Kosmiske mysterier og spektakul\u00e6re fenomen - Visit \u00c5l","og_description":"\u00c5l bibliotek inviterer til et foredrag utenom det vanlige. Astrofysiker Knut J\u00f8rgen R\u00f8ed \u00d8degaard tar publikum med p\u00e5 en spennende reise ut i universet, med store sp\u00f8rsm\u00e5l, nye funn og fenomener som nesten h\u00f8res for ville ut til \u00e5 v\u00e6re sanne.","og_url":"https:\/\/www.visital.no\/en\/arrangementer\/foredrag-knut-jorgen-roed-odegaard-kosmiske-mysterier-og-spektakulaere-fenomen\/","og_site_name":"Visit \u00c5l","article_publisher":"https:\/\/facebook.com\/visitalihallingdal\/","og_image":[{"width":1728,"height":1224,"url":"https:\/\/www.visital.no\/wp-content\/uploads\/2025\/12\/186881.webp","type":"image\/jpeg"}],"twitter_card":"summary_large_image","twitter_misc":{"Est. reading time":"1 minute"},"schema":{"@context":"https:\/\/schema.org","@graph":[{"@type":"WebPage","@id":"https:\/\/www.visital.no\/arrangementer\/foredrag-knut-jorgen-roed-odegaard-kosmiske-mysterier-og-spektakulaere-fenomen\/","url":"https:\/\/www.visital.no\/arrangementer\/foredrag-knut-jorgen-roed-odegaard-kosmiske-mysterier-og-spektakulaere-fenomen\/","name":"Foredrag: Knut J\u00f8rgen R\u00f8ed \u00d8degaard - Kosmiske mysterier og spektakul\u00e6re fenomen - Visit \u00c5l","isPartOf":{"@id":"https:\/\/www.visital.no\/#website"},"primaryImageOfPage":{"@id":"https:\/\/www.visital.no\/arrangementer\/foredrag-knut-jorgen-roed-odegaard-kosmiske-mysterier-og-spektakulaere-fenomen\/#primaryimage"},"image":{"@id":"https:\/\/www.visital.no\/arrangementer\/foredrag-knut-jorgen-roed-odegaard-kosmiske-mysterier-og-spektakulaere-fenomen\/#primaryimage"},"thumbnailUrl":"https:\/\/www.visital.no\/wp-content\/uploads\/2025\/12\/186881.webp","datePublished":"2025-12-23T09:44:12+00:00","breadcrumb":{"@id":"https:\/\/www.visital.no\/arrangementer\/foredrag-knut-jorgen-roed-odegaard-kosmiske-mysterier-og-spektakulaere-fenomen\/#breadcrumb"},"inLanguage":"en-GB","potentialAction":[{"@type":"ReadAction","target":["https:\/\/www.visital.no\/arrangementer\/foredrag-knut-jorgen-roed-odegaard-kosmiske-mysterier-og-spektakulaere-fenomen\/"]}]},{"@type":"ImageObject","inLanguage":"en-GB","@id":"https:\/\/www.visital.no\/arrangementer\/foredrag-knut-jorgen-roed-odegaard-kosmiske-mysterier-og-spektakulaere-fenomen\/#primaryimage","url":"https:\/\/www.visital.no\/wp-content\/uploads\/2025\/12\/186881.webp","contentUrl":"https:\/\/www.visital.no\/wp-content\/uploads\/2025\/12\/186881.webp","width":1728,"height":1224,"caption":"Foredrag: Knut J\u00f8rgen R\u00f8ed \u00d8degaard - Kosmiske mysterier og spektakul\u00e6re fenomen p\u00e5 \u00c5l Kulturhus"},{"@type":"BreadcrumbList","@id":"https:\/\/www.visital.no\/arrangementer\/foredrag-knut-jorgen-roed-odegaard-kosmiske-mysterier-og-spektakulaere-fenomen\/#breadcrumb","itemListElement":[{"@type":"ListItem","position":1,"name":"Home","item":"https:\/\/www.visital.no\/"},{"@type":"ListItem","position":2,"name":"Arrangementer","item":"https:\/\/www.visital.no\/arrangementer\/"},{"@type":"ListItem","position":3,"name":"Foredrag: Knut J\u00f8rgen R\u00f8ed \u00d8degaard &#8211; Kosmiske mysterier og spektakul\u00e6re fenomen"}]},{"@type":"WebSite","@id":"https:\/\/www.visital.no\/#website","url":"https:\/\/www.visital.no\/","name":"Visit \u00c5l","description":"","publisher":{"@id":"https:\/\/www.visital.no\/#organization"},"potentialAction":[{"@type":"SearchAction","target":{"@type":"EntryPoint","urlTemplate":"https:\/\/www.visital.no\/?s={search_term_string}"},"query-input":{"@type":"PropertyValueSpecification","valueRequired":true,"valueName":"search_term_string"}}],"inLanguage":"en-GB"},{"@type":"Organization","@id":"https:\/\/www.visital.no\/#organization","name":"Visit \u00c5l","url":"https:\/\/www.visital.no\/","logo":{"@type":"ImageObject","inLanguage":"en-GB","@id":"https:\/\/www.visital.no\/#\/schema\/logo\/image\/","url":"https:\/\/www.visital.no\/wp-content\/uploads\/2024\/11\/al-i-hallingdal-logo.svg","contentUrl":"https:\/\/www.visital.no\/wp-content\/uploads\/2024\/11\/al-i-hallingdal-logo.svg","width":258,"height":100,"caption":"Visit \u00c5l"},"image":{"@id":"https:\/\/www.visital.no\/#\/schema\/logo\/image\/"},"sameAs":["https:\/\/facebook.com\/visitalihallingdal\/","https:\/\/instagram.com\/visitalihallingdal\/","https:\/\/youtube.com\/user\/alutvikling"]}]}},"_links":{"self":[{"href":"https:\/\/www.visital.no\/en\/wp-json\/wp\/v2\/tribe_events\/4767","targetHints":{"allow":["GET"]}}],"collection":[{"href":"https:\/\/www.visital.no\/en\/wp-json\/wp\/v2\/tribe_events"}],"about":[{"href":"https:\/\/www.visital.no\/en\/wp-json\/wp\/v2\/types\/tribe_events"}],"author":[{"embeddable":true,"href":"https:\/\/www.visital.no\/en\/wp-json\/wp\/v2\/users\/3"}],"version-history":[{"count":1,"href":"https:\/\/www.visital.no\/en\/wp-json\/wp\/v2\/tribe_events\/4767\/revisions"}],"predecessor-version":[{"id":4769,"href":"https:\/\/www.visital.no\/en\/wp-json\/wp\/v2\/tribe_events\/4767\/revisions\/4769"}],"wp:featuredmedia":[{"embeddable":true,"href":"https:\/\/www.visital.no\/en\/wp-json\/wp\/v2\/media\/4768"}],"wp:attachment":[{"href":"https:\/\/www.visital.no\/en\/wp-json\/wp\/v2\/media?parent=4767"}],"wp:term":[{"taxonomy":"post_tag","embeddable":true,"href":"https:\/\/www.visital.no\/en\/wp-json\/wp\/v2\/tags?post=4767"},{"taxonomy":"tribe_events_cat","embeddable":true,"href":"https:\/\/www.visital.no\/en\/wp-json\/wp\/v2\/tribe_events_cat?post=4767"}],"curies":[{"name":"wp","href":"https:\/\/api.w.org\/{rel}","templated":true}]}}