{"id":2545,"date":"2025-05-08T14:54:09","date_gmt":"2025-05-08T12:54:09","guid":{"rendered":"https:\/\/www.visital.no\/?post_type=tribe_events&#038;p=2545"},"modified":"2025-06-24T13:58:23","modified_gmt":"2025-06-24T11:58:23","slug":"riksteateret-laereren","status":"publish","type":"tribe_events","link":"https:\/\/www.visital.no\/en\/arrangementer\/riksteateret-laereren\/","title":{"rendered":"The National Theatre: The Teacher"},"content":{"rendered":"<p class=\"\" data-start=\"492\" data-end=\"923\">\"The Teacher\" is a sharp and honest performance about the great responsibility that comes with the teaching profession. In this monologue, we meet Kristian, a newly appointed substitute teacher facing a troubled fifth grade class. He is a man with many roles - as a teacher, a human being and the mirror image of his childhood. Through his encounters with young pupils, he is forced to confront his own insecurities and experiences of the teaching role.<\/p>\n<p class=\"\" data-start=\"925\" data-end=\"1218\">With humour and simple observations, Fredrik H\u00f8yer, known as a slam poet and actor, takes us through an exciting drama that illuminates how we understand ourselves through the eyes of others. H\u00f8yer has written both text and music, and his performance touches on both seriousness and humour in an unexpected way.<\/p>\n<p class=\"\" data-start=\"1220\" data-end=\"1440\">As Kristian meets his students, he meets himself. An honest portrayal of what it means to be a teacher, and how we all play roles in each other's lives. Look forward to a performance that both moves and challenges.<\/p>","protected":false},"excerpt":{"rendered":"<p>Fredrik H\u00f8yer is alone on stage in Riksteatret's \"The Teacher\", a production that explores the challenges of the teaching profession and the inner conflicts that arise when dealing with young minds.<\/p>","protected":false},"author":3,"featured_media":2546,"template":"","meta":{"_acf_changed":false,"_tribe_events_status":"","_tribe_events_status_reason":"","footnotes":""},"tags":[],"tribe_events_cat":[82],"class_list":["post-2545","tribe_events","type-tribe_events","status-publish","has-post-thumbnail","hentry","tribe_events_cat-scenekunst","cat_scenekunst"],"acf":[],"yoast_head":"<title>Riksteateret: L\u00e6reren - Visit \u00c5l<\/title>\n<meta name=\"description\" content=\"Fredrik H\u00f8yer tar oss med p\u00e5 en tankevekkende reise gjennom l\u00e6reryrkets virkelighet i &quot;L\u00e6reren&quot;. En forestilling om ansvar, relasjoner og indre oppl\u00f8sning, som r\u00f8rer ved b\u00e5de humor og alvor.\" \/>\n<meta name=\"robots\" content=\"noindex, follow\" \/>\n<meta property=\"og:locale\" content=\"en_GB\" \/>\n<meta property=\"og:type\" content=\"article\" \/>\n<meta property=\"og:title\" content=\"Riksteateret: L\u00e6reren - Visit \u00c5l\" \/>\n<meta property=\"og:description\" content=\"Fredrik H\u00f8yer tar oss med p\u00e5 en tankevekkende reise gjennom l\u00e6reryrkets virkelighet i &quot;L\u00e6reren&quot;. En forestilling om ansvar, relasjoner og indre oppl\u00f8sning, som r\u00f8rer ved b\u00e5de humor og alvor.\" \/>\n<meta property=\"og:url\" content=\"https:\/\/www.visital.no\/en\/arrangementer\/riksteateret-laereren\/\" \/>\n<meta property=\"og:site_name\" content=\"Visit \u00c5l\" \/>\n<meta property=\"article:publisher\" content=\"https:\/\/facebook.com\/visitalihallingdal\/\" \/>\n<meta property=\"article:modified_time\" content=\"2025-06-24T11:58:23+00:00\" \/>\n<meta property=\"og:image\" content=\"https:\/\/www.visital.no\/wp-content\/uploads\/2025\/05\/173193-1024x576.jpg\" \/>\n\t<meta property=\"og:image:width\" content=\"1024\" \/>\n\t<meta property=\"og:image:height\" content=\"576\" \/>\n\t<meta property=\"og:image:type\" content=\"image\/jpeg\" \/>\n<meta name=\"twitter:card\" content=\"summary_large_image\" \/>\n<meta name=\"twitter:label1\" content=\"Est. reading time\" \/>\n\t<meta name=\"twitter:data1\" content=\"2 minutes\" \/>\n<script type=\"application\/ld+json\" class=\"yoast-schema-graph\">{\"@context\":\"https:\\\/\\\/schema.org\",\"@graph\":[{\"@type\":\"WebPage\",\"@id\":\"https:\\\/\\\/www.visital.no\\\/arrangementer\\\/riksteateret-laereren\\\/\",\"url\":\"https:\\\/\\\/www.visital.no\\\/arrangementer\\\/riksteateret-laereren\\\/\",\"name\":\"Riksteateret: L\u00e6reren - Visit \u00c5l\",\"isPartOf\":{\"@id\":\"https:\\\/\\\/www.visital.no\\\/#website\"},\"primaryImageOfPage\":{\"@id\":\"https:\\\/\\\/www.visital.no\\\/arrangementer\\\/riksteateret-laereren\\\/#primaryimage\"},\"image\":{\"@id\":\"https:\\\/\\\/www.visital.no\\\/arrangementer\\\/riksteateret-laereren\\\/#primaryimage\"},\"thumbnailUrl\":\"https:\\\/\\\/www.visital.no\\\/wp-content\\\/uploads\\\/2025\\\/05\\\/173193.jpg\",\"datePublished\":\"2025-05-08T12:54:09+00:00\",\"dateModified\":\"2025-06-24T11:58:23+00:00\",\"description\":\"Fredrik H\u00f8yer tar oss med p\u00e5 en tankevekkende reise gjennom l\u00e6reryrkets virkelighet i \\\"L\u00e6reren\\\". En forestilling om ansvar, relasjoner og indre oppl\u00f8sning, som r\u00f8rer ved b\u00e5de humor og alvor.\",\"breadcrumb\":{\"@id\":\"https:\\\/\\\/www.visital.no\\\/arrangementer\\\/riksteateret-laereren\\\/#breadcrumb\"},\"inLanguage\":\"en-GB\",\"potentialAction\":[{\"@type\":\"ReadAction\",\"target\":[\"https:\\\/\\\/www.visital.no\\\/arrangementer\\\/riksteateret-laereren\\\/\"]}]},{\"@type\":\"ImageObject\",\"inLanguage\":\"en-GB\",\"@id\":\"https:\\\/\\\/www.visital.no\\\/arrangementer\\\/riksteateret-laereren\\\/#primaryimage\",\"url\":\"https:\\\/\\\/www.visital.no\\\/wp-content\\\/uploads\\\/2025\\\/05\\\/173193.jpg\",\"contentUrl\":\"https:\\\/\\\/www.visital.no\\\/wp-content\\\/uploads\\\/2025\\\/05\\\/173193.jpg\",\"width\":8000,\"height\":4500},{\"@type\":\"BreadcrumbList\",\"@id\":\"https:\\\/\\\/www.visital.no\\\/arrangementer\\\/riksteateret-laereren\\\/#breadcrumb\",\"itemListElement\":[{\"@type\":\"ListItem\",\"position\":1,\"name\":\"Home\",\"item\":\"https:\\\/\\\/www.visital.no\\\/\"},{\"@type\":\"ListItem\",\"position\":2,\"name\":\"Arrangementer\",\"item\":\"https:\\\/\\\/www.visital.no\\\/arrangementer\\\/\"},{\"@type\":\"ListItem\",\"position\":3,\"name\":\"Riksteateret: L\u00e6reren\"}]},{\"@type\":\"WebSite\",\"@id\":\"https:\\\/\\\/www.visital.no\\\/#website\",\"url\":\"https:\\\/\\\/www.visital.no\\\/\",\"name\":\"Visit \u00c5l\",\"description\":\"\",\"publisher\":{\"@id\":\"https:\\\/\\\/www.visital.no\\\/#organization\"},\"potentialAction\":[{\"@type\":\"SearchAction\",\"target\":{\"@type\":\"EntryPoint\",\"urlTemplate\":\"https:\\\/\\\/www.visital.no\\\/?s={search_term_string}\"},\"query-input\":{\"@type\":\"PropertyValueSpecification\",\"valueRequired\":true,\"valueName\":\"search_term_string\"}}],\"inLanguage\":\"en-GB\"},{\"@type\":\"Organization\",\"@id\":\"https:\\\/\\\/www.visital.no\\\/#organization\",\"name\":\"Visit \u00c5l\",\"url\":\"https:\\\/\\\/www.visital.no\\\/\",\"logo\":{\"@type\":\"ImageObject\",\"inLanguage\":\"en-GB\",\"@id\":\"https:\\\/\\\/www.visital.no\\\/#\\\/schema\\\/logo\\\/image\\\/\",\"url\":\"https:\\\/\\\/www.visital.no\\\/wp-content\\\/uploads\\\/2024\\\/11\\\/al-i-hallingdal-logo.svg\",\"contentUrl\":\"https:\\\/\\\/www.visital.no\\\/wp-content\\\/uploads\\\/2024\\\/11\\\/al-i-hallingdal-logo.svg\",\"width\":258,\"height\":100,\"caption\":\"Visit \u00c5l\"},\"image\":{\"@id\":\"https:\\\/\\\/www.visital.no\\\/#\\\/schema\\\/logo\\\/image\\\/\"},\"sameAs\":[\"https:\\\/\\\/facebook.com\\\/visitalihallingdal\\\/\",\"https:\\\/\\\/instagram.com\\\/visitalihallingdal\\\/\",\"https:\\\/\\\/youtube.com\\\/user\\\/alutvikling\"]}]}<\/script>","yoast_head_json":{"title":"Riksteateret: L\u00e6reren - Visit \u00c5l","description":"Fredrik H\u00f8yer tar oss med p\u00e5 en tankevekkende reise gjennom l\u00e6reryrkets virkelighet i \"L\u00e6reren\". En forestilling om ansvar, relasjoner og indre oppl\u00f8sning, som r\u00f8rer ved b\u00e5de humor og alvor.","robots":{"index":"noindex","follow":"follow"},"og_locale":"en_GB","og_type":"article","og_title":"Riksteateret: L\u00e6reren - Visit \u00c5l","og_description":"Fredrik H\u00f8yer tar oss med p\u00e5 en tankevekkende reise gjennom l\u00e6reryrkets virkelighet i \"L\u00e6reren\". En forestilling om ansvar, relasjoner og indre oppl\u00f8sning, som r\u00f8rer ved b\u00e5de humor og alvor.","og_url":"https:\/\/www.visital.no\/en\/arrangementer\/riksteateret-laereren\/","og_site_name":"Visit \u00c5l","article_publisher":"https:\/\/facebook.com\/visitalihallingdal\/","article_modified_time":"2025-06-24T11:58:23+00:00","og_image":[{"width":1024,"height":576,"url":"https:\/\/www.visital.no\/wp-content\/uploads\/2025\/05\/173193-1024x576.jpg","type":"image\/jpeg"}],"twitter_card":"summary_large_image","twitter_misc":{"Est. reading time":"2 minutes"},"schema":{"@context":"https:\/\/schema.org","@graph":[{"@type":"WebPage","@id":"https:\/\/www.visital.no\/arrangementer\/riksteateret-laereren\/","url":"https:\/\/www.visital.no\/arrangementer\/riksteateret-laereren\/","name":"Riksteateret: L\u00e6reren - Visit \u00c5l","isPartOf":{"@id":"https:\/\/www.visital.no\/#website"},"primaryImageOfPage":{"@id":"https:\/\/www.visital.no\/arrangementer\/riksteateret-laereren\/#primaryimage"},"image":{"@id":"https:\/\/www.visital.no\/arrangementer\/riksteateret-laereren\/#primaryimage"},"thumbnailUrl":"https:\/\/www.visital.no\/wp-content\/uploads\/2025\/05\/173193.jpg","datePublished":"2025-05-08T12:54:09+00:00","dateModified":"2025-06-24T11:58:23+00:00","description":"Fredrik H\u00f8yer tar oss med p\u00e5 en tankevekkende reise gjennom l\u00e6reryrkets virkelighet i \"L\u00e6reren\". En forestilling om ansvar, relasjoner og indre oppl\u00f8sning, som r\u00f8rer ved b\u00e5de humor og alvor.","breadcrumb":{"@id":"https:\/\/www.visital.no\/arrangementer\/riksteateret-laereren\/#breadcrumb"},"inLanguage":"en-GB","potentialAction":[{"@type":"ReadAction","target":["https:\/\/www.visital.no\/arrangementer\/riksteateret-laereren\/"]}]},{"@type":"ImageObject","inLanguage":"en-GB","@id":"https:\/\/www.visital.no\/arrangementer\/riksteateret-laereren\/#primaryimage","url":"https:\/\/www.visital.no\/wp-content\/uploads\/2025\/05\/173193.jpg","contentUrl":"https:\/\/www.visital.no\/wp-content\/uploads\/2025\/05\/173193.jpg","width":8000,"height":4500},{"@type":"BreadcrumbList","@id":"https:\/\/www.visital.no\/arrangementer\/riksteateret-laereren\/#breadcrumb","itemListElement":[{"@type":"ListItem","position":1,"name":"Home","item":"https:\/\/www.visital.no\/"},{"@type":"ListItem","position":2,"name":"Arrangementer","item":"https:\/\/www.visital.no\/arrangementer\/"},{"@type":"ListItem","position":3,"name":"Riksteateret: L\u00e6reren"}]},{"@type":"WebSite","@id":"https:\/\/www.visital.no\/#website","url":"https:\/\/www.visital.no\/","name":"Visit \u00c5l","description":"","publisher":{"@id":"https:\/\/www.visital.no\/#organization"},"potentialAction":[{"@type":"SearchAction","target":{"@type":"EntryPoint","urlTemplate":"https:\/\/www.visital.no\/?s={search_term_string}"},"query-input":{"@type":"PropertyValueSpecification","valueRequired":true,"valueName":"search_term_string"}}],"inLanguage":"en-GB"},{"@type":"Organization","@id":"https:\/\/www.visital.no\/#organization","name":"Visit \u00c5l","url":"https:\/\/www.visital.no\/","logo":{"@type":"ImageObject","inLanguage":"en-GB","@id":"https:\/\/www.visital.no\/#\/schema\/logo\/image\/","url":"https:\/\/www.visital.no\/wp-content\/uploads\/2024\/11\/al-i-hallingdal-logo.svg","contentUrl":"https:\/\/www.visital.no\/wp-content\/uploads\/2024\/11\/al-i-hallingdal-logo.svg","width":258,"height":100,"caption":"Visit \u00c5l"},"image":{"@id":"https:\/\/www.visital.no\/#\/schema\/logo\/image\/"},"sameAs":["https:\/\/facebook.com\/visitalihallingdal\/","https:\/\/instagram.com\/visitalihallingdal\/","https:\/\/youtube.com\/user\/alutvikling"]}]}},"_links":{"self":[{"href":"https:\/\/www.visital.no\/en\/wp-json\/wp\/v2\/tribe_events\/2545","targetHints":{"allow":["GET"]}}],"collection":[{"href":"https:\/\/www.visital.no\/en\/wp-json\/wp\/v2\/tribe_events"}],"about":[{"href":"https:\/\/www.visital.no\/en\/wp-json\/wp\/v2\/types\/tribe_events"}],"author":[{"embeddable":true,"href":"https:\/\/www.visital.no\/en\/wp-json\/wp\/v2\/users\/3"}],"version-history":[{"count":1,"href":"https:\/\/www.visital.no\/en\/wp-json\/wp\/v2\/tribe_events\/2545\/revisions"}],"predecessor-version":[{"id":2547,"href":"https:\/\/www.visital.no\/en\/wp-json\/wp\/v2\/tribe_events\/2545\/revisions\/2547"}],"wp:featuredmedia":[{"embeddable":true,"href":"https:\/\/www.visital.no\/en\/wp-json\/wp\/v2\/media\/2546"}],"wp:attachment":[{"href":"https:\/\/www.visital.no\/en\/wp-json\/wp\/v2\/media?parent=2545"}],"wp:term":[{"taxonomy":"post_tag","embeddable":true,"href":"https:\/\/www.visital.no\/en\/wp-json\/wp\/v2\/tags?post=2545"},{"taxonomy":"tribe_events_cat","embeddable":true,"href":"https:\/\/www.visital.no\/en\/wp-json\/wp\/v2\/tribe_events_cat?post=2545"}],"curies":[{"name":"wp","href":"https:\/\/api.w.org\/{rel}","templated":true}]}}