{"id":5311,"date":"2026-04-22T09:20:47","date_gmt":"2026-04-22T07:20:47","guid":{"rendered":"https:\/\/www.visital.no\/?post_type=tribe_events&#038;p=5311"},"modified":"2026-04-22T09:20:47","modified_gmt":"2026-04-22T07:20:47","slug":"festivalnatt-pa-hotellet-fredag","status":"publish","type":"tribe_events","link":"https:\/\/www.visital.no\/de\/arrangementer\/festivalnatt-pa-hotellet-fredag\/","title":{"rendered":"Festivalnacht im Hotel \u2013 Freitag"},"content":{"rendered":"<p data-start=\"347\" data-end=\"517\">Kvelden byr p\u00e5 musikk og dans til Kv\u00e5vne, Skrot, Egil Kalman og ulike spelemenn. Billetten gir inngang b\u00e5de til folkemusikk-klubben i resepsjonen og til dans i festsalen.<\/p>\n<p data-start=\"519\" data-end=\"635\">Festivalnatt p\u00e5 hotellet samler ulike uttrykk og gir publikum mulighet til \u00e5 oppleve b\u00e5de klubb og dans samme kveld.<\/p>","protected":false},"excerpt":{"rendered":"<p>Freitag, 29. Mai um 22:00 Uhr sind Sie herzlich zu einer Festivalnacht im Thon Hotel Hallingdal eingeladen. Hier wird ein Abend mit traditionellem Tanz, Dorftanz und Club im Rahmen der Volksmusikwoche in \u00c5l geboten.<\/p>","protected":false},"author":3,"featured_media":5295,"template":"","meta":{"_acf_changed":false,"_tribe_events_status":"","_tribe_events_status_reason":"","footnotes":""},"tags":[],"tribe_events_cat":[84,160,86,90],"class_list":["post-5311","tribe_events","type-tribe_events","status-publish","has-post-thumbnail","hentry","tribe_events_cat-festival","tribe_events_cat-folkemusikkveka","tribe_events_cat-konsert","tribe_events_cat-sosial-moteplass","cat_festival","cat_folkemusikkveka","cat_konsert","cat_sosial-moteplass"],"acf":[],"yoast_head":"<title>Festivalnatt p\u00e5 hotellet \u2013 fredag - Visit \u00c5l<\/title>\n<meta name=\"robots\" content=\"noindex, follow\" \/>\n<meta property=\"og:locale\" content=\"de_DE\" \/>\n<meta property=\"og:type\" content=\"article\" \/>\n<meta property=\"og:title\" content=\"Festivalnatt p\u00e5 hotellet \u2013 fredag - Visit \u00c5l\" \/>\n<meta property=\"og:description\" content=\"Fredag 29. mai klokken 22.00 inviteres det til Festivalnatt p\u00e5 Thon Hotel Hallingdal. Her blir det en kveld med gamaldans, bygdedans og klubb under Folkemusikkveka p\u00e5 \u00c5l.\" \/>\n<meta property=\"og:url\" content=\"https:\/\/www.visital.no\/de\/arrangementer\/festivalnatt-pa-hotellet-fredag\/\" \/>\n<meta property=\"og:site_name\" content=\"Visit \u00c5l\" \/>\n<meta property=\"article:publisher\" content=\"https:\/\/facebook.com\/visitalihallingdal\/\" \/>\n<meta property=\"og:image\" content=\"https:\/\/www.visital.no\/wp-content\/uploads\/2026\/04\/641353638-1317325310417171-3642795598097879360-n.webp\" \/>\n\t<meta property=\"og:image:width\" content=\"1596\" \/>\n\t<meta property=\"og:image:height\" content=\"591\" \/>\n\t<meta property=\"og:image:type\" content=\"image\/png\" \/>\n<meta name=\"twitter:card\" content=\"summary_large_image\" \/>\n<script type=\"application\/ld+json\" class=\"yoast-schema-graph\">{\"@context\":\"https:\\\/\\\/schema.org\",\"@graph\":[{\"@type\":\"WebPage\",\"@id\":\"https:\\\/\\\/www.visital.no\\\/arrangementer\\\/festivalnatt-pa-hotellet-fredag\\\/\",\"url\":\"https:\\\/\\\/www.visital.no\\\/arrangementer\\\/festivalnatt-pa-hotellet-fredag\\\/\",\"name\":\"Festivalnatt p\u00e5 hotellet \u2013 fredag - Visit \u00c5l\",\"isPartOf\":{\"@id\":\"https:\\\/\\\/www.visital.no\\\/#website\"},\"primaryImageOfPage\":{\"@id\":\"https:\\\/\\\/www.visital.no\\\/arrangementer\\\/festivalnatt-pa-hotellet-fredag\\\/#primaryimage\"},\"image\":{\"@id\":\"https:\\\/\\\/www.visital.no\\\/arrangementer\\\/festivalnatt-pa-hotellet-fredag\\\/#primaryimage\"},\"thumbnailUrl\":\"https:\\\/\\\/www.visital.no\\\/wp-content\\\/uploads\\\/2026\\\/04\\\/641353638-1317325310417171-3642795598097879360-n.webp\",\"datePublished\":\"2026-04-22T07:20:47+00:00\",\"breadcrumb\":{\"@id\":\"https:\\\/\\\/www.visital.no\\\/arrangementer\\\/festivalnatt-pa-hotellet-fredag\\\/#breadcrumb\"},\"inLanguage\":\"de-DE\",\"potentialAction\":[{\"@type\":\"ReadAction\",\"target\":[\"https:\\\/\\\/www.visital.no\\\/arrangementer\\\/festivalnatt-pa-hotellet-fredag\\\/\"]}]},{\"@type\":\"ImageObject\",\"inLanguage\":\"de-DE\",\"@id\":\"https:\\\/\\\/www.visital.no\\\/arrangementer\\\/festivalnatt-pa-hotellet-fredag\\\/#primaryimage\",\"url\":\"https:\\\/\\\/www.visital.no\\\/wp-content\\\/uploads\\\/2026\\\/04\\\/641353638-1317325310417171-3642795598097879360-n.webp\",\"contentUrl\":\"https:\\\/\\\/www.visital.no\\\/wp-content\\\/uploads\\\/2026\\\/04\\\/641353638-1317325310417171-3642795598097879360-n.webp\",\"width\":1596,\"height\":591,\"caption\":\"Plakat Folkemusikkveka\"},{\"@type\":\"BreadcrumbList\",\"@id\":\"https:\\\/\\\/www.visital.no\\\/arrangementer\\\/festivalnatt-pa-hotellet-fredag\\\/#breadcrumb\",\"itemListElement\":[{\"@type\":\"ListItem\",\"position\":1,\"name\":\"Home\",\"item\":\"https:\\\/\\\/www.visital.no\\\/\"},{\"@type\":\"ListItem\",\"position\":2,\"name\":\"Arrangementer\",\"item\":\"https:\\\/\\\/www.visital.no\\\/arrangementer\\\/\"},{\"@type\":\"ListItem\",\"position\":3,\"name\":\"Festivalnatt p\u00e5 hotellet \u2013 fredag\"}]},{\"@type\":\"WebSite\",\"@id\":\"https:\\\/\\\/www.visital.no\\\/#website\",\"url\":\"https:\\\/\\\/www.visital.no\\\/\",\"name\":\"Visit \u00c5l\",\"description\":\"\",\"publisher\":{\"@id\":\"https:\\\/\\\/www.visital.no\\\/#organization\"},\"potentialAction\":[{\"@type\":\"SearchAction\",\"target\":{\"@type\":\"EntryPoint\",\"urlTemplate\":\"https:\\\/\\\/www.visital.no\\\/?s={search_term_string}\"},\"query-input\":{\"@type\":\"PropertyValueSpecification\",\"valueRequired\":true,\"valueName\":\"search_term_string\"}}],\"inLanguage\":\"de-DE\"},{\"@type\":\"Organization\",\"@id\":\"https:\\\/\\\/www.visital.no\\\/#organization\",\"name\":\"Visit \u00c5l\",\"url\":\"https:\\\/\\\/www.visital.no\\\/\",\"logo\":{\"@type\":\"ImageObject\",\"inLanguage\":\"de-DE\",\"@id\":\"https:\\\/\\\/www.visital.no\\\/#\\\/schema\\\/logo\\\/image\\\/\",\"url\":\"https:\\\/\\\/www.visital.no\\\/wp-content\\\/uploads\\\/2024\\\/11\\\/al-i-hallingdal-logo.svg\",\"contentUrl\":\"https:\\\/\\\/www.visital.no\\\/wp-content\\\/uploads\\\/2024\\\/11\\\/al-i-hallingdal-logo.svg\",\"width\":258,\"height\":100,\"caption\":\"Visit \u00c5l\"},\"image\":{\"@id\":\"https:\\\/\\\/www.visital.no\\\/#\\\/schema\\\/logo\\\/image\\\/\"},\"sameAs\":[\"https:\\\/\\\/facebook.com\\\/visitalihallingdal\\\/\",\"https:\\\/\\\/instagram.com\\\/visitalihallingdal\\\/\",\"https:\\\/\\\/youtube.com\\\/user\\\/alutvikling\"]}]}<\/script>","yoast_head_json":{"title":"Festivalnatt p\u00e5 hotellet \u2013 fredag - Visit \u00c5l","robots":{"index":"noindex","follow":"follow"},"og_locale":"de_DE","og_type":"article","og_title":"Festivalnatt p\u00e5 hotellet \u2013 fredag - Visit \u00c5l","og_description":"Fredag 29. mai klokken 22.00 inviteres det til Festivalnatt p\u00e5 Thon Hotel Hallingdal. Her blir det en kveld med gamaldans, bygdedans og klubb under Folkemusikkveka p\u00e5 \u00c5l.","og_url":"https:\/\/www.visital.no\/de\/arrangementer\/festivalnatt-pa-hotellet-fredag\/","og_site_name":"Visit \u00c5l","article_publisher":"https:\/\/facebook.com\/visitalihallingdal\/","og_image":[{"width":1596,"height":591,"url":"https:\/\/www.visital.no\/wp-content\/uploads\/2026\/04\/641353638-1317325310417171-3642795598097879360-n.webp","type":"image\/png"}],"twitter_card":"summary_large_image","schema":{"@context":"https:\/\/schema.org","@graph":[{"@type":"WebPage","@id":"https:\/\/www.visital.no\/arrangementer\/festivalnatt-pa-hotellet-fredag\/","url":"https:\/\/www.visital.no\/arrangementer\/festivalnatt-pa-hotellet-fredag\/","name":"Festivalnatt p\u00e5 hotellet \u2013 fredag - Visit \u00c5l","isPartOf":{"@id":"https:\/\/www.visital.no\/#website"},"primaryImageOfPage":{"@id":"https:\/\/www.visital.no\/arrangementer\/festivalnatt-pa-hotellet-fredag\/#primaryimage"},"image":{"@id":"https:\/\/www.visital.no\/arrangementer\/festivalnatt-pa-hotellet-fredag\/#primaryimage"},"thumbnailUrl":"https:\/\/www.visital.no\/wp-content\/uploads\/2026\/04\/641353638-1317325310417171-3642795598097879360-n.webp","datePublished":"2026-04-22T07:20:47+00:00","breadcrumb":{"@id":"https:\/\/www.visital.no\/arrangementer\/festivalnatt-pa-hotellet-fredag\/#breadcrumb"},"inLanguage":"de-DE","potentialAction":[{"@type":"ReadAction","target":["https:\/\/www.visital.no\/arrangementer\/festivalnatt-pa-hotellet-fredag\/"]}]},{"@type":"ImageObject","inLanguage":"de-DE","@id":"https:\/\/www.visital.no\/arrangementer\/festivalnatt-pa-hotellet-fredag\/#primaryimage","url":"https:\/\/www.visital.no\/wp-content\/uploads\/2026\/04\/641353638-1317325310417171-3642795598097879360-n.webp","contentUrl":"https:\/\/www.visital.no\/wp-content\/uploads\/2026\/04\/641353638-1317325310417171-3642795598097879360-n.webp","width":1596,"height":591,"caption":"Plakat Folkemusikkveka"},{"@type":"BreadcrumbList","@id":"https:\/\/www.visital.no\/arrangementer\/festivalnatt-pa-hotellet-fredag\/#breadcrumb","itemListElement":[{"@type":"ListItem","position":1,"name":"Home","item":"https:\/\/www.visital.no\/"},{"@type":"ListItem","position":2,"name":"Arrangementer","item":"https:\/\/www.visital.no\/arrangementer\/"},{"@type":"ListItem","position":3,"name":"Festivalnatt p\u00e5 hotellet \u2013 fredag"}]},{"@type":"WebSite","@id":"https:\/\/www.visital.no\/#website","url":"https:\/\/www.visital.no\/","name":"Besuchen Sie \u00c5l","description":"","publisher":{"@id":"https:\/\/www.visital.no\/#organization"},"potentialAction":[{"@type":"SearchAction","target":{"@type":"EntryPoint","urlTemplate":"https:\/\/www.visital.no\/?s={search_term_string}"},"query-input":{"@type":"PropertyValueSpecification","valueRequired":true,"valueName":"search_term_string"}}],"inLanguage":"de-DE"},{"@type":"Organization","@id":"https:\/\/www.visital.no\/#organization","name":"Besuchen Sie \u00c5l","url":"https:\/\/www.visital.no\/","logo":{"@type":"ImageObject","inLanguage":"de-DE","@id":"https:\/\/www.visital.no\/#\/schema\/logo\/image\/","url":"https:\/\/www.visital.no\/wp-content\/uploads\/2024\/11\/al-i-hallingdal-logo.svg","contentUrl":"https:\/\/www.visital.no\/wp-content\/uploads\/2024\/11\/al-i-hallingdal-logo.svg","width":258,"height":100,"caption":"Visit \u00c5l"},"image":{"@id":"https:\/\/www.visital.no\/#\/schema\/logo\/image\/"},"sameAs":["https:\/\/facebook.com\/visitalihallingdal\/","https:\/\/instagram.com\/visitalihallingdal\/","https:\/\/youtube.com\/user\/alutvikling"]}]}},"_links":{"self":[{"href":"https:\/\/www.visital.no\/de\/wp-json\/wp\/v2\/tribe_events\/5311","targetHints":{"allow":["GET"]}}],"collection":[{"href":"https:\/\/www.visital.no\/de\/wp-json\/wp\/v2\/tribe_events"}],"about":[{"href":"https:\/\/www.visital.no\/de\/wp-json\/wp\/v2\/types\/tribe_events"}],"author":[{"embeddable":true,"href":"https:\/\/www.visital.no\/de\/wp-json\/wp\/v2\/users\/3"}],"version-history":[{"count":1,"href":"https:\/\/www.visital.no\/de\/wp-json\/wp\/v2\/tribe_events\/5311\/revisions"}],"predecessor-version":[{"id":5312,"href":"https:\/\/www.visital.no\/de\/wp-json\/wp\/v2\/tribe_events\/5311\/revisions\/5312"}],"wp:featuredmedia":[{"embeddable":true,"href":"https:\/\/www.visital.no\/de\/wp-json\/wp\/v2\/media\/5295"}],"wp:attachment":[{"href":"https:\/\/www.visital.no\/de\/wp-json\/wp\/v2\/media?parent=5311"}],"wp:term":[{"taxonomy":"post_tag","embeddable":true,"href":"https:\/\/www.visital.no\/de\/wp-json\/wp\/v2\/tags?post=5311"},{"taxonomy":"tribe_events_cat","embeddable":true,"href":"https:\/\/www.visital.no\/de\/wp-json\/wp\/v2\/tribe_events_cat?post=5311"}],"curies":[{"name":"WordPress","href":"https:\/\/api.w.org\/{rel}","templated":true}]}}