{"id":5309,"date":"2026-04-22T09:15:16","date_gmt":"2026-04-22T07:15:16","guid":{"rendered":"https:\/\/www.visital.no\/?post_type=tribe_events&#038;p=5309"},"modified":"2026-04-22T09:15:16","modified_gmt":"2026-04-22T07:15:16","slug":"festivalkveld-fredag","status":"publish","type":"tribe_events","link":"https:\/\/www.visital.no\/de\/arrangementer\/festivalkveld-fredag\/","title":{"rendered":"Festivalabend Freitag"},"content":{"rendered":"<p data-start=\"318\" data-end=\"452\">Das Programm f\u00fcr den Abend besteht aus einer Plattenver\u00f6ffentlichungskonzert mit Helga Myhr, einem \u201eSl\u00e5ttestafett\u201c (eine Art musikalischer Staffellauf mit traditioneller norwegischer Musik) und einem Konzert mit Pumpegris. Einlass ist um 18:00 Uhr.<\/p>\n<p data-start=\"454\" data-end=\"597\">Diese Eintrittskarte gew\u00e4hrt sowohl Zugang zum Festivalkabend in der Sundrehall als auch zur Festivalnacht im Thon Hotell Hallingdal. Im Hotel gilt eine Altersgrenze von 18 Jahren.<\/p>","protected":false},"excerpt":{"rendered":"<p>Freitag, 29. Mai, um 18:30 Uhr sind Sie herzlich zu einem Festivalabend im Sundrehall eingeladen. Der Abend bietet eine Plattenver\u00f6ffentlichung, Konzerte und eine Tanzparty beim Folkemusikkveka in \u00c5l.<\/p>","protected":false},"author":3,"featured_media":5295,"template":"","meta":{"_acf_changed":false,"_tribe_events_status":"","_tribe_events_status_reason":"","footnotes":""},"tags":[],"tribe_events_cat":[84,160,86,90],"class_list":["post-5309","tribe_events","type-tribe_events","status-publish","has-post-thumbnail","hentry","tribe_events_cat-festival","tribe_events_cat-folkemusikkveka","tribe_events_cat-konsert","tribe_events_cat-sosial-moteplass","cat_festival","cat_folkemusikkveka","cat_konsert","cat_sosial-moteplass"],"acf":[],"yoast_head":"<title>Festivalkveld fredag - Visit \u00c5l<\/title>\n<meta name=\"robots\" content=\"noindex, follow\" \/>\n<meta property=\"og:locale\" content=\"de_DE\" \/>\n<meta property=\"og:type\" content=\"article\" \/>\n<meta property=\"og:title\" content=\"Festivalkveld fredag - Visit \u00c5l\" \/>\n<meta property=\"og:description\" content=\"Fredag 29. mai klokken 18.30 inviteres det til festivalkveld p\u00e5 Sundrehall. Kvelden byr p\u00e5 plateslipp, konserter og dansefest under Folkemusikkveka p\u00e5 \u00c5l.\" \/>\n<meta property=\"og:url\" content=\"https:\/\/www.visital.no\/de\/arrangementer\/festivalkveld-fredag\/\" \/>\n<meta property=\"og:site_name\" content=\"Visit \u00c5l\" \/>\n<meta property=\"article:publisher\" content=\"https:\/\/facebook.com\/visitalihallingdal\/\" \/>\n<meta property=\"og:image\" content=\"https:\/\/www.visital.no\/wp-content\/uploads\/2026\/04\/641353638-1317325310417171-3642795598097879360-n.webp\" \/>\n\t<meta property=\"og:image:width\" content=\"1596\" \/>\n\t<meta property=\"og:image:height\" content=\"591\" \/>\n\t<meta property=\"og:image:type\" content=\"image\/png\" \/>\n<meta name=\"twitter:card\" content=\"summary_large_image\" \/>\n<script type=\"application\/ld+json\" class=\"yoast-schema-graph\">{\"@context\":\"https:\\\/\\\/schema.org\",\"@graph\":[{\"@type\":\"WebPage\",\"@id\":\"https:\\\/\\\/www.visital.no\\\/arrangementer\\\/festivalkveld-fredag\\\/\",\"url\":\"https:\\\/\\\/www.visital.no\\\/arrangementer\\\/festivalkveld-fredag\\\/\",\"name\":\"Festivalkveld fredag - Visit \u00c5l\",\"isPartOf\":{\"@id\":\"https:\\\/\\\/www.visital.no\\\/#website\"},\"primaryImageOfPage\":{\"@id\":\"https:\\\/\\\/www.visital.no\\\/arrangementer\\\/festivalkveld-fredag\\\/#primaryimage\"},\"image\":{\"@id\":\"https:\\\/\\\/www.visital.no\\\/arrangementer\\\/festivalkveld-fredag\\\/#primaryimage\"},\"thumbnailUrl\":\"https:\\\/\\\/www.visital.no\\\/wp-content\\\/uploads\\\/2026\\\/04\\\/641353638-1317325310417171-3642795598097879360-n.webp\",\"datePublished\":\"2026-04-22T07:15:16+00:00\",\"breadcrumb\":{\"@id\":\"https:\\\/\\\/www.visital.no\\\/arrangementer\\\/festivalkveld-fredag\\\/#breadcrumb\"},\"inLanguage\":\"de-DE\",\"potentialAction\":[{\"@type\":\"ReadAction\",\"target\":[\"https:\\\/\\\/www.visital.no\\\/arrangementer\\\/festivalkveld-fredag\\\/\"]}]},{\"@type\":\"ImageObject\",\"inLanguage\":\"de-DE\",\"@id\":\"https:\\\/\\\/www.visital.no\\\/arrangementer\\\/festivalkveld-fredag\\\/#primaryimage\",\"url\":\"https:\\\/\\\/www.visital.no\\\/wp-content\\\/uploads\\\/2026\\\/04\\\/641353638-1317325310417171-3642795598097879360-n.webp\",\"contentUrl\":\"https:\\\/\\\/www.visital.no\\\/wp-content\\\/uploads\\\/2026\\\/04\\\/641353638-1317325310417171-3642795598097879360-n.webp\",\"width\":1596,\"height\":591,\"caption\":\"Plakat Folkemusikkveka\"},{\"@type\":\"BreadcrumbList\",\"@id\":\"https:\\\/\\\/www.visital.no\\\/arrangementer\\\/festivalkveld-fredag\\\/#breadcrumb\",\"itemListElement\":[{\"@type\":\"ListItem\",\"position\":1,\"name\":\"Home\",\"item\":\"https:\\\/\\\/www.visital.no\\\/\"},{\"@type\":\"ListItem\",\"position\":2,\"name\":\"Arrangementer\",\"item\":\"https:\\\/\\\/www.visital.no\\\/arrangementer\\\/\"},{\"@type\":\"ListItem\",\"position\":3,\"name\":\"Festivalkveld fredag\"}]},{\"@type\":\"WebSite\",\"@id\":\"https:\\\/\\\/www.visital.no\\\/#website\",\"url\":\"https:\\\/\\\/www.visital.no\\\/\",\"name\":\"Visit \u00c5l\",\"description\":\"\",\"publisher\":{\"@id\":\"https:\\\/\\\/www.visital.no\\\/#organization\"},\"potentialAction\":[{\"@type\":\"SearchAction\",\"target\":{\"@type\":\"EntryPoint\",\"urlTemplate\":\"https:\\\/\\\/www.visital.no\\\/?s={search_term_string}\"},\"query-input\":{\"@type\":\"PropertyValueSpecification\",\"valueRequired\":true,\"valueName\":\"search_term_string\"}}],\"inLanguage\":\"de-DE\"},{\"@type\":\"Organization\",\"@id\":\"https:\\\/\\\/www.visital.no\\\/#organization\",\"name\":\"Visit \u00c5l\",\"url\":\"https:\\\/\\\/www.visital.no\\\/\",\"logo\":{\"@type\":\"ImageObject\",\"inLanguage\":\"de-DE\",\"@id\":\"https:\\\/\\\/www.visital.no\\\/#\\\/schema\\\/logo\\\/image\\\/\",\"url\":\"https:\\\/\\\/www.visital.no\\\/wp-content\\\/uploads\\\/2024\\\/11\\\/al-i-hallingdal-logo.svg\",\"contentUrl\":\"https:\\\/\\\/www.visital.no\\\/wp-content\\\/uploads\\\/2024\\\/11\\\/al-i-hallingdal-logo.svg\",\"width\":258,\"height\":100,\"caption\":\"Visit \u00c5l\"},\"image\":{\"@id\":\"https:\\\/\\\/www.visital.no\\\/#\\\/schema\\\/logo\\\/image\\\/\"},\"sameAs\":[\"https:\\\/\\\/facebook.com\\\/visitalihallingdal\\\/\",\"https:\\\/\\\/instagram.com\\\/visitalihallingdal\\\/\",\"https:\\\/\\\/youtube.com\\\/user\\\/alutvikling\"]}]}<\/script>","yoast_head_json":{"title":"Festivalkveld fredag - Visit \u00c5l","robots":{"index":"noindex","follow":"follow"},"og_locale":"de_DE","og_type":"article","og_title":"Festivalkveld fredag - Visit \u00c5l","og_description":"Fredag 29. mai klokken 18.30 inviteres det til festivalkveld p\u00e5 Sundrehall. Kvelden byr p\u00e5 plateslipp, konserter og dansefest under Folkemusikkveka p\u00e5 \u00c5l.","og_url":"https:\/\/www.visital.no\/de\/arrangementer\/festivalkveld-fredag\/","og_site_name":"Visit \u00c5l","article_publisher":"https:\/\/facebook.com\/visitalihallingdal\/","og_image":[{"width":1596,"height":591,"url":"https:\/\/www.visital.no\/wp-content\/uploads\/2026\/04\/641353638-1317325310417171-3642795598097879360-n.webp","type":"image\/png"}],"twitter_card":"summary_large_image","schema":{"@context":"https:\/\/schema.org","@graph":[{"@type":"WebPage","@id":"https:\/\/www.visital.no\/arrangementer\/festivalkveld-fredag\/","url":"https:\/\/www.visital.no\/arrangementer\/festivalkveld-fredag\/","name":"Festivalkveld fredag - Visit \u00c5l","isPartOf":{"@id":"https:\/\/www.visital.no\/#website"},"primaryImageOfPage":{"@id":"https:\/\/www.visital.no\/arrangementer\/festivalkveld-fredag\/#primaryimage"},"image":{"@id":"https:\/\/www.visital.no\/arrangementer\/festivalkveld-fredag\/#primaryimage"},"thumbnailUrl":"https:\/\/www.visital.no\/wp-content\/uploads\/2026\/04\/641353638-1317325310417171-3642795598097879360-n.webp","datePublished":"2026-04-22T07:15:16+00:00","breadcrumb":{"@id":"https:\/\/www.visital.no\/arrangementer\/festivalkveld-fredag\/#breadcrumb"},"inLanguage":"de-DE","potentialAction":[{"@type":"ReadAction","target":["https:\/\/www.visital.no\/arrangementer\/festivalkveld-fredag\/"]}]},{"@type":"ImageObject","inLanguage":"de-DE","@id":"https:\/\/www.visital.no\/arrangementer\/festivalkveld-fredag\/#primaryimage","url":"https:\/\/www.visital.no\/wp-content\/uploads\/2026\/04\/641353638-1317325310417171-3642795598097879360-n.webp","contentUrl":"https:\/\/www.visital.no\/wp-content\/uploads\/2026\/04\/641353638-1317325310417171-3642795598097879360-n.webp","width":1596,"height":591,"caption":"Plakat Folkemusikkveka"},{"@type":"BreadcrumbList","@id":"https:\/\/www.visital.no\/arrangementer\/festivalkveld-fredag\/#breadcrumb","itemListElement":[{"@type":"ListItem","position":1,"name":"Home","item":"https:\/\/www.visital.no\/"},{"@type":"ListItem","position":2,"name":"Arrangementer","item":"https:\/\/www.visital.no\/arrangementer\/"},{"@type":"ListItem","position":3,"name":"Festivalkveld fredag"}]},{"@type":"WebSite","@id":"https:\/\/www.visital.no\/#website","url":"https:\/\/www.visital.no\/","name":"Besuchen Sie \u00c5l","description":"","publisher":{"@id":"https:\/\/www.visital.no\/#organization"},"potentialAction":[{"@type":"SearchAction","target":{"@type":"EntryPoint","urlTemplate":"https:\/\/www.visital.no\/?s={search_term_string}"},"query-input":{"@type":"PropertyValueSpecification","valueRequired":true,"valueName":"search_term_string"}}],"inLanguage":"de-DE"},{"@type":"Organization","@id":"https:\/\/www.visital.no\/#organization","name":"Besuchen Sie \u00c5l","url":"https:\/\/www.visital.no\/","logo":{"@type":"ImageObject","inLanguage":"de-DE","@id":"https:\/\/www.visital.no\/#\/schema\/logo\/image\/","url":"https:\/\/www.visital.no\/wp-content\/uploads\/2024\/11\/al-i-hallingdal-logo.svg","contentUrl":"https:\/\/www.visital.no\/wp-content\/uploads\/2024\/11\/al-i-hallingdal-logo.svg","width":258,"height":100,"caption":"Visit \u00c5l"},"image":{"@id":"https:\/\/www.visital.no\/#\/schema\/logo\/image\/"},"sameAs":["https:\/\/facebook.com\/visitalihallingdal\/","https:\/\/instagram.com\/visitalihallingdal\/","https:\/\/youtube.com\/user\/alutvikling"]}]}},"_links":{"self":[{"href":"https:\/\/www.visital.no\/de\/wp-json\/wp\/v2\/tribe_events\/5309","targetHints":{"allow":["GET"]}}],"collection":[{"href":"https:\/\/www.visital.no\/de\/wp-json\/wp\/v2\/tribe_events"}],"about":[{"href":"https:\/\/www.visital.no\/de\/wp-json\/wp\/v2\/types\/tribe_events"}],"author":[{"embeddable":true,"href":"https:\/\/www.visital.no\/de\/wp-json\/wp\/v2\/users\/3"}],"version-history":[{"count":1,"href":"https:\/\/www.visital.no\/de\/wp-json\/wp\/v2\/tribe_events\/5309\/revisions"}],"predecessor-version":[{"id":5310,"href":"https:\/\/www.visital.no\/de\/wp-json\/wp\/v2\/tribe_events\/5309\/revisions\/5310"}],"wp:featuredmedia":[{"embeddable":true,"href":"https:\/\/www.visital.no\/de\/wp-json\/wp\/v2\/media\/5295"}],"wp:attachment":[{"href":"https:\/\/www.visital.no\/de\/wp-json\/wp\/v2\/media?parent=5309"}],"wp:term":[{"taxonomy":"post_tag","embeddable":true,"href":"https:\/\/www.visital.no\/de\/wp-json\/wp\/v2\/tags?post=5309"},{"taxonomy":"tribe_events_cat","embeddable":true,"href":"https:\/\/www.visital.no\/de\/wp-json\/wp\/v2\/tribe_events_cat?post=5309"}],"curies":[{"name":"WordPress","href":"https:\/\/api.w.org\/{rel}","templated":true}]}}