{"id":5307,"date":"2026-04-22T09:12:28","date_gmt":"2026-04-22T07:12:28","guid":{"rendered":"https:\/\/www.visital.no\/?post_type=tribe_events&#038;p=5307"},"modified":"2026-04-22T09:12:28","modified_gmt":"2026-04-22T07:12:28","slug":"spelemenn-pa-sundretur-ein-kveld-med-bjella-buen-og-nordstoga","status":"publish","type":"tribe_events","link":"https:\/\/www.visital.no\/de\/arrangementer\/spelemenn-pa-sundretur-ein-kveld-med-bjella-buen-og-nordstoga\/","title":{"rendered":"Spelemenn auf Sundretur \u2013 Ein Abend mit Bjella, Buen und Nordstoga"},"content":{"rendered":"<p data-start=\"434\" data-end=\"685\">Die drei K\u00fcnstlerinnen und K\u00fcnstler stehen jeweils an vorderster Front auf ihrem Gebiet und sind auf unterschiedliche Weise mit Heimatkultur und Volksmusik verbunden. An diesem Abend teilen sie sich die B\u00fchne in einem Zusammentreffen von Hallingdal und Telemark, wo Hardangerfiedel, Gitarrenspiel und Liedkunst nebeneinander stehen.<\/p>\n<p data-start=\"687\" data-end=\"853\">Das Konzert vereint starke musikalische Ausdrucksformen auf gemeinsamem Boden und wird so zu einem weit gefassten Treffen von Volksmusikern. Dies geschieht nur an diesem einen Abend im gro\u00dfen Saal des \u00c5l Kulturhus.<\/p>","protected":false},"excerpt":{"rendered":"<p>Am Freitag, den 29. Mai um 17:00 Uhr wird zu Fiddler bei Sundre Tour im Gro\u00dfen Saal eingeladen. Hier treffen Stein Torleif Bjella, Odd Nordstoga und Per Anders Buen Garn\u00e5s zu einem Abend mit Fiedelspiel und Liedkunst w\u00e4hrend der Folkemusikkveka in \u00c5l zusammen.<\/p>","protected":false},"author":3,"featured_media":5295,"template":"","meta":{"_acf_changed":false,"_tribe_events_status":"","_tribe_events_status_reason":"","footnotes":""},"tags":[],"tribe_events_cat":[84,160,86],"class_list":["post-5307","tribe_events","type-tribe_events","status-publish","has-post-thumbnail","hentry","tribe_events_cat-festival","tribe_events_cat-folkemusikkveka","tribe_events_cat-konsert","cat_festival","cat_folkemusikkveka","cat_konsert"],"acf":[],"yoast_head":"<title>Spelemenn p\u00e5 Sundretur - Ein kveld med Bjella, Buen og Nordstoga - Visit \u00c5l<\/title>\n<meta name=\"robots\" content=\"noindex, follow\" \/>\n<meta property=\"og:locale\" content=\"de_DE\" \/>\n<meta property=\"og:type\" content=\"article\" \/>\n<meta property=\"og:title\" content=\"Spelemenn p\u00e5 Sundretur - Ein kveld med Bjella, Buen og Nordstoga - Visit \u00c5l\" \/>\n<meta property=\"og:description\" content=\"Fredag 29. mai klokken 17.00 inviteres det til Spelemenn p\u00e5 Sundretur i Storesalen. Her m\u00f8tes Stein Torleif Bjella, Odd Nordstoga og Per Anders Buen Garn\u00e5s til en kveld med felespill og visekunst under Folkemusikkveka p\u00e5 \u00c5l.\" \/>\n<meta property=\"og:url\" content=\"https:\/\/www.visital.no\/de\/arrangementer\/spelemenn-pa-sundretur-ein-kveld-med-bjella-buen-og-nordstoga\/\" \/>\n<meta property=\"og:site_name\" content=\"Visit \u00c5l\" \/>\n<meta property=\"article:publisher\" content=\"https:\/\/facebook.com\/visitalihallingdal\/\" \/>\n<meta property=\"og:image\" content=\"https:\/\/www.visital.no\/wp-content\/uploads\/2026\/04\/641353638-1317325310417171-3642795598097879360-n.webp\" \/>\n\t<meta property=\"og:image:width\" content=\"1596\" \/>\n\t<meta property=\"og:image:height\" content=\"591\" \/>\n\t<meta property=\"og:image:type\" content=\"image\/png\" \/>\n<meta name=\"twitter:card\" content=\"summary_large_image\" \/>\n<script type=\"application\/ld+json\" class=\"yoast-schema-graph\">{\"@context\":\"https:\\\/\\\/schema.org\",\"@graph\":[{\"@type\":\"WebPage\",\"@id\":\"https:\\\/\\\/www.visital.no\\\/arrangementer\\\/spelemenn-pa-sundretur-ein-kveld-med-bjella-buen-og-nordstoga\\\/\",\"url\":\"https:\\\/\\\/www.visital.no\\\/arrangementer\\\/spelemenn-pa-sundretur-ein-kveld-med-bjella-buen-og-nordstoga\\\/\",\"name\":\"Spelemenn p\u00e5 Sundretur - Ein kveld med Bjella, Buen og Nordstoga - Visit \u00c5l\",\"isPartOf\":{\"@id\":\"https:\\\/\\\/www.visital.no\\\/#website\"},\"primaryImageOfPage\":{\"@id\":\"https:\\\/\\\/www.visital.no\\\/arrangementer\\\/spelemenn-pa-sundretur-ein-kveld-med-bjella-buen-og-nordstoga\\\/#primaryimage\"},\"image\":{\"@id\":\"https:\\\/\\\/www.visital.no\\\/arrangementer\\\/spelemenn-pa-sundretur-ein-kveld-med-bjella-buen-og-nordstoga\\\/#primaryimage\"},\"thumbnailUrl\":\"https:\\\/\\\/www.visital.no\\\/wp-content\\\/uploads\\\/2026\\\/04\\\/641353638-1317325310417171-3642795598097879360-n.webp\",\"datePublished\":\"2026-04-22T07:12:28+00:00\",\"breadcrumb\":{\"@id\":\"https:\\\/\\\/www.visital.no\\\/arrangementer\\\/spelemenn-pa-sundretur-ein-kveld-med-bjella-buen-og-nordstoga\\\/#breadcrumb\"},\"inLanguage\":\"de-DE\",\"potentialAction\":[{\"@type\":\"ReadAction\",\"target\":[\"https:\\\/\\\/www.visital.no\\\/arrangementer\\\/spelemenn-pa-sundretur-ein-kveld-med-bjella-buen-og-nordstoga\\\/\"]}]},{\"@type\":\"ImageObject\",\"inLanguage\":\"de-DE\",\"@id\":\"https:\\\/\\\/www.visital.no\\\/arrangementer\\\/spelemenn-pa-sundretur-ein-kveld-med-bjella-buen-og-nordstoga\\\/#primaryimage\",\"url\":\"https:\\\/\\\/www.visital.no\\\/wp-content\\\/uploads\\\/2026\\\/04\\\/641353638-1317325310417171-3642795598097879360-n.webp\",\"contentUrl\":\"https:\\\/\\\/www.visital.no\\\/wp-content\\\/uploads\\\/2026\\\/04\\\/641353638-1317325310417171-3642795598097879360-n.webp\",\"width\":1596,\"height\":591,\"caption\":\"Plakat Folkemusikkveka\"},{\"@type\":\"BreadcrumbList\",\"@id\":\"https:\\\/\\\/www.visital.no\\\/arrangementer\\\/spelemenn-pa-sundretur-ein-kveld-med-bjella-buen-og-nordstoga\\\/#breadcrumb\",\"itemListElement\":[{\"@type\":\"ListItem\",\"position\":1,\"name\":\"Home\",\"item\":\"https:\\\/\\\/www.visital.no\\\/\"},{\"@type\":\"ListItem\",\"position\":2,\"name\":\"Arrangementer\",\"item\":\"https:\\\/\\\/www.visital.no\\\/arrangementer\\\/\"},{\"@type\":\"ListItem\",\"position\":3,\"name\":\"Spelemenn p\u00e5 Sundretur &#8211; Ein kveld med Bjella, Buen og Nordstoga\"}]},{\"@type\":\"WebSite\",\"@id\":\"https:\\\/\\\/www.visital.no\\\/#website\",\"url\":\"https:\\\/\\\/www.visital.no\\\/\",\"name\":\"Visit \u00c5l\",\"description\":\"\",\"publisher\":{\"@id\":\"https:\\\/\\\/www.visital.no\\\/#organization\"},\"potentialAction\":[{\"@type\":\"SearchAction\",\"target\":{\"@type\":\"EntryPoint\",\"urlTemplate\":\"https:\\\/\\\/www.visital.no\\\/?s={search_term_string}\"},\"query-input\":{\"@type\":\"PropertyValueSpecification\",\"valueRequired\":true,\"valueName\":\"search_term_string\"}}],\"inLanguage\":\"de-DE\"},{\"@type\":\"Organization\",\"@id\":\"https:\\\/\\\/www.visital.no\\\/#organization\",\"name\":\"Visit \u00c5l\",\"url\":\"https:\\\/\\\/www.visital.no\\\/\",\"logo\":{\"@type\":\"ImageObject\",\"inLanguage\":\"de-DE\",\"@id\":\"https:\\\/\\\/www.visital.no\\\/#\\\/schema\\\/logo\\\/image\\\/\",\"url\":\"https:\\\/\\\/www.visital.no\\\/wp-content\\\/uploads\\\/2024\\\/11\\\/al-i-hallingdal-logo.svg\",\"contentUrl\":\"https:\\\/\\\/www.visital.no\\\/wp-content\\\/uploads\\\/2024\\\/11\\\/al-i-hallingdal-logo.svg\",\"width\":258,\"height\":100,\"caption\":\"Visit \u00c5l\"},\"image\":{\"@id\":\"https:\\\/\\\/www.visital.no\\\/#\\\/schema\\\/logo\\\/image\\\/\"},\"sameAs\":[\"https:\\\/\\\/facebook.com\\\/visitalihallingdal\\\/\",\"https:\\\/\\\/instagram.com\\\/visitalihallingdal\\\/\",\"https:\\\/\\\/youtube.com\\\/user\\\/alutvikling\"]}]}<\/script>","yoast_head_json":{"title":"Spelemenn p\u00e5 Sundretur - Ein kveld med Bjella, Buen og Nordstoga - Visit \u00c5l","robots":{"index":"noindex","follow":"follow"},"og_locale":"de_DE","og_type":"article","og_title":"Spelemenn p\u00e5 Sundretur - Ein kveld med Bjella, Buen og Nordstoga - Visit \u00c5l","og_description":"Fredag 29. mai klokken 17.00 inviteres det til Spelemenn p\u00e5 Sundretur i Storesalen. Her m\u00f8tes Stein Torleif Bjella, Odd Nordstoga og Per Anders Buen Garn\u00e5s til en kveld med felespill og visekunst under Folkemusikkveka p\u00e5 \u00c5l.","og_url":"https:\/\/www.visital.no\/de\/arrangementer\/spelemenn-pa-sundretur-ein-kveld-med-bjella-buen-og-nordstoga\/","og_site_name":"Visit \u00c5l","article_publisher":"https:\/\/facebook.com\/visitalihallingdal\/","og_image":[{"width":1596,"height":591,"url":"https:\/\/www.visital.no\/wp-content\/uploads\/2026\/04\/641353638-1317325310417171-3642795598097879360-n.webp","type":"image\/png"}],"twitter_card":"summary_large_image","schema":{"@context":"https:\/\/schema.org","@graph":[{"@type":"WebPage","@id":"https:\/\/www.visital.no\/arrangementer\/spelemenn-pa-sundretur-ein-kveld-med-bjella-buen-og-nordstoga\/","url":"https:\/\/www.visital.no\/arrangementer\/spelemenn-pa-sundretur-ein-kveld-med-bjella-buen-og-nordstoga\/","name":"Spelemenn p\u00e5 Sundretur - Ein kveld med Bjella, Buen og Nordstoga - Visit \u00c5l","isPartOf":{"@id":"https:\/\/www.visital.no\/#website"},"primaryImageOfPage":{"@id":"https:\/\/www.visital.no\/arrangementer\/spelemenn-pa-sundretur-ein-kveld-med-bjella-buen-og-nordstoga\/#primaryimage"},"image":{"@id":"https:\/\/www.visital.no\/arrangementer\/spelemenn-pa-sundretur-ein-kveld-med-bjella-buen-og-nordstoga\/#primaryimage"},"thumbnailUrl":"https:\/\/www.visital.no\/wp-content\/uploads\/2026\/04\/641353638-1317325310417171-3642795598097879360-n.webp","datePublished":"2026-04-22T07:12:28+00:00","breadcrumb":{"@id":"https:\/\/www.visital.no\/arrangementer\/spelemenn-pa-sundretur-ein-kveld-med-bjella-buen-og-nordstoga\/#breadcrumb"},"inLanguage":"de-DE","potentialAction":[{"@type":"ReadAction","target":["https:\/\/www.visital.no\/arrangementer\/spelemenn-pa-sundretur-ein-kveld-med-bjella-buen-og-nordstoga\/"]}]},{"@type":"ImageObject","inLanguage":"de-DE","@id":"https:\/\/www.visital.no\/arrangementer\/spelemenn-pa-sundretur-ein-kveld-med-bjella-buen-og-nordstoga\/#primaryimage","url":"https:\/\/www.visital.no\/wp-content\/uploads\/2026\/04\/641353638-1317325310417171-3642795598097879360-n.webp","contentUrl":"https:\/\/www.visital.no\/wp-content\/uploads\/2026\/04\/641353638-1317325310417171-3642795598097879360-n.webp","width":1596,"height":591,"caption":"Plakat Folkemusikkveka"},{"@type":"BreadcrumbList","@id":"https:\/\/www.visital.no\/arrangementer\/spelemenn-pa-sundretur-ein-kveld-med-bjella-buen-og-nordstoga\/#breadcrumb","itemListElement":[{"@type":"ListItem","position":1,"name":"Home","item":"https:\/\/www.visital.no\/"},{"@type":"ListItem","position":2,"name":"Arrangementer","item":"https:\/\/www.visital.no\/arrangementer\/"},{"@type":"ListItem","position":3,"name":"Spelemenn p\u00e5 Sundretur &#8211; Ein kveld med Bjella, Buen og Nordstoga"}]},{"@type":"WebSite","@id":"https:\/\/www.visital.no\/#website","url":"https:\/\/www.visital.no\/","name":"Besuchen Sie \u00c5l","description":"","publisher":{"@id":"https:\/\/www.visital.no\/#organization"},"potentialAction":[{"@type":"SearchAction","target":{"@type":"EntryPoint","urlTemplate":"https:\/\/www.visital.no\/?s={search_term_string}"},"query-input":{"@type":"PropertyValueSpecification","valueRequired":true,"valueName":"search_term_string"}}],"inLanguage":"de-DE"},{"@type":"Organization","@id":"https:\/\/www.visital.no\/#organization","name":"Besuchen Sie \u00c5l","url":"https:\/\/www.visital.no\/","logo":{"@type":"ImageObject","inLanguage":"de-DE","@id":"https:\/\/www.visital.no\/#\/schema\/logo\/image\/","url":"https:\/\/www.visital.no\/wp-content\/uploads\/2024\/11\/al-i-hallingdal-logo.svg","contentUrl":"https:\/\/www.visital.no\/wp-content\/uploads\/2024\/11\/al-i-hallingdal-logo.svg","width":258,"height":100,"caption":"Visit \u00c5l"},"image":{"@id":"https:\/\/www.visital.no\/#\/schema\/logo\/image\/"},"sameAs":["https:\/\/facebook.com\/visitalihallingdal\/","https:\/\/instagram.com\/visitalihallingdal\/","https:\/\/youtube.com\/user\/alutvikling"]}]}},"_links":{"self":[{"href":"https:\/\/www.visital.no\/de\/wp-json\/wp\/v2\/tribe_events\/5307","targetHints":{"allow":["GET"]}}],"collection":[{"href":"https:\/\/www.visital.no\/de\/wp-json\/wp\/v2\/tribe_events"}],"about":[{"href":"https:\/\/www.visital.no\/de\/wp-json\/wp\/v2\/types\/tribe_events"}],"author":[{"embeddable":true,"href":"https:\/\/www.visital.no\/de\/wp-json\/wp\/v2\/users\/3"}],"version-history":[{"count":1,"href":"https:\/\/www.visital.no\/de\/wp-json\/wp\/v2\/tribe_events\/5307\/revisions"}],"predecessor-version":[{"id":5308,"href":"https:\/\/www.visital.no\/de\/wp-json\/wp\/v2\/tribe_events\/5307\/revisions\/5308"}],"wp:featuredmedia":[{"embeddable":true,"href":"https:\/\/www.visital.no\/de\/wp-json\/wp\/v2\/media\/5295"}],"wp:attachment":[{"href":"https:\/\/www.visital.no\/de\/wp-json\/wp\/v2\/media?parent=5307"}],"wp:term":[{"taxonomy":"post_tag","embeddable":true,"href":"https:\/\/www.visital.no\/de\/wp-json\/wp\/v2\/tags?post=5307"},{"taxonomy":"tribe_events_cat","embeddable":true,"href":"https:\/\/www.visital.no\/de\/wp-json\/wp\/v2\/tribe_events_cat?post=5307"}],"curies":[{"name":"WordPress","href":"https:\/\/api.w.org\/{rel}","templated":true}]}}