{"id":5297,"date":"2026-04-21T13:30:57","date_gmt":"2026-04-21T11:30:57","guid":{"rendered":"https:\/\/www.visital.no\/?post_type=tribe_events&#038;p=5297"},"modified":"2026-04-21T13:33:00","modified_gmt":"2026-04-21T11:33:00","slug":"fram-mot-sumarstid-2","status":"publish","type":"tribe_events","link":"https:\/\/www.visital.no\/de\/arrangementer\/fram-mot-sumarstid-2\/","title":{"rendered":"Dem Sommer entgegen"},"content":{"rendered":"<p data-start=\"322\" data-end=\"486\">Wenn man zusammen singt, sch\u00fcttet der K\u00f6rper Hormone aus, die uns gl\u00fccklicher machen k\u00f6nnen. Mit etwas Essen und Kaffee dazu ist alles f\u00fcr eine sch\u00f6ne Zeit in guter Gesellschaft angerichtet.<\/p>\n<p data-start=\"488\" data-end=\"621\">Der \u00c5l Gemeindefrauenverein verkauft k\u00f6stliches Fr\u00fchst\u00fcck, die Hausband spielt auf und das Publikum wird eingeladen, beim gro\u00dfen Chor mitzusingen.<\/p>\n<p data-start=\"623\" data-end=\"703\">Dies wird ein geselliges und angenehmes Treffen mit Musik, Gemeinschaft und guter Laune.<\/p>","protected":false},"excerpt":{"rendered":"<p>Donnerstag, 28. Mai um 13:00 Uhr sind Sie eingeladen zu Dem Sommer Entgegen bei Evjens Minne. Hier gibt es Gesang, Essen und Kaffee als Aufw\u00e4rmung f\u00fcr das Festivalwochenende.<\/p>","protected":false},"author":3,"featured_media":5295,"template":"","meta":{"_acf_changed":false,"_tribe_events_status":"","_tribe_events_status_reason":"","footnotes":""},"tags":[],"tribe_events_cat":[78,90],"class_list":["post-5297","tribe_events","type-tribe_events","status-publish","has-post-thumbnail","hentry","tribe_events_cat-festival","tribe_events_cat-sosial-moteplass","cat_festival","cat_sosial-moteplass"],"acf":[],"yoast_head":"<title>...Fram mot sumarstid - Visit \u00c5l<\/title>\n<meta name=\"robots\" content=\"noindex, follow\" \/>\n<meta property=\"og:locale\" content=\"de_DE\" \/>\n<meta property=\"og:type\" content=\"article\" \/>\n<meta property=\"og:title\" content=\"...Fram mot sumarstid - Visit \u00c5l\" \/>\n<meta property=\"og:description\" content=\"Torsdag 28. mai klokken 13.00 inviteres det til ...Fram mot sommerstid p\u00e5 Evjens minne. Her blir det sang, mat og kaffe som oppvarming til festivalhelgen.\" \/>\n<meta property=\"og:url\" content=\"https:\/\/www.visital.no\/de\/arrangementer\/fram-mot-sumarstid-2\/\" \/>\n<meta property=\"og:site_name\" content=\"Visit \u00c5l\" \/>\n<meta property=\"article:publisher\" content=\"https:\/\/facebook.com\/visitalihallingdal\/\" \/>\n<meta property=\"article:modified_time\" content=\"2026-04-21T11:33:00+00:00\" \/>\n<meta property=\"og:image\" content=\"https:\/\/www.visital.no\/wp-content\/uploads\/2026\/04\/641353638-1317325310417171-3642795598097879360-n.webp\" \/>\n\t<meta property=\"og:image:width\" content=\"1596\" \/>\n\t<meta property=\"og:image:height\" content=\"591\" \/>\n\t<meta property=\"og:image:type\" content=\"image\/png\" \/>\n<meta name=\"twitter:card\" content=\"summary_large_image\" \/>\n<script type=\"application\/ld+json\" class=\"yoast-schema-graph\">{\"@context\":\"https:\\\/\\\/schema.org\",\"@graph\":[{\"@type\":\"WebPage\",\"@id\":\"https:\\\/\\\/www.visital.no\\\/arrangementer\\\/fram-mot-sumarstid-2\\\/\",\"url\":\"https:\\\/\\\/www.visital.no\\\/arrangementer\\\/fram-mot-sumarstid-2\\\/\",\"name\":\"...Fram mot sumarstid - Visit \u00c5l\",\"isPartOf\":{\"@id\":\"https:\\\/\\\/www.visital.no\\\/#website\"},\"primaryImageOfPage\":{\"@id\":\"https:\\\/\\\/www.visital.no\\\/arrangementer\\\/fram-mot-sumarstid-2\\\/#primaryimage\"},\"image\":{\"@id\":\"https:\\\/\\\/www.visital.no\\\/arrangementer\\\/fram-mot-sumarstid-2\\\/#primaryimage\"},\"thumbnailUrl\":\"https:\\\/\\\/www.visital.no\\\/wp-content\\\/uploads\\\/2026\\\/04\\\/641353638-1317325310417171-3642795598097879360-n.webp\",\"datePublished\":\"2026-04-21T11:30:57+00:00\",\"dateModified\":\"2026-04-21T11:33:00+00:00\",\"breadcrumb\":{\"@id\":\"https:\\\/\\\/www.visital.no\\\/arrangementer\\\/fram-mot-sumarstid-2\\\/#breadcrumb\"},\"inLanguage\":\"de-DE\",\"potentialAction\":[{\"@type\":\"ReadAction\",\"target\":[\"https:\\\/\\\/www.visital.no\\\/arrangementer\\\/fram-mot-sumarstid-2\\\/\"]}]},{\"@type\":\"ImageObject\",\"inLanguage\":\"de-DE\",\"@id\":\"https:\\\/\\\/www.visital.no\\\/arrangementer\\\/fram-mot-sumarstid-2\\\/#primaryimage\",\"url\":\"https:\\\/\\\/www.visital.no\\\/wp-content\\\/uploads\\\/2026\\\/04\\\/641353638-1317325310417171-3642795598097879360-n.webp\",\"contentUrl\":\"https:\\\/\\\/www.visital.no\\\/wp-content\\\/uploads\\\/2026\\\/04\\\/641353638-1317325310417171-3642795598097879360-n.webp\",\"width\":1596,\"height\":591,\"caption\":\"Plakat Folkemusikkveka\"},{\"@type\":\"BreadcrumbList\",\"@id\":\"https:\\\/\\\/www.visital.no\\\/arrangementer\\\/fram-mot-sumarstid-2\\\/#breadcrumb\",\"itemListElement\":[{\"@type\":\"ListItem\",\"position\":1,\"name\":\"Home\",\"item\":\"https:\\\/\\\/www.visital.no\\\/\"},{\"@type\":\"ListItem\",\"position\":2,\"name\":\"Arrangementer\",\"item\":\"https:\\\/\\\/www.visital.no\\\/arrangementer\\\/\"},{\"@type\":\"ListItem\",\"position\":3,\"name\":\"&#8230;Fram mot sumarstid\"}]},{\"@type\":\"WebSite\",\"@id\":\"https:\\\/\\\/www.visital.no\\\/#website\",\"url\":\"https:\\\/\\\/www.visital.no\\\/\",\"name\":\"Visit \u00c5l\",\"description\":\"\",\"publisher\":{\"@id\":\"https:\\\/\\\/www.visital.no\\\/#organization\"},\"potentialAction\":[{\"@type\":\"SearchAction\",\"target\":{\"@type\":\"EntryPoint\",\"urlTemplate\":\"https:\\\/\\\/www.visital.no\\\/?s={search_term_string}\"},\"query-input\":{\"@type\":\"PropertyValueSpecification\",\"valueRequired\":true,\"valueName\":\"search_term_string\"}}],\"inLanguage\":\"de-DE\"},{\"@type\":\"Organization\",\"@id\":\"https:\\\/\\\/www.visital.no\\\/#organization\",\"name\":\"Visit \u00c5l\",\"url\":\"https:\\\/\\\/www.visital.no\\\/\",\"logo\":{\"@type\":\"ImageObject\",\"inLanguage\":\"de-DE\",\"@id\":\"https:\\\/\\\/www.visital.no\\\/#\\\/schema\\\/logo\\\/image\\\/\",\"url\":\"https:\\\/\\\/www.visital.no\\\/wp-content\\\/uploads\\\/2024\\\/11\\\/al-i-hallingdal-logo.svg\",\"contentUrl\":\"https:\\\/\\\/www.visital.no\\\/wp-content\\\/uploads\\\/2024\\\/11\\\/al-i-hallingdal-logo.svg\",\"width\":258,\"height\":100,\"caption\":\"Visit \u00c5l\"},\"image\":{\"@id\":\"https:\\\/\\\/www.visital.no\\\/#\\\/schema\\\/logo\\\/image\\\/\"},\"sameAs\":[\"https:\\\/\\\/facebook.com\\\/visitalihallingdal\\\/\",\"https:\\\/\\\/instagram.com\\\/visitalihallingdal\\\/\",\"https:\\\/\\\/youtube.com\\\/user\\\/alutvikling\"]}]}<\/script>","yoast_head_json":{"title":"...Fram mot sumarstid - Visit \u00c5l","robots":{"index":"noindex","follow":"follow"},"og_locale":"de_DE","og_type":"article","og_title":"...Fram mot sumarstid - Visit \u00c5l","og_description":"Torsdag 28. mai klokken 13.00 inviteres det til ...Fram mot sommerstid p\u00e5 Evjens minne. Her blir det sang, mat og kaffe som oppvarming til festivalhelgen.","og_url":"https:\/\/www.visital.no\/de\/arrangementer\/fram-mot-sumarstid-2\/","og_site_name":"Visit \u00c5l","article_publisher":"https:\/\/facebook.com\/visitalihallingdal\/","article_modified_time":"2026-04-21T11:33:00+00:00","og_image":[{"width":1596,"height":591,"url":"https:\/\/www.visital.no\/wp-content\/uploads\/2026\/04\/641353638-1317325310417171-3642795598097879360-n.webp","type":"image\/png"}],"twitter_card":"summary_large_image","schema":{"@context":"https:\/\/schema.org","@graph":[{"@type":"WebPage","@id":"https:\/\/www.visital.no\/arrangementer\/fram-mot-sumarstid-2\/","url":"https:\/\/www.visital.no\/arrangementer\/fram-mot-sumarstid-2\/","name":"...Fram mot sumarstid - Visit \u00c5l","isPartOf":{"@id":"https:\/\/www.visital.no\/#website"},"primaryImageOfPage":{"@id":"https:\/\/www.visital.no\/arrangementer\/fram-mot-sumarstid-2\/#primaryimage"},"image":{"@id":"https:\/\/www.visital.no\/arrangementer\/fram-mot-sumarstid-2\/#primaryimage"},"thumbnailUrl":"https:\/\/www.visital.no\/wp-content\/uploads\/2026\/04\/641353638-1317325310417171-3642795598097879360-n.webp","datePublished":"2026-04-21T11:30:57+00:00","dateModified":"2026-04-21T11:33:00+00:00","breadcrumb":{"@id":"https:\/\/www.visital.no\/arrangementer\/fram-mot-sumarstid-2\/#breadcrumb"},"inLanguage":"de-DE","potentialAction":[{"@type":"ReadAction","target":["https:\/\/www.visital.no\/arrangementer\/fram-mot-sumarstid-2\/"]}]},{"@type":"ImageObject","inLanguage":"de-DE","@id":"https:\/\/www.visital.no\/arrangementer\/fram-mot-sumarstid-2\/#primaryimage","url":"https:\/\/www.visital.no\/wp-content\/uploads\/2026\/04\/641353638-1317325310417171-3642795598097879360-n.webp","contentUrl":"https:\/\/www.visital.no\/wp-content\/uploads\/2026\/04\/641353638-1317325310417171-3642795598097879360-n.webp","width":1596,"height":591,"caption":"Plakat Folkemusikkveka"},{"@type":"BreadcrumbList","@id":"https:\/\/www.visital.no\/arrangementer\/fram-mot-sumarstid-2\/#breadcrumb","itemListElement":[{"@type":"ListItem","position":1,"name":"Home","item":"https:\/\/www.visital.no\/"},{"@type":"ListItem","position":2,"name":"Arrangementer","item":"https:\/\/www.visital.no\/arrangementer\/"},{"@type":"ListItem","position":3,"name":"&#8230;Fram mot sumarstid"}]},{"@type":"WebSite","@id":"https:\/\/www.visital.no\/#website","url":"https:\/\/www.visital.no\/","name":"Besuchen Sie \u00c5l","description":"","publisher":{"@id":"https:\/\/www.visital.no\/#organization"},"potentialAction":[{"@type":"SearchAction","target":{"@type":"EntryPoint","urlTemplate":"https:\/\/www.visital.no\/?s={search_term_string}"},"query-input":{"@type":"PropertyValueSpecification","valueRequired":true,"valueName":"search_term_string"}}],"inLanguage":"de-DE"},{"@type":"Organization","@id":"https:\/\/www.visital.no\/#organization","name":"Besuchen Sie \u00c5l","url":"https:\/\/www.visital.no\/","logo":{"@type":"ImageObject","inLanguage":"de-DE","@id":"https:\/\/www.visital.no\/#\/schema\/logo\/image\/","url":"https:\/\/www.visital.no\/wp-content\/uploads\/2024\/11\/al-i-hallingdal-logo.svg","contentUrl":"https:\/\/www.visital.no\/wp-content\/uploads\/2024\/11\/al-i-hallingdal-logo.svg","width":258,"height":100,"caption":"Visit \u00c5l"},"image":{"@id":"https:\/\/www.visital.no\/#\/schema\/logo\/image\/"},"sameAs":["https:\/\/facebook.com\/visitalihallingdal\/","https:\/\/instagram.com\/visitalihallingdal\/","https:\/\/youtube.com\/user\/alutvikling"]}]}},"_links":{"self":[{"href":"https:\/\/www.visital.no\/de\/wp-json\/wp\/v2\/tribe_events\/5297","targetHints":{"allow":["GET"]}}],"collection":[{"href":"https:\/\/www.visital.no\/de\/wp-json\/wp\/v2\/tribe_events"}],"about":[{"href":"https:\/\/www.visital.no\/de\/wp-json\/wp\/v2\/types\/tribe_events"}],"author":[{"embeddable":true,"href":"https:\/\/www.visital.no\/de\/wp-json\/wp\/v2\/users\/3"}],"version-history":[{"count":1,"href":"https:\/\/www.visital.no\/de\/wp-json\/wp\/v2\/tribe_events\/5297\/revisions"}],"predecessor-version":[{"id":5299,"href":"https:\/\/www.visital.no\/de\/wp-json\/wp\/v2\/tribe_events\/5297\/revisions\/5299"}],"wp:featuredmedia":[{"embeddable":true,"href":"https:\/\/www.visital.no\/de\/wp-json\/wp\/v2\/media\/5295"}],"wp:attachment":[{"href":"https:\/\/www.visital.no\/de\/wp-json\/wp\/v2\/media?parent=5297"}],"wp:term":[{"taxonomy":"post_tag","embeddable":true,"href":"https:\/\/www.visital.no\/de\/wp-json\/wp\/v2\/tags?post=5297"},{"taxonomy":"tribe_events_cat","embeddable":true,"href":"https:\/\/www.visital.no\/de\/wp-json\/wp\/v2\/tribe_events_cat?post=5297"}],"curies":[{"name":"WordPress","href":"https:\/\/api.w.org\/{rel}","templated":true}]}}