{"id":4731,"date":"2025-12-23T09:59:54","date_gmt":"2025-12-23T08:59:54","guid":{"rendered":"https:\/\/www.visital.no\/?post_type=tribe_events&#038;p=4731"},"modified":"2025-12-23T09:59:54","modified_gmt":"2025-12-23T08:59:54","slug":"kampen-om-blodet-et-foredrag-om-arsaken-var-tids-helseproblemer","status":"publish","type":"tribe_events","link":"https:\/\/www.visital.no\/de\/arrangementer\/kampen-om-blodet-et-foredrag-om-arsaken-var-tids-helseproblemer\/","title":{"rendered":"Der Kampf ums Blut \u2013 Ein Vortrag \u00fcber die Ursache unserer heutigen Gesundheitsprobleme."},"content":{"rendered":"<p data-start=\"295\" data-end=\"823\">Der Vortrag wirft Fragen auf, mit denen sich viele identifizieren k\u00f6nnen. Kann straffe Muskulatur zu Magenproblemen beitragen? K\u00f6nnen Beckenspannungen den Schlaf beeintr\u00e4chtigen? Die \u00d6kosysteme des K\u00f6rpers sind nicht f\u00fcr das Tempo unserer Zeit geschaffen, und laut dem Vortrag kann der K\u00f6rper auch in einer sicheren Umgebung mit einer dringenden Frist bei der Arbeit in Alarmbereitschaft geraten. Wenn der K\u00f6rper auf Dauer Kampf oder Flucht priorisiert, kann dies langfristig zu dauerhaften Fehlstellungen und Problemen im Bewegungsapparat sowie zu anderen Beschwerden wie verminderter Verdauungsfunktion und schlechtem Schlaf f\u00fchren.<\/p>\n<p data-start=\"825\" data-end=\"970\">Foredragsholder ist Bj\u00f8rnar Strendo. Er ist Lehrer an der Medika Nova und f\u00fchrt seit 13 Jahren die Strendo Klinik. Er arbeitet t\u00e4glich als Neuroreflexologe.<\/p>","protected":false},"excerpt":{"rendered":"<p>Die Strendo Klinik l\u00e4dt zu einem Vortrag mit dem Titel \u201eDer Kampf ums Blut\u201c ein, der sich damit besch\u00e4ftigt, wie der K\u00f6rper das vergessen kann, was das Gehirn vergessen will. Der Vortrag behandelt m\u00f6gliche Zusammenh\u00e4nge zwischen Stress, k\u00f6rperlichen Anspannungen und gesundheitlichen Beschwerden, die den Alltag beeinflussen k\u00f6nnen.<\/p>","protected":false},"author":3,"featured_media":4732,"template":"","meta":{"_acf_changed":false,"_tribe_events_status":"","_tribe_events_status_reason":"","footnotes":""},"tags":[],"tribe_events_cat":[144],"class_list":["post-4731","tribe_events","type-tribe_events","status-publish","has-post-thumbnail","hentry","tribe_events_cat-foredrag","cat_foredrag"],"acf":[],"yoast_head":"<title>Kampen om blodet - Et foredrag om \u00e5rsaken v\u00e5r tids helseproblemer. - Visit \u00c5l<\/title>\n<meta name=\"robots\" content=\"noindex, follow\" \/>\n<meta property=\"og:locale\" content=\"de_DE\" \/>\n<meta property=\"og:type\" content=\"article\" \/>\n<meta property=\"og:title\" content=\"Kampen om blodet - Et foredrag om \u00e5rsaken v\u00e5r tids helseproblemer. - Visit \u00c5l\" \/>\n<meta property=\"og:description\" content=\"Strendo klinikken inviterer til foredraget Kampen om blodet, med temaet hvordan kroppen kan huske det hodet vil glemme. Foredraget tar for seg mulige sammenhenger mellom stress, spenninger i kroppen og helseplager som kan p\u00e5virke hverdagen.\" \/>\n<meta property=\"og:url\" content=\"https:\/\/www.visital.no\/de\/arrangementer\/kampen-om-blodet-et-foredrag-om-arsaken-var-tids-helseproblemer\/\" \/>\n<meta property=\"og:site_name\" content=\"Visit \u00c5l\" \/>\n<meta property=\"article:publisher\" content=\"https:\/\/facebook.com\/visitalihallingdal\/\" \/>\n<meta property=\"og:image\" content=\"https:\/\/www.visital.no\/wp-content\/uploads\/2025\/12\/600305095-1436534631603583-5364224347293145431-n-e1766480365911.webp\" \/>\n\t<meta property=\"og:image:width\" content=\"1080\" \/>\n\t<meta property=\"og:image:height\" content=\"580\" \/>\n\t<meta property=\"og:image:type\" content=\"image\/jpeg\" \/>\n<meta name=\"twitter:card\" content=\"summary_large_image\" \/>\n<meta name=\"twitter:label1\" content=\"Est. reading time\" \/>\n\t<meta name=\"twitter:data1\" content=\"1 minute\" \/>\n<script type=\"application\/ld+json\" class=\"yoast-schema-graph\">{\"@context\":\"https:\\\/\\\/schema.org\",\"@graph\":[{\"@type\":\"WebPage\",\"@id\":\"https:\\\/\\\/www.visital.no\\\/arrangementer\\\/kampen-om-blodet-et-foredrag-om-arsaken-var-tids-helseproblemer\\\/\",\"url\":\"https:\\\/\\\/www.visital.no\\\/arrangementer\\\/kampen-om-blodet-et-foredrag-om-arsaken-var-tids-helseproblemer\\\/\",\"name\":\"Kampen om blodet - Et foredrag om \u00e5rsaken v\u00e5r tids helseproblemer. - Visit \u00c5l\",\"isPartOf\":{\"@id\":\"https:\\\/\\\/www.visital.no\\\/#website\"},\"primaryImageOfPage\":{\"@id\":\"https:\\\/\\\/www.visital.no\\\/arrangementer\\\/kampen-om-blodet-et-foredrag-om-arsaken-var-tids-helseproblemer\\\/#primaryimage\"},\"image\":{\"@id\":\"https:\\\/\\\/www.visital.no\\\/arrangementer\\\/kampen-om-blodet-et-foredrag-om-arsaken-var-tids-helseproblemer\\\/#primaryimage\"},\"thumbnailUrl\":\"https:\\\/\\\/www.visital.no\\\/wp-content\\\/uploads\\\/2025\\\/12\\\/600305095-1436534631603583-5364224347293145431-n-e1766480365911.webp\",\"datePublished\":\"2025-12-23T08:59:54+00:00\",\"breadcrumb\":{\"@id\":\"https:\\\/\\\/www.visital.no\\\/arrangementer\\\/kampen-om-blodet-et-foredrag-om-arsaken-var-tids-helseproblemer\\\/#breadcrumb\"},\"inLanguage\":\"de-DE\",\"potentialAction\":[{\"@type\":\"ReadAction\",\"target\":[\"https:\\\/\\\/www.visital.no\\\/arrangementer\\\/kampen-om-blodet-et-foredrag-om-arsaken-var-tids-helseproblemer\\\/\"]}]},{\"@type\":\"ImageObject\",\"inLanguage\":\"de-DE\",\"@id\":\"https:\\\/\\\/www.visital.no\\\/arrangementer\\\/kampen-om-blodet-et-foredrag-om-arsaken-var-tids-helseproblemer\\\/#primaryimage\",\"url\":\"https:\\\/\\\/www.visital.no\\\/wp-content\\\/uploads\\\/2025\\\/12\\\/600305095-1436534631603583-5364224347293145431-n-e1766480365911.webp\",\"contentUrl\":\"https:\\\/\\\/www.visital.no\\\/wp-content\\\/uploads\\\/2025\\\/12\\\/600305095-1436534631603583-5364224347293145431-n-e1766480365911.webp\",\"width\":1080,\"height\":580,\"caption\":\"Plakat til Kampen om blodet p\u00e5 Tanken\"},{\"@type\":\"BreadcrumbList\",\"@id\":\"https:\\\/\\\/www.visital.no\\\/arrangementer\\\/kampen-om-blodet-et-foredrag-om-arsaken-var-tids-helseproblemer\\\/#breadcrumb\",\"itemListElement\":[{\"@type\":\"ListItem\",\"position\":1,\"name\":\"Home\",\"item\":\"https:\\\/\\\/www.visital.no\\\/\"},{\"@type\":\"ListItem\",\"position\":2,\"name\":\"Arrangementer\",\"item\":\"https:\\\/\\\/www.visital.no\\\/arrangementer\\\/\"},{\"@type\":\"ListItem\",\"position\":3,\"name\":\"Kampen om blodet &#8211; Et foredrag om \u00e5rsaken v\u00e5r tids helseproblemer.\"}]},{\"@type\":\"WebSite\",\"@id\":\"https:\\\/\\\/www.visital.no\\\/#website\",\"url\":\"https:\\\/\\\/www.visital.no\\\/\",\"name\":\"Visit \u00c5l\",\"description\":\"\",\"publisher\":{\"@id\":\"https:\\\/\\\/www.visital.no\\\/#organization\"},\"potentialAction\":[{\"@type\":\"SearchAction\",\"target\":{\"@type\":\"EntryPoint\",\"urlTemplate\":\"https:\\\/\\\/www.visital.no\\\/?s={search_term_string}\"},\"query-input\":{\"@type\":\"PropertyValueSpecification\",\"valueRequired\":true,\"valueName\":\"search_term_string\"}}],\"inLanguage\":\"de-DE\"},{\"@type\":\"Organization\",\"@id\":\"https:\\\/\\\/www.visital.no\\\/#organization\",\"name\":\"Visit \u00c5l\",\"url\":\"https:\\\/\\\/www.visital.no\\\/\",\"logo\":{\"@type\":\"ImageObject\",\"inLanguage\":\"de-DE\",\"@id\":\"https:\\\/\\\/www.visital.no\\\/#\\\/schema\\\/logo\\\/image\\\/\",\"url\":\"https:\\\/\\\/www.visital.no\\\/wp-content\\\/uploads\\\/2024\\\/11\\\/al-i-hallingdal-logo.svg\",\"contentUrl\":\"https:\\\/\\\/www.visital.no\\\/wp-content\\\/uploads\\\/2024\\\/11\\\/al-i-hallingdal-logo.svg\",\"width\":258,\"height\":100,\"caption\":\"Visit \u00c5l\"},\"image\":{\"@id\":\"https:\\\/\\\/www.visital.no\\\/#\\\/schema\\\/logo\\\/image\\\/\"},\"sameAs\":[\"https:\\\/\\\/facebook.com\\\/visitalihallingdal\\\/\",\"https:\\\/\\\/instagram.com\\\/visitalihallingdal\\\/\",\"https:\\\/\\\/youtube.com\\\/user\\\/alutvikling\"]}]}<\/script>","yoast_head_json":{"title":"Kampen om blodet - Et foredrag om \u00e5rsaken v\u00e5r tids helseproblemer. - Visit \u00c5l","robots":{"index":"noindex","follow":"follow"},"og_locale":"de_DE","og_type":"article","og_title":"Kampen om blodet - Et foredrag om \u00e5rsaken v\u00e5r tids helseproblemer. - Visit \u00c5l","og_description":"Strendo klinikken inviterer til foredraget Kampen om blodet, med temaet hvordan kroppen kan huske det hodet vil glemme. Foredraget tar for seg mulige sammenhenger mellom stress, spenninger i kroppen og helseplager som kan p\u00e5virke hverdagen.","og_url":"https:\/\/www.visital.no\/de\/arrangementer\/kampen-om-blodet-et-foredrag-om-arsaken-var-tids-helseproblemer\/","og_site_name":"Visit \u00c5l","article_publisher":"https:\/\/facebook.com\/visitalihallingdal\/","og_image":[{"width":1080,"height":580,"url":"https:\/\/www.visital.no\/wp-content\/uploads\/2025\/12\/600305095-1436534631603583-5364224347293145431-n-e1766480365911.webp","type":"image\/jpeg"}],"twitter_card":"summary_large_image","twitter_misc":{"Est. reading time":"1 minute"},"schema":{"@context":"https:\/\/schema.org","@graph":[{"@type":"WebPage","@id":"https:\/\/www.visital.no\/arrangementer\/kampen-om-blodet-et-foredrag-om-arsaken-var-tids-helseproblemer\/","url":"https:\/\/www.visital.no\/arrangementer\/kampen-om-blodet-et-foredrag-om-arsaken-var-tids-helseproblemer\/","name":"Kampen om blodet - Et foredrag om \u00e5rsaken v\u00e5r tids helseproblemer. - Visit \u00c5l","isPartOf":{"@id":"https:\/\/www.visital.no\/#website"},"primaryImageOfPage":{"@id":"https:\/\/www.visital.no\/arrangementer\/kampen-om-blodet-et-foredrag-om-arsaken-var-tids-helseproblemer\/#primaryimage"},"image":{"@id":"https:\/\/www.visital.no\/arrangementer\/kampen-om-blodet-et-foredrag-om-arsaken-var-tids-helseproblemer\/#primaryimage"},"thumbnailUrl":"https:\/\/www.visital.no\/wp-content\/uploads\/2025\/12\/600305095-1436534631603583-5364224347293145431-n-e1766480365911.webp","datePublished":"2025-12-23T08:59:54+00:00","breadcrumb":{"@id":"https:\/\/www.visital.no\/arrangementer\/kampen-om-blodet-et-foredrag-om-arsaken-var-tids-helseproblemer\/#breadcrumb"},"inLanguage":"de-DE","potentialAction":[{"@type":"ReadAction","target":["https:\/\/www.visital.no\/arrangementer\/kampen-om-blodet-et-foredrag-om-arsaken-var-tids-helseproblemer\/"]}]},{"@type":"ImageObject","inLanguage":"de-DE","@id":"https:\/\/www.visital.no\/arrangementer\/kampen-om-blodet-et-foredrag-om-arsaken-var-tids-helseproblemer\/#primaryimage","url":"https:\/\/www.visital.no\/wp-content\/uploads\/2025\/12\/600305095-1436534631603583-5364224347293145431-n-e1766480365911.webp","contentUrl":"https:\/\/www.visital.no\/wp-content\/uploads\/2025\/12\/600305095-1436534631603583-5364224347293145431-n-e1766480365911.webp","width":1080,"height":580,"caption":"Plakat til Kampen om blodet p\u00e5 Tanken"},{"@type":"BreadcrumbList","@id":"https:\/\/www.visital.no\/arrangementer\/kampen-om-blodet-et-foredrag-om-arsaken-var-tids-helseproblemer\/#breadcrumb","itemListElement":[{"@type":"ListItem","position":1,"name":"Home","item":"https:\/\/www.visital.no\/"},{"@type":"ListItem","position":2,"name":"Arrangementer","item":"https:\/\/www.visital.no\/arrangementer\/"},{"@type":"ListItem","position":3,"name":"Kampen om blodet &#8211; Et foredrag om \u00e5rsaken v\u00e5r tids helseproblemer."}]},{"@type":"WebSite","@id":"https:\/\/www.visital.no\/#website","url":"https:\/\/www.visital.no\/","name":"Besuchen Sie \u00c5l","description":"","publisher":{"@id":"https:\/\/www.visital.no\/#organization"},"potentialAction":[{"@type":"SearchAction","target":{"@type":"EntryPoint","urlTemplate":"https:\/\/www.visital.no\/?s={search_term_string}"},"query-input":{"@type":"PropertyValueSpecification","valueRequired":true,"valueName":"search_term_string"}}],"inLanguage":"de-DE"},{"@type":"Organization","@id":"https:\/\/www.visital.no\/#organization","name":"Besuchen Sie \u00c5l","url":"https:\/\/www.visital.no\/","logo":{"@type":"ImageObject","inLanguage":"de-DE","@id":"https:\/\/www.visital.no\/#\/schema\/logo\/image\/","url":"https:\/\/www.visital.no\/wp-content\/uploads\/2024\/11\/al-i-hallingdal-logo.svg","contentUrl":"https:\/\/www.visital.no\/wp-content\/uploads\/2024\/11\/al-i-hallingdal-logo.svg","width":258,"height":100,"caption":"Visit \u00c5l"},"image":{"@id":"https:\/\/www.visital.no\/#\/schema\/logo\/image\/"},"sameAs":["https:\/\/facebook.com\/visitalihallingdal\/","https:\/\/instagram.com\/visitalihallingdal\/","https:\/\/youtube.com\/user\/alutvikling"]}]}},"_links":{"self":[{"href":"https:\/\/www.visital.no\/de\/wp-json\/wp\/v2\/tribe_events\/4731","targetHints":{"allow":["GET"]}}],"collection":[{"href":"https:\/\/www.visital.no\/de\/wp-json\/wp\/v2\/tribe_events"}],"about":[{"href":"https:\/\/www.visital.no\/de\/wp-json\/wp\/v2\/types\/tribe_events"}],"author":[{"embeddable":true,"href":"https:\/\/www.visital.no\/de\/wp-json\/wp\/v2\/users\/3"}],"version-history":[{"count":1,"href":"https:\/\/www.visital.no\/de\/wp-json\/wp\/v2\/tribe_events\/4731\/revisions"}],"predecessor-version":[{"id":4734,"href":"https:\/\/www.visital.no\/de\/wp-json\/wp\/v2\/tribe_events\/4731\/revisions\/4734"}],"wp:featuredmedia":[{"embeddable":true,"href":"https:\/\/www.visital.no\/de\/wp-json\/wp\/v2\/media\/4732"}],"wp:attachment":[{"href":"https:\/\/www.visital.no\/de\/wp-json\/wp\/v2\/media?parent=4731"}],"wp:term":[{"taxonomy":"post_tag","embeddable":true,"href":"https:\/\/www.visital.no\/de\/wp-json\/wp\/v2\/tags?post=4731"},{"taxonomy":"tribe_events_cat","embeddable":true,"href":"https:\/\/www.visital.no\/de\/wp-json\/wp\/v2\/tribe_events_cat?post=4731"}],"curies":[{"name":"WordPress","href":"https:\/\/api.w.org\/{rel}","templated":true}]}}