{"id":4250,"date":"2025-10-28T14:35:54","date_gmt":"2025-10-28T13:35:54","guid":{"rendered":"https:\/\/www.visital.no\/?post_type=tribe_events&#038;p=4250"},"modified":"2025-10-28T14:39:09","modified_gmt":"2025-10-28T13:39:09","slug":"line-schjolberg-bilde-skulptur","status":"publish","type":"tribe_events","link":"https:\/\/www.visital.no\/de\/arrangementer\/line-schjolberg-bilde-skulptur\/","title":{"rendered":"Line Schj\u00f8lberg - Bild &amp; Skulptur"},"content":{"rendered":"<p>Schj\u00f8lberg arbeitet in einer figurativen, evokativen Sprache, in der Komposition, Atmosph\u00e4re und Tiefe im Mittelpunkt stehen. Durch Malerei, Druckgrafik und Skulptur erforscht sie das Potenzial der Oberfl\u00e4che, sowohl Raum als auch emotionale Zwischenr\u00e4ume zu vermitteln.<\/p>\n<p>Ihre Motive sind oft zweideutig - Szenen aus dem Alltag, die auch eine unterschwellige Unruhe in sich tragen. Das Traumhafte und Poetische ist immer pr\u00e4sent, aber hinter der Idylle liegt ein Hauch von etwas Unerkl\u00e4rlichem.<\/p>\n<p>Kinder sind oft ein wiederkehrendes Thema in ihrem Werk, als Symbole f\u00fcr Wunder, Erinnerungen und die geschlossenen R\u00e4ume des menschlichen Geistes. Schj\u00f8lberg versucht, diese R\u00e4ume durch seine Sprache zu \u00f6ffnen - leise, aber bedeutungsvoll.<\/p>","protected":false},"excerpt":{"rendered":"<p>Die K\u00fcnstlerin Line Schj\u00f8lberg stellt im Herbst 2027 Gem\u00e4lde und Skulpturen in der Galleri Syningen aus. In ihrem Werk erforscht sie die Beziehung zwischen dem Sichtbaren und dem Unsichtbaren und schafft ein poetisches Gleichgewicht zwischen Traum und Realit\u00e4t.<\/p>","protected":false},"author":3,"featured_media":4251,"template":"","meta":{"_acf_changed":false,"_tribe_events_status":"","_tribe_events_status_reason":"","footnotes":""},"tags":[],"tribe_events_cat":[75],"class_list":["post-4250","tribe_events","type-tribe_events","status-publish","has-post-thumbnail","hentry","tribe_events_cat-utstilling","cat_utstilling"],"acf":[],"yoast_head":"<title>Line Schj\u00f8lberg - Bilde &amp; Skulptur - Visit \u00c5l<\/title>\n<meta name=\"robots\" content=\"noindex, follow\" \/>\n<meta property=\"og:locale\" content=\"de_DE\" \/>\n<meta property=\"og:type\" content=\"article\" \/>\n<meta property=\"og:title\" content=\"Line Schj\u00f8lberg - Bilde &amp; Skulptur - Visit \u00c5l\" \/>\n<meta property=\"og:description\" content=\"Kunstner Line Schj\u00f8lberg stiller ut malerier og skulpturer i Galleri Syningen h\u00f8sten 2027. I arbeidene sine utforsker hun forholdet mellom det synlige og det usynlige, og skaper en poetisk balanse mellom dr\u00f8m og virkelighet.\" \/>\n<meta property=\"og:url\" content=\"https:\/\/www.visital.no\/de\/arrangementer\/line-schjolberg-bilde-skulptur\/\" \/>\n<meta property=\"og:site_name\" content=\"Visit \u00c5l\" \/>\n<meta property=\"article:publisher\" content=\"https:\/\/facebook.com\/visitalihallingdal\/\" \/>\n<meta property=\"article:modified_time\" content=\"2025-10-28T13:39:09+00:00\" \/>\n<meta property=\"og:image\" content=\"https:\/\/www.visital.no\/wp-content\/uploads\/2025\/10\/img-9082-600x545-1.webp\" \/>\n\t<meta property=\"og:image:width\" content=\"600\" \/>\n\t<meta property=\"og:image:height\" content=\"545\" \/>\n\t<meta property=\"og:image:type\" content=\"image\/jpeg\" \/>\n<meta name=\"twitter:card\" content=\"summary_large_image\" \/>\n<meta name=\"twitter:label1\" content=\"Est. reading time\" \/>\n\t<meta name=\"twitter:data1\" content=\"1 minute\" \/>\n<script type=\"application\/ld+json\" class=\"yoast-schema-graph\">{\"@context\":\"https:\\\/\\\/schema.org\",\"@graph\":[{\"@type\":\"WebPage\",\"@id\":\"https:\\\/\\\/www.visital.no\\\/arrangementer\\\/line-schjolberg-bilde-skulptur\\\/\",\"url\":\"https:\\\/\\\/www.visital.no\\\/arrangementer\\\/line-schjolberg-bilde-skulptur\\\/\",\"name\":\"Line Schj\u00f8lberg - Bilde & Skulptur - Visit \u00c5l\",\"isPartOf\":{\"@id\":\"https:\\\/\\\/www.visital.no\\\/#website\"},\"primaryImageOfPage\":{\"@id\":\"https:\\\/\\\/www.visital.no\\\/arrangementer\\\/line-schjolberg-bilde-skulptur\\\/#primaryimage\"},\"image\":{\"@id\":\"https:\\\/\\\/www.visital.no\\\/arrangementer\\\/line-schjolberg-bilde-skulptur\\\/#primaryimage\"},\"thumbnailUrl\":\"https:\\\/\\\/www.visital.no\\\/wp-content\\\/uploads\\\/2025\\\/10\\\/img-9082-600x545-1.webp\",\"datePublished\":\"2025-10-28T13:35:54+00:00\",\"dateModified\":\"2025-10-28T13:39:09+00:00\",\"breadcrumb\":{\"@id\":\"https:\\\/\\\/www.visital.no\\\/arrangementer\\\/line-schjolberg-bilde-skulptur\\\/#breadcrumb\"},\"inLanguage\":\"de-DE\",\"potentialAction\":[{\"@type\":\"ReadAction\",\"target\":[\"https:\\\/\\\/www.visital.no\\\/arrangementer\\\/line-schjolberg-bilde-skulptur\\\/\"]}]},{\"@type\":\"ImageObject\",\"inLanguage\":\"de-DE\",\"@id\":\"https:\\\/\\\/www.visital.no\\\/arrangementer\\\/line-schjolberg-bilde-skulptur\\\/#primaryimage\",\"url\":\"https:\\\/\\\/www.visital.no\\\/wp-content\\\/uploads\\\/2025\\\/10\\\/img-9082-600x545-1.webp\",\"contentUrl\":\"https:\\\/\\\/www.visital.no\\\/wp-content\\\/uploads\\\/2025\\\/10\\\/img-9082-600x545-1.webp\",\"width\":600,\"height\":545},{\"@type\":\"BreadcrumbList\",\"@id\":\"https:\\\/\\\/www.visital.no\\\/arrangementer\\\/line-schjolberg-bilde-skulptur\\\/#breadcrumb\",\"itemListElement\":[{\"@type\":\"ListItem\",\"position\":1,\"name\":\"Home\",\"item\":\"https:\\\/\\\/www.visital.no\\\/\"},{\"@type\":\"ListItem\",\"position\":2,\"name\":\"Arrangementer\",\"item\":\"https:\\\/\\\/www.visital.no\\\/arrangementer\\\/\"},{\"@type\":\"ListItem\",\"position\":3,\"name\":\"Line Schj\u00f8lberg &#8211; Bilde &#038; Skulptur\"}]},{\"@type\":\"WebSite\",\"@id\":\"https:\\\/\\\/www.visital.no\\\/#website\",\"url\":\"https:\\\/\\\/www.visital.no\\\/\",\"name\":\"Visit \u00c5l\",\"description\":\"\",\"publisher\":{\"@id\":\"https:\\\/\\\/www.visital.no\\\/#organization\"},\"potentialAction\":[{\"@type\":\"SearchAction\",\"target\":{\"@type\":\"EntryPoint\",\"urlTemplate\":\"https:\\\/\\\/www.visital.no\\\/?s={search_term_string}\"},\"query-input\":{\"@type\":\"PropertyValueSpecification\",\"valueRequired\":true,\"valueName\":\"search_term_string\"}}],\"inLanguage\":\"de-DE\"},{\"@type\":\"Organization\",\"@id\":\"https:\\\/\\\/www.visital.no\\\/#organization\",\"name\":\"Visit \u00c5l\",\"url\":\"https:\\\/\\\/www.visital.no\\\/\",\"logo\":{\"@type\":\"ImageObject\",\"inLanguage\":\"de-DE\",\"@id\":\"https:\\\/\\\/www.visital.no\\\/#\\\/schema\\\/logo\\\/image\\\/\",\"url\":\"https:\\\/\\\/www.visital.no\\\/wp-content\\\/uploads\\\/2024\\\/11\\\/al-i-hallingdal-logo.svg\",\"contentUrl\":\"https:\\\/\\\/www.visital.no\\\/wp-content\\\/uploads\\\/2024\\\/11\\\/al-i-hallingdal-logo.svg\",\"width\":258,\"height\":100,\"caption\":\"Visit \u00c5l\"},\"image\":{\"@id\":\"https:\\\/\\\/www.visital.no\\\/#\\\/schema\\\/logo\\\/image\\\/\"},\"sameAs\":[\"https:\\\/\\\/facebook.com\\\/visitalihallingdal\\\/\",\"https:\\\/\\\/instagram.com\\\/visitalihallingdal\\\/\",\"https:\\\/\\\/youtube.com\\\/user\\\/alutvikling\"]}]}<\/script>","yoast_head_json":{"title":"Line Schj\u00f8lberg - Bilde & Skulptur - Visit \u00c5l","robots":{"index":"noindex","follow":"follow"},"og_locale":"de_DE","og_type":"article","og_title":"Line Schj\u00f8lberg - Bilde & Skulptur - Visit \u00c5l","og_description":"Kunstner Line Schj\u00f8lberg stiller ut malerier og skulpturer i Galleri Syningen h\u00f8sten 2027. I arbeidene sine utforsker hun forholdet mellom det synlige og det usynlige, og skaper en poetisk balanse mellom dr\u00f8m og virkelighet.","og_url":"https:\/\/www.visital.no\/de\/arrangementer\/line-schjolberg-bilde-skulptur\/","og_site_name":"Visit \u00c5l","article_publisher":"https:\/\/facebook.com\/visitalihallingdal\/","article_modified_time":"2025-10-28T13:39:09+00:00","og_image":[{"width":600,"height":545,"url":"https:\/\/www.visital.no\/wp-content\/uploads\/2025\/10\/img-9082-600x545-1.webp","type":"image\/jpeg"}],"twitter_card":"summary_large_image","twitter_misc":{"Est. reading time":"1 minute"},"schema":{"@context":"https:\/\/schema.org","@graph":[{"@type":"WebPage","@id":"https:\/\/www.visital.no\/arrangementer\/line-schjolberg-bilde-skulptur\/","url":"https:\/\/www.visital.no\/arrangementer\/line-schjolberg-bilde-skulptur\/","name":"Line Schj\u00f8lberg - Bilde & Skulptur - Visit \u00c5l","isPartOf":{"@id":"https:\/\/www.visital.no\/#website"},"primaryImageOfPage":{"@id":"https:\/\/www.visital.no\/arrangementer\/line-schjolberg-bilde-skulptur\/#primaryimage"},"image":{"@id":"https:\/\/www.visital.no\/arrangementer\/line-schjolberg-bilde-skulptur\/#primaryimage"},"thumbnailUrl":"https:\/\/www.visital.no\/wp-content\/uploads\/2025\/10\/img-9082-600x545-1.webp","datePublished":"2025-10-28T13:35:54+00:00","dateModified":"2025-10-28T13:39:09+00:00","breadcrumb":{"@id":"https:\/\/www.visital.no\/arrangementer\/line-schjolberg-bilde-skulptur\/#breadcrumb"},"inLanguage":"de-DE","potentialAction":[{"@type":"ReadAction","target":["https:\/\/www.visital.no\/arrangementer\/line-schjolberg-bilde-skulptur\/"]}]},{"@type":"ImageObject","inLanguage":"de-DE","@id":"https:\/\/www.visital.no\/arrangementer\/line-schjolberg-bilde-skulptur\/#primaryimage","url":"https:\/\/www.visital.no\/wp-content\/uploads\/2025\/10\/img-9082-600x545-1.webp","contentUrl":"https:\/\/www.visital.no\/wp-content\/uploads\/2025\/10\/img-9082-600x545-1.webp","width":600,"height":545},{"@type":"BreadcrumbList","@id":"https:\/\/www.visital.no\/arrangementer\/line-schjolberg-bilde-skulptur\/#breadcrumb","itemListElement":[{"@type":"ListItem","position":1,"name":"Home","item":"https:\/\/www.visital.no\/"},{"@type":"ListItem","position":2,"name":"Arrangementer","item":"https:\/\/www.visital.no\/arrangementer\/"},{"@type":"ListItem","position":3,"name":"Line Schj\u00f8lberg &#8211; Bilde &#038; Skulptur"}]},{"@type":"WebSite","@id":"https:\/\/www.visital.no\/#website","url":"https:\/\/www.visital.no\/","name":"Besuchen Sie \u00c5l","description":"","publisher":{"@id":"https:\/\/www.visital.no\/#organization"},"potentialAction":[{"@type":"SearchAction","target":{"@type":"EntryPoint","urlTemplate":"https:\/\/www.visital.no\/?s={search_term_string}"},"query-input":{"@type":"PropertyValueSpecification","valueRequired":true,"valueName":"search_term_string"}}],"inLanguage":"de-DE"},{"@type":"Organization","@id":"https:\/\/www.visital.no\/#organization","name":"Besuchen Sie \u00c5l","url":"https:\/\/www.visital.no\/","logo":{"@type":"ImageObject","inLanguage":"de-DE","@id":"https:\/\/www.visital.no\/#\/schema\/logo\/image\/","url":"https:\/\/www.visital.no\/wp-content\/uploads\/2024\/11\/al-i-hallingdal-logo.svg","contentUrl":"https:\/\/www.visital.no\/wp-content\/uploads\/2024\/11\/al-i-hallingdal-logo.svg","width":258,"height":100,"caption":"Visit \u00c5l"},"image":{"@id":"https:\/\/www.visital.no\/#\/schema\/logo\/image\/"},"sameAs":["https:\/\/facebook.com\/visitalihallingdal\/","https:\/\/instagram.com\/visitalihallingdal\/","https:\/\/youtube.com\/user\/alutvikling"]}]}},"_links":{"self":[{"href":"https:\/\/www.visital.no\/de\/wp-json\/wp\/v2\/tribe_events\/4250","targetHints":{"allow":["GET"]}}],"collection":[{"href":"https:\/\/www.visital.no\/de\/wp-json\/wp\/v2\/tribe_events"}],"about":[{"href":"https:\/\/www.visital.no\/de\/wp-json\/wp\/v2\/types\/tribe_events"}],"author":[{"embeddable":true,"href":"https:\/\/www.visital.no\/de\/wp-json\/wp\/v2\/users\/3"}],"version-history":[{"count":2,"href":"https:\/\/www.visital.no\/de\/wp-json\/wp\/v2\/tribe_events\/4250\/revisions"}],"predecessor-version":[{"id":4254,"href":"https:\/\/www.visital.no\/de\/wp-json\/wp\/v2\/tribe_events\/4250\/revisions\/4254"}],"wp:featuredmedia":[{"embeddable":true,"href":"https:\/\/www.visital.no\/de\/wp-json\/wp\/v2\/media\/4251"}],"wp:attachment":[{"href":"https:\/\/www.visital.no\/de\/wp-json\/wp\/v2\/media?parent=4250"}],"wp:term":[{"taxonomy":"post_tag","embeddable":true,"href":"https:\/\/www.visital.no\/de\/wp-json\/wp\/v2\/tags?post=4250"},{"taxonomy":"tribe_events_cat","embeddable":true,"href":"https:\/\/www.visital.no\/de\/wp-json\/wp\/v2\/tribe_events_cat?post=4250"}],"curies":[{"name":"WordPress","href":"https:\/\/api.w.org\/{rel}","templated":true}]}}