{"id":2477,"date":"2025-05-08T12:04:33","date_gmt":"2025-05-08T10:04:33","guid":{"rendered":"https:\/\/www.visital.no\/?post_type=tribe_events&#038;p=2477"},"modified":"2025-06-24T13:58:24","modified_gmt":"2025-06-24T11:58:24","slug":"utstilling-den-bla-timen-med-sodal-og-kjelland","status":"publish","type":"tribe_events","link":"https:\/\/www.visital.no\/de\/arrangementer\/utstilling-den-bla-timen-med-sodal-og-kjelland\/","title":{"rendered":"Ausstellung: Die blaue Stunde mit S\u00f8dal und Kjelland"},"content":{"rendered":"<p class=\"\" data-start=\"663\" data-end=\"776\"><strong data-start=\"663\" data-end=\"701\">Optimierung der Ausstellung: <em data-start=\"684\" data-end=\"699\">Die blaue Stunde<\/em><\/strong><br data-start=\"701\" data-end=\"704\" \/><strong data-start=\"704\" data-end=\"741\">Per Ove S\u00f8dal - Malerei und Grafik<\/strong><br data-start=\"741\" data-end=\"744\" \/><strong data-start=\"744\" data-end=\"776\">Katarina Kjelland - Keramiken<\/strong><\/p>\n<p class=\"\" data-start=\"778\" data-end=\"910\">In der Ausstellung dieses Sommers <em data-start=\"801\" data-end=\"816\">Die blaue Stunde<\/em> Wir treffen zwei K\u00fcnstler, die auf ihre Weise den Raum zwischen dem Sichtbaren und dem Empfundenen erkunden.<\/p>\n<p class=\"\" data-start=\"912\" data-end=\"1320\">Per Ove S\u00f8dal l\u00e4sst sich vom Meer, von H\u00e4fen und Fischerd\u00f6rfern inspirieren - von der Landschaft, die ihn in S\u00fcdnorwegen umgibt. In seinen Gem\u00e4lden schafft er einen Ausdruck, der zwischen innerer und \u00e4u\u00dferer Realit\u00e4t balanciert und sich aus einfachen geometrischen Formen, Geheimnissen und Wundern zusammensetzt. S\u00f8dal arbeitet sowohl mit Malerei als auch mit Lithografie und hat die Druckgrafik bei Myren Grafikk und Kristiansand Grafiske Verksted erlernt - unter anderem bei Kjell Nupen als seinem Mentor.<\/p>\n<p class=\"\" data-start=\"1322\" data-end=\"1688\">Katarina Kjelland arbeitet mit Keramik in einem Bereich zwischen Funktion und Kunst. Sie verwendet verschiedene Brennmethoden - vom Elektro- \u00fcber den Holzbrand bis zum Raku - und arbeitet mit lokalen Materialien, um einzigartige Oberfl\u00e4chen und Ausdrucksformen zu schaffen. In ihrer Werkstatt in Kristiansand fertigt sie zeitlose Objekte aus Steinzeug, die von Gebrauchsgegenst\u00e4nden bis hin zu skulpturalen Formen und Lichtinstallationen reichen.<\/p>\n<p class=\"\" data-start=\"1690\" data-end=\"1744\"><strong data-start=\"1690\" data-end=\"1744\">Die Ausstellung l\u00e4uft vom 14. Juni bis zum 24. August 2025.<\/strong><\/p>","protected":false},"excerpt":{"rendered":"<p>Willkommen zur Er\u00f6ffnung der Sommerausstellung The Blue Hour, in der sich Malerei, Grafik und Keramik in einer sinnlichen und suggestiven Landschaft treffen - unterzeichnet von Per Ove S\u00f8dal und Katarina Kjelland.<\/p>","protected":false},"author":3,"featured_media":2478,"template":"","meta":{"_acf_changed":false,"_tribe_events_status":"","_tribe_events_status_reason":"","footnotes":""},"tags":[],"tribe_events_cat":[88],"class_list":["post-2477","tribe_events","type-tribe_events","status-publish","has-post-thumbnail","hentry","tribe_events_cat-utstilling","cat_utstilling"],"acf":[],"yoast_head":"<title>Utstilling: Den bl\u00e5 timen med S\u00f8dal og Kjelland - Visit \u00c5l<\/title>\n<meta name=\"description\" content=\"Utstillingsopning: Den bl\u00e5 timen med Per Ove S\u00f8dal og Katarina Kjelland. M\u00e5leri, grafikk og keramikk med r\u00f8ter i natur, kyst og undring. Sommarutstilling 14. juni\u201324. august.\" \/>\n<meta name=\"robots\" content=\"noindex, follow\" \/>\n<meta property=\"og:locale\" content=\"de_DE\" \/>\n<meta property=\"og:type\" content=\"article\" \/>\n<meta property=\"og:title\" content=\"Utstilling: Den bl\u00e5 timen med S\u00f8dal og Kjelland - Visit \u00c5l\" \/>\n<meta property=\"og:description\" content=\"Utstillingsopning: Den bl\u00e5 timen med Per Ove S\u00f8dal og Katarina Kjelland. M\u00e5leri, grafikk og keramikk med r\u00f8ter i natur, kyst og undring. Sommarutstilling 14. juni\u201324. august.\" \/>\n<meta property=\"og:url\" content=\"https:\/\/www.visital.no\/de\/arrangementer\/utstilling-den-bla-timen-med-sodal-og-kjelland\/\" \/>\n<meta property=\"og:site_name\" content=\"Visit \u00c5l\" \/>\n<meta property=\"article:publisher\" content=\"https:\/\/facebook.com\/visitalihallingdal\/\" \/>\n<meta property=\"article:modified_time\" content=\"2025-06-24T11:58:24+00:00\" \/>\n<meta property=\"og:image\" content=\"https:\/\/www.visital.no\/wp-content\/uploads\/2025\/05\/skumringlito-768x770-1-e1746698655817.jpg\" \/>\n\t<meta property=\"og:image:width\" content=\"767\" \/>\n\t<meta property=\"og:image:height\" content=\"545\" \/>\n\t<meta property=\"og:image:type\" content=\"image\/jpeg\" \/>\n<meta name=\"twitter:card\" content=\"summary_large_image\" \/>\n<meta name=\"twitter:label1\" content=\"Est. reading time\" \/>\n\t<meta name=\"twitter:data1\" content=\"2 minutes\" \/>\n<script type=\"application\/ld+json\" class=\"yoast-schema-graph\">{\"@context\":\"https:\\\/\\\/schema.org\",\"@graph\":[{\"@type\":\"WebPage\",\"@id\":\"https:\\\/\\\/www.visital.no\\\/arrangementer\\\/utstilling-den-bla-timen-med-sodal-og-kjelland\\\/\",\"url\":\"https:\\\/\\\/www.visital.no\\\/arrangementer\\\/utstilling-den-bla-timen-med-sodal-og-kjelland\\\/\",\"name\":\"Utstilling: Den bl\u00e5 timen med S\u00f8dal og Kjelland - Visit \u00c5l\",\"isPartOf\":{\"@id\":\"https:\\\/\\\/www.visital.no\\\/#website\"},\"primaryImageOfPage\":{\"@id\":\"https:\\\/\\\/www.visital.no\\\/arrangementer\\\/utstilling-den-bla-timen-med-sodal-og-kjelland\\\/#primaryimage\"},\"image\":{\"@id\":\"https:\\\/\\\/www.visital.no\\\/arrangementer\\\/utstilling-den-bla-timen-med-sodal-og-kjelland\\\/#primaryimage\"},\"thumbnailUrl\":\"https:\\\/\\\/www.visital.no\\\/wp-content\\\/uploads\\\/2025\\\/05\\\/skumringlito-768x770-1-e1746698655817.jpg\",\"datePublished\":\"2025-05-08T10:04:33+00:00\",\"dateModified\":\"2025-06-24T11:58:24+00:00\",\"description\":\"Utstillingsopning: Den bl\u00e5 timen med Per Ove S\u00f8dal og Katarina Kjelland. M\u00e5leri, grafikk og keramikk med r\u00f8ter i natur, kyst og undring. Sommarutstilling 14. juni\u201324. august.\",\"breadcrumb\":{\"@id\":\"https:\\\/\\\/www.visital.no\\\/arrangementer\\\/utstilling-den-bla-timen-med-sodal-og-kjelland\\\/#breadcrumb\"},\"inLanguage\":\"de-DE\",\"potentialAction\":[{\"@type\":\"ReadAction\",\"target\":[\"https:\\\/\\\/www.visital.no\\\/arrangementer\\\/utstilling-den-bla-timen-med-sodal-og-kjelland\\\/\"]}]},{\"@type\":\"ImageObject\",\"inLanguage\":\"de-DE\",\"@id\":\"https:\\\/\\\/www.visital.no\\\/arrangementer\\\/utstilling-den-bla-timen-med-sodal-og-kjelland\\\/#primaryimage\",\"url\":\"https:\\\/\\\/www.visital.no\\\/wp-content\\\/uploads\\\/2025\\\/05\\\/skumringlito-768x770-1-e1746698655817.jpg\",\"contentUrl\":\"https:\\\/\\\/www.visital.no\\\/wp-content\\\/uploads\\\/2025\\\/05\\\/skumringlito-768x770-1-e1746698655817.jpg\",\"width\":767,\"height\":545},{\"@type\":\"BreadcrumbList\",\"@id\":\"https:\\\/\\\/www.visital.no\\\/arrangementer\\\/utstilling-den-bla-timen-med-sodal-og-kjelland\\\/#breadcrumb\",\"itemListElement\":[{\"@type\":\"ListItem\",\"position\":1,\"name\":\"Home\",\"item\":\"https:\\\/\\\/www.visital.no\\\/\"},{\"@type\":\"ListItem\",\"position\":2,\"name\":\"Arrangementer\",\"item\":\"https:\\\/\\\/www.visital.no\\\/arrangementer\\\/\"},{\"@type\":\"ListItem\",\"position\":3,\"name\":\"Utstilling: Den bl\u00e5 timen med S\u00f8dal og Kjelland\"}]},{\"@type\":\"WebSite\",\"@id\":\"https:\\\/\\\/www.visital.no\\\/#website\",\"url\":\"https:\\\/\\\/www.visital.no\\\/\",\"name\":\"Visit \u00c5l\",\"description\":\"\",\"publisher\":{\"@id\":\"https:\\\/\\\/www.visital.no\\\/#organization\"},\"potentialAction\":[{\"@type\":\"SearchAction\",\"target\":{\"@type\":\"EntryPoint\",\"urlTemplate\":\"https:\\\/\\\/www.visital.no\\\/?s={search_term_string}\"},\"query-input\":{\"@type\":\"PropertyValueSpecification\",\"valueRequired\":true,\"valueName\":\"search_term_string\"}}],\"inLanguage\":\"de-DE\"},{\"@type\":\"Organization\",\"@id\":\"https:\\\/\\\/www.visital.no\\\/#organization\",\"name\":\"Visit \u00c5l\",\"url\":\"https:\\\/\\\/www.visital.no\\\/\",\"logo\":{\"@type\":\"ImageObject\",\"inLanguage\":\"de-DE\",\"@id\":\"https:\\\/\\\/www.visital.no\\\/#\\\/schema\\\/logo\\\/image\\\/\",\"url\":\"https:\\\/\\\/www.visital.no\\\/wp-content\\\/uploads\\\/2024\\\/11\\\/al-i-hallingdal-logo.svg\",\"contentUrl\":\"https:\\\/\\\/www.visital.no\\\/wp-content\\\/uploads\\\/2024\\\/11\\\/al-i-hallingdal-logo.svg\",\"width\":258,\"height\":100,\"caption\":\"Visit \u00c5l\"},\"image\":{\"@id\":\"https:\\\/\\\/www.visital.no\\\/#\\\/schema\\\/logo\\\/image\\\/\"},\"sameAs\":[\"https:\\\/\\\/facebook.com\\\/visitalihallingdal\\\/\",\"https:\\\/\\\/instagram.com\\\/visitalihallingdal\\\/\",\"https:\\\/\\\/youtube.com\\\/user\\\/alutvikling\"]}]}<\/script>","yoast_head_json":{"title":"Utstilling: Den bl\u00e5 timen med S\u00f8dal og Kjelland - Visit \u00c5l","description":"Utstillingsopning: Den bl\u00e5 timen med Per Ove S\u00f8dal og Katarina Kjelland. M\u00e5leri, grafikk og keramikk med r\u00f8ter i natur, kyst og undring. Sommarutstilling 14. juni\u201324. august.","robots":{"index":"noindex","follow":"follow"},"og_locale":"de_DE","og_type":"article","og_title":"Utstilling: Den bl\u00e5 timen med S\u00f8dal og Kjelland - Visit \u00c5l","og_description":"Utstillingsopning: Den bl\u00e5 timen med Per Ove S\u00f8dal og Katarina Kjelland. M\u00e5leri, grafikk og keramikk med r\u00f8ter i natur, kyst og undring. Sommarutstilling 14. juni\u201324. august.","og_url":"https:\/\/www.visital.no\/de\/arrangementer\/utstilling-den-bla-timen-med-sodal-og-kjelland\/","og_site_name":"Visit \u00c5l","article_publisher":"https:\/\/facebook.com\/visitalihallingdal\/","article_modified_time":"2025-06-24T11:58:24+00:00","og_image":[{"width":767,"height":545,"url":"https:\/\/www.visital.no\/wp-content\/uploads\/2025\/05\/skumringlito-768x770-1-e1746698655817.jpg","type":"image\/jpeg"}],"twitter_card":"summary_large_image","twitter_misc":{"Est. reading time":"2 minutes"},"schema":{"@context":"https:\/\/schema.org","@graph":[{"@type":"WebPage","@id":"https:\/\/www.visital.no\/arrangementer\/utstilling-den-bla-timen-med-sodal-og-kjelland\/","url":"https:\/\/www.visital.no\/arrangementer\/utstilling-den-bla-timen-med-sodal-og-kjelland\/","name":"Utstilling: Den bl\u00e5 timen med S\u00f8dal og Kjelland - Visit \u00c5l","isPartOf":{"@id":"https:\/\/www.visital.no\/#website"},"primaryImageOfPage":{"@id":"https:\/\/www.visital.no\/arrangementer\/utstilling-den-bla-timen-med-sodal-og-kjelland\/#primaryimage"},"image":{"@id":"https:\/\/www.visital.no\/arrangementer\/utstilling-den-bla-timen-med-sodal-og-kjelland\/#primaryimage"},"thumbnailUrl":"https:\/\/www.visital.no\/wp-content\/uploads\/2025\/05\/skumringlito-768x770-1-e1746698655817.jpg","datePublished":"2025-05-08T10:04:33+00:00","dateModified":"2025-06-24T11:58:24+00:00","description":"Utstillingsopning: Den bl\u00e5 timen med Per Ove S\u00f8dal og Katarina Kjelland. M\u00e5leri, grafikk og keramikk med r\u00f8ter i natur, kyst og undring. Sommarutstilling 14. juni\u201324. august.","breadcrumb":{"@id":"https:\/\/www.visital.no\/arrangementer\/utstilling-den-bla-timen-med-sodal-og-kjelland\/#breadcrumb"},"inLanguage":"de-DE","potentialAction":[{"@type":"ReadAction","target":["https:\/\/www.visital.no\/arrangementer\/utstilling-den-bla-timen-med-sodal-og-kjelland\/"]}]},{"@type":"ImageObject","inLanguage":"de-DE","@id":"https:\/\/www.visital.no\/arrangementer\/utstilling-den-bla-timen-med-sodal-og-kjelland\/#primaryimage","url":"https:\/\/www.visital.no\/wp-content\/uploads\/2025\/05\/skumringlito-768x770-1-e1746698655817.jpg","contentUrl":"https:\/\/www.visital.no\/wp-content\/uploads\/2025\/05\/skumringlito-768x770-1-e1746698655817.jpg","width":767,"height":545},{"@type":"BreadcrumbList","@id":"https:\/\/www.visital.no\/arrangementer\/utstilling-den-bla-timen-med-sodal-og-kjelland\/#breadcrumb","itemListElement":[{"@type":"ListItem","position":1,"name":"Home","item":"https:\/\/www.visital.no\/"},{"@type":"ListItem","position":2,"name":"Arrangementer","item":"https:\/\/www.visital.no\/arrangementer\/"},{"@type":"ListItem","position":3,"name":"Utstilling: Den bl\u00e5 timen med S\u00f8dal og Kjelland"}]},{"@type":"WebSite","@id":"https:\/\/www.visital.no\/#website","url":"https:\/\/www.visital.no\/","name":"Besuchen Sie \u00c5l","description":"","publisher":{"@id":"https:\/\/www.visital.no\/#organization"},"potentialAction":[{"@type":"SearchAction","target":{"@type":"EntryPoint","urlTemplate":"https:\/\/www.visital.no\/?s={search_term_string}"},"query-input":{"@type":"PropertyValueSpecification","valueRequired":true,"valueName":"search_term_string"}}],"inLanguage":"de-DE"},{"@type":"Organization","@id":"https:\/\/www.visital.no\/#organization","name":"Besuchen Sie \u00c5l","url":"https:\/\/www.visital.no\/","logo":{"@type":"ImageObject","inLanguage":"de-DE","@id":"https:\/\/www.visital.no\/#\/schema\/logo\/image\/","url":"https:\/\/www.visital.no\/wp-content\/uploads\/2024\/11\/al-i-hallingdal-logo.svg","contentUrl":"https:\/\/www.visital.no\/wp-content\/uploads\/2024\/11\/al-i-hallingdal-logo.svg","width":258,"height":100,"caption":"Visit \u00c5l"},"image":{"@id":"https:\/\/www.visital.no\/#\/schema\/logo\/image\/"},"sameAs":["https:\/\/facebook.com\/visitalihallingdal\/","https:\/\/instagram.com\/visitalihallingdal\/","https:\/\/youtube.com\/user\/alutvikling"]}]}},"_links":{"self":[{"href":"https:\/\/www.visital.no\/de\/wp-json\/wp\/v2\/tribe_events\/2477","targetHints":{"allow":["GET"]}}],"collection":[{"href":"https:\/\/www.visital.no\/de\/wp-json\/wp\/v2\/tribe_events"}],"about":[{"href":"https:\/\/www.visital.no\/de\/wp-json\/wp\/v2\/types\/tribe_events"}],"author":[{"embeddable":true,"href":"https:\/\/www.visital.no\/de\/wp-json\/wp\/v2\/users\/3"}],"version-history":[{"count":1,"href":"https:\/\/www.visital.no\/de\/wp-json\/wp\/v2\/tribe_events\/2477\/revisions"}],"predecessor-version":[{"id":2480,"href":"https:\/\/www.visital.no\/de\/wp-json\/wp\/v2\/tribe_events\/2477\/revisions\/2480"}],"wp:featuredmedia":[{"embeddable":true,"href":"https:\/\/www.visital.no\/de\/wp-json\/wp\/v2\/media\/2478"}],"wp:attachment":[{"href":"https:\/\/www.visital.no\/de\/wp-json\/wp\/v2\/media?parent=2477"}],"wp:term":[{"taxonomy":"post_tag","embeddable":true,"href":"https:\/\/www.visital.no\/de\/wp-json\/wp\/v2\/tags?post=2477"},{"taxonomy":"tribe_events_cat","embeddable":true,"href":"https:\/\/www.visital.no\/de\/wp-json\/wp\/v2\/tribe_events_cat?post=2477"}],"curies":[{"name":"WordPress","href":"https:\/\/api.w.org\/{rel}","templated":true}]}}