{"id":2016,"date":"2025-04-02T15:09:27","date_gmt":"2025-04-02T13:09:27","guid":{"rendered":"https:\/\/www.visital.no\/?post_type=tribe_events&#038;p=2016"},"modified":"2025-06-24T13:58:26","modified_gmt":"2025-06-24T11:58:26","slug":"hallingdal-ombruksfestival","status":"publish","type":"tribe_events","link":"https:\/\/www.visital.no\/de\/arrangementer\/hallingdal-ombruksfestival\/","title":{"rendered":"Hallingdal Recycling Festival"},"content":{"rendered":"<p><strong>Willkommen zum Hallingdal Ombruksfestival vom 24. bis 26. April.<\/strong><br \/>\nEin Festival, bei dem alle sechs Gemeinden im Hallingdal zusammenkommen, um das breite Spektrum an Wiederverwendungs-, Austausch- und Reparaturdiensten im Tal zu pr\u00e4sentieren. Egal, ob Sie mehr \u00fcber das Reparieren von Kleidung oder das Teilen von Dienstleistungen erfahren oder sich einfach nur inspirieren lassen m\u00f6chten, kommen Sie zu uns und entdecken Sie die M\u00f6glichkeiten, die in der Wiederverwendung und der Gemeinschaft im Hallingdal liegen!<\/p>\n<p><strong>Fiksefest v\/elevar ved Elektro- og datateknologi VG2 \u00c5l<\/strong><br \/>\nLangsamer PC, defektes Ladeger\u00e4t, Lampe oder Tablet?<br \/>\nBringen Sie es zu einer Reparaturwerkstatt und lassen Sie sich helfen, Ihre defekten Produkte zu reparieren!<br \/>\nStudierende der Elektrotechnik und Computertechnik an der \u00c5l vgs stellen Werkzeuge und Fachwissen zur Verf\u00fcgung; Sie m\u00fcssen Ihre eigenen Teile mitbringen, aber wir k\u00f6nnen Sie beraten, wo Sie sie kaufen k\u00f6nnen. Helfen Sie uns, kaputte Produkte aufzuschrauben, zu erforschen und zu reparieren, damit sie l\u00e4nger halten.<br \/>\nDonnerstag, 24. April 09.00 - 14.00 Uhr Fiksefest small electronics, Foyer \u00c5l kulturhus.<br \/>\nFreitag, 25. April 09.00 - 14.00 Uhr Fiksefest small electronics, Foyer \u00c5l kulturhus.<\/p>\n<p><strong>Folkeverkstad v\/Karin Barasinski<\/strong><br \/>\nDieser Workshop befasst sich mit der Kunst der Herstellung sch\u00f6ner und funktioneller B\u00fccher aus recycelten Materialien wie alten B\u00fcchern, Zeitschriften, Zeitungsausschnitten und anderen Bibliotheksmaterialien. Die Teilnehmer lernen grundlegende Buchbindetechniken, darunter eine einfache japanische Buchbindemethode, und kreative M\u00f6glichkeiten zur Herstellung einzigartiger Notizb\u00fccher, Skizzenb\u00fccher oder Tageb\u00fccher. Die japanische Buchbindetechnik ist bekannt f\u00fcr ihre einfache, aber elegante Heftung, die den B\u00fcchern ein einzigartiges, handwerkliches Aussehen verleiht.<br \/>\nDonnerstag, 24. April, 18:00-20:00 Uhr Junge Erwachsene, Bibliothek \u00c5l.<br \/>\nSamstag, 26. April, 12:00-14:00 Familien mit Kindern, Bibliothek \u00c5l.<\/p>\n<p><strong>Der gro\u00dfe Kleidertauschtag<\/strong><br \/>\n\u00c5l bygdekvinnelag, \u00c5l husflidslag und \u00c5l frivilligsentral laden Sie am 26. April zu einer Kleidertauschparty ein.<br \/>\nBringen Sie 7 vollst\u00e4ndige und saubere Kleidungsst\u00fccke mit und geben Sie sie im Voraus im Freiwilligenzentrum ab. Es wird einen kostenlosen Workshop zur Neugestaltung und eine Reparaturanleitung geben. Wir haben N\u00e4hmaschinen, Stoffe und alles, was f\u00fcr die Umgestaltung ben\u00f6tigt wird. Bringen Sie Kleidung mit, die repariert werden muss.<br \/>\nSamstag, 26. April, 12:00-15:00 Uhr Kleidertausch im Foyer, \u00c5l kulturhus &amp; Redesign-Workshop, Drop-in, \u00c5l frivilligsentral<\/p>\n<p><strong>Wiederverwendeter Film - \u00c5l kino<\/strong><br \/>\nIn Zusammenarbeit mit dem Reuse Festival zeigt das \u00c5l-Kino zwei beliebte Filme, die nicht mehr im regul\u00e4ren Kinoprogramm zu sehen sind.<br \/>\n<em>Erschreckt mich 4<\/em> ist Bornas Favorit und <em>Die alte Eiche<\/em> sie sind erwachsen.<br \/>\nWiederverwendbarer Preis nur NOK 50,-\/Ticket.<br \/>\nSehen Sie sie wieder oder zum ersten Mal - denn im Kino ist der Film am sch\u00f6nsten!<br \/>\nFreitag, 25. April um 17.30 Uhr:\u00a0<em>Erschreckt mich 4<\/em><br \/>\nFreitag, 25. April um 18.00 Uhr:\u00a0<em>Die alte Eiche<\/em><\/p>\n<p><strong>Organisatoren<\/strong><br \/>\n\u00c5l Kulturzentrum, \u00c5l Freiwilligenzentrum, \u00c5l Bibliothek, \u00c5l Landfrauenverein, \u00c5l Husflidslag und Hallingdal Ombruksfestival.<br \/>\nDas Wiederverwendungsfestival im Kulturzentrum \u00c5l ist Teil des Projekts Hallingdal Reuse Festival des Regionalrats.<em><br \/>\n<\/em><\/p>\n<p>&nbsp;<\/p>\n<p>Eintritt frei!<\/p>","protected":false},"excerpt":{"rendered":"<p>Willkommen zum Hallingdal Ombruksfestival vom 24. bis 26. April.<\/p>","protected":false},"author":3,"featured_media":2017,"template":"","meta":{"_acf_changed":false,"_tribe_events_status":"","_tribe_events_status_reason":"","footnotes":""},"tags":[],"tribe_events_cat":[98],"class_list":["post-2016","tribe_events","type-tribe_events","status-publish","has-post-thumbnail","hentry","tribe_events_cat-marked","cat_marked"],"acf":[],"yoast_head":"<title>Hallingdal Ombruksfestival - Visit \u00c5l<\/title>\n<meta name=\"robots\" content=\"noindex, follow\" \/>\n<meta property=\"og:locale\" content=\"de_DE\" \/>\n<meta property=\"og:type\" content=\"article\" \/>\n<meta property=\"og:title\" content=\"Hallingdal Ombruksfestival - Visit \u00c5l\" \/>\n<meta property=\"og:description\" content=\"Velkomen til Hallingdal Ombruksfestival 24.-26. april.\" \/>\n<meta property=\"og:url\" content=\"https:\/\/www.visital.no\/de\/arrangementer\/hallingdal-ombruksfestival\/\" \/>\n<meta property=\"og:site_name\" content=\"Visit \u00c5l\" \/>\n<meta property=\"article:publisher\" content=\"https:\/\/facebook.com\/visitalihallingdal\/\" \/>\n<meta property=\"article:modified_time\" content=\"2025-06-24T11:58:26+00:00\" \/>\n<meta property=\"og:image\" content=\"https:\/\/www.visital.no\/wp-content\/uploads\/2025\/04\/ombruksfestival.jpg\" \/>\n\t<meta property=\"og:image:width\" content=\"1776\" \/>\n\t<meta property=\"og:image:height\" content=\"1184\" \/>\n\t<meta property=\"og:image:type\" content=\"image\/jpeg\" \/>\n<meta name=\"twitter:card\" content=\"summary_large_image\" \/>\n<meta name=\"twitter:label1\" content=\"Est. reading time\" \/>\n\t<meta name=\"twitter:data1\" content=\"3 minutes\" \/>\n<script type=\"application\/ld+json\" class=\"yoast-schema-graph\">{\"@context\":\"https:\\\/\\\/schema.org\",\"@graph\":[{\"@type\":\"WebPage\",\"@id\":\"https:\\\/\\\/www.visital.no\\\/arrangementer\\\/hallingdal-ombruksfestival\\\/\",\"url\":\"https:\\\/\\\/www.visital.no\\\/arrangementer\\\/hallingdal-ombruksfestival\\\/\",\"name\":\"Hallingdal Ombruksfestival - Visit \u00c5l\",\"isPartOf\":{\"@id\":\"https:\\\/\\\/www.visital.no\\\/#website\"},\"primaryImageOfPage\":{\"@id\":\"https:\\\/\\\/www.visital.no\\\/arrangementer\\\/hallingdal-ombruksfestival\\\/#primaryimage\"},\"image\":{\"@id\":\"https:\\\/\\\/www.visital.no\\\/arrangementer\\\/hallingdal-ombruksfestival\\\/#primaryimage\"},\"thumbnailUrl\":\"https:\\\/\\\/www.visital.no\\\/wp-content\\\/uploads\\\/2025\\\/04\\\/ombruksfestival.jpg\",\"datePublished\":\"2025-04-02T13:09:27+00:00\",\"dateModified\":\"2025-06-24T11:58:26+00:00\",\"breadcrumb\":{\"@id\":\"https:\\\/\\\/www.visital.no\\\/arrangementer\\\/hallingdal-ombruksfestival\\\/#breadcrumb\"},\"inLanguage\":\"de-DE\",\"potentialAction\":[{\"@type\":\"ReadAction\",\"target\":[\"https:\\\/\\\/www.visital.no\\\/arrangementer\\\/hallingdal-ombruksfestival\\\/\"]}]},{\"@type\":\"ImageObject\",\"inLanguage\":\"de-DE\",\"@id\":\"https:\\\/\\\/www.visital.no\\\/arrangementer\\\/hallingdal-ombruksfestival\\\/#primaryimage\",\"url\":\"https:\\\/\\\/www.visital.no\\\/wp-content\\\/uploads\\\/2025\\\/04\\\/ombruksfestival.jpg\",\"contentUrl\":\"https:\\\/\\\/www.visital.no\\\/wp-content\\\/uploads\\\/2025\\\/04\\\/ombruksfestival.jpg\",\"width\":1776,\"height\":1184},{\"@type\":\"BreadcrumbList\",\"@id\":\"https:\\\/\\\/www.visital.no\\\/arrangementer\\\/hallingdal-ombruksfestival\\\/#breadcrumb\",\"itemListElement\":[{\"@type\":\"ListItem\",\"position\":1,\"name\":\"Home\",\"item\":\"https:\\\/\\\/www.visital.no\\\/\"},{\"@type\":\"ListItem\",\"position\":2,\"name\":\"Arrangementer\",\"item\":\"https:\\\/\\\/www.visital.no\\\/arrangementer\\\/\"},{\"@type\":\"ListItem\",\"position\":3,\"name\":\"Hallingdal Ombruksfestival\"}]},{\"@type\":\"WebSite\",\"@id\":\"https:\\\/\\\/www.visital.no\\\/#website\",\"url\":\"https:\\\/\\\/www.visital.no\\\/\",\"name\":\"Visit \u00c5l\",\"description\":\"\",\"publisher\":{\"@id\":\"https:\\\/\\\/www.visital.no\\\/#organization\"},\"potentialAction\":[{\"@type\":\"SearchAction\",\"target\":{\"@type\":\"EntryPoint\",\"urlTemplate\":\"https:\\\/\\\/www.visital.no\\\/?s={search_term_string}\"},\"query-input\":{\"@type\":\"PropertyValueSpecification\",\"valueRequired\":true,\"valueName\":\"search_term_string\"}}],\"inLanguage\":\"de-DE\"},{\"@type\":\"Organization\",\"@id\":\"https:\\\/\\\/www.visital.no\\\/#organization\",\"name\":\"Visit \u00c5l\",\"url\":\"https:\\\/\\\/www.visital.no\\\/\",\"logo\":{\"@type\":\"ImageObject\",\"inLanguage\":\"de-DE\",\"@id\":\"https:\\\/\\\/www.visital.no\\\/#\\\/schema\\\/logo\\\/image\\\/\",\"url\":\"https:\\\/\\\/www.visital.no\\\/wp-content\\\/uploads\\\/2024\\\/11\\\/al-i-hallingdal-logo.svg\",\"contentUrl\":\"https:\\\/\\\/www.visital.no\\\/wp-content\\\/uploads\\\/2024\\\/11\\\/al-i-hallingdal-logo.svg\",\"width\":258,\"height\":100,\"caption\":\"Visit \u00c5l\"},\"image\":{\"@id\":\"https:\\\/\\\/www.visital.no\\\/#\\\/schema\\\/logo\\\/image\\\/\"},\"sameAs\":[\"https:\\\/\\\/facebook.com\\\/visitalihallingdal\\\/\",\"https:\\\/\\\/instagram.com\\\/visitalihallingdal\\\/\",\"https:\\\/\\\/youtube.com\\\/user\\\/alutvikling\"]}]}<\/script>","yoast_head_json":{"title":"Hallingdal Ombruksfestival - Visit \u00c5l","robots":{"index":"noindex","follow":"follow"},"og_locale":"de_DE","og_type":"article","og_title":"Hallingdal Ombruksfestival - Visit \u00c5l","og_description":"Velkomen til Hallingdal Ombruksfestival 24.-26. april.","og_url":"https:\/\/www.visital.no\/de\/arrangementer\/hallingdal-ombruksfestival\/","og_site_name":"Visit \u00c5l","article_publisher":"https:\/\/facebook.com\/visitalihallingdal\/","article_modified_time":"2025-06-24T11:58:26+00:00","og_image":[{"width":1776,"height":1184,"url":"https:\/\/www.visital.no\/wp-content\/uploads\/2025\/04\/ombruksfestival.jpg","type":"image\/jpeg"}],"twitter_card":"summary_large_image","twitter_misc":{"Est. reading time":"3 minutes"},"schema":{"@context":"https:\/\/schema.org","@graph":[{"@type":"WebPage","@id":"https:\/\/www.visital.no\/arrangementer\/hallingdal-ombruksfestival\/","url":"https:\/\/www.visital.no\/arrangementer\/hallingdal-ombruksfestival\/","name":"Hallingdal Ombruksfestival - Visit \u00c5l","isPartOf":{"@id":"https:\/\/www.visital.no\/#website"},"primaryImageOfPage":{"@id":"https:\/\/www.visital.no\/arrangementer\/hallingdal-ombruksfestival\/#primaryimage"},"image":{"@id":"https:\/\/www.visital.no\/arrangementer\/hallingdal-ombruksfestival\/#primaryimage"},"thumbnailUrl":"https:\/\/www.visital.no\/wp-content\/uploads\/2025\/04\/ombruksfestival.jpg","datePublished":"2025-04-02T13:09:27+00:00","dateModified":"2025-06-24T11:58:26+00:00","breadcrumb":{"@id":"https:\/\/www.visital.no\/arrangementer\/hallingdal-ombruksfestival\/#breadcrumb"},"inLanguage":"de-DE","potentialAction":[{"@type":"ReadAction","target":["https:\/\/www.visital.no\/arrangementer\/hallingdal-ombruksfestival\/"]}]},{"@type":"ImageObject","inLanguage":"de-DE","@id":"https:\/\/www.visital.no\/arrangementer\/hallingdal-ombruksfestival\/#primaryimage","url":"https:\/\/www.visital.no\/wp-content\/uploads\/2025\/04\/ombruksfestival.jpg","contentUrl":"https:\/\/www.visital.no\/wp-content\/uploads\/2025\/04\/ombruksfestival.jpg","width":1776,"height":1184},{"@type":"BreadcrumbList","@id":"https:\/\/www.visital.no\/arrangementer\/hallingdal-ombruksfestival\/#breadcrumb","itemListElement":[{"@type":"ListItem","position":1,"name":"Home","item":"https:\/\/www.visital.no\/"},{"@type":"ListItem","position":2,"name":"Arrangementer","item":"https:\/\/www.visital.no\/arrangementer\/"},{"@type":"ListItem","position":3,"name":"Hallingdal Ombruksfestival"}]},{"@type":"WebSite","@id":"https:\/\/www.visital.no\/#website","url":"https:\/\/www.visital.no\/","name":"Besuchen Sie \u00c5l","description":"","publisher":{"@id":"https:\/\/www.visital.no\/#organization"},"potentialAction":[{"@type":"SearchAction","target":{"@type":"EntryPoint","urlTemplate":"https:\/\/www.visital.no\/?s={search_term_string}"},"query-input":{"@type":"PropertyValueSpecification","valueRequired":true,"valueName":"search_term_string"}}],"inLanguage":"de-DE"},{"@type":"Organization","@id":"https:\/\/www.visital.no\/#organization","name":"Besuchen Sie \u00c5l","url":"https:\/\/www.visital.no\/","logo":{"@type":"ImageObject","inLanguage":"de-DE","@id":"https:\/\/www.visital.no\/#\/schema\/logo\/image\/","url":"https:\/\/www.visital.no\/wp-content\/uploads\/2024\/11\/al-i-hallingdal-logo.svg","contentUrl":"https:\/\/www.visital.no\/wp-content\/uploads\/2024\/11\/al-i-hallingdal-logo.svg","width":258,"height":100,"caption":"Visit \u00c5l"},"image":{"@id":"https:\/\/www.visital.no\/#\/schema\/logo\/image\/"},"sameAs":["https:\/\/facebook.com\/visitalihallingdal\/","https:\/\/instagram.com\/visitalihallingdal\/","https:\/\/youtube.com\/user\/alutvikling"]}]}},"_links":{"self":[{"href":"https:\/\/www.visital.no\/de\/wp-json\/wp\/v2\/tribe_events\/2016","targetHints":{"allow":["GET"]}}],"collection":[{"href":"https:\/\/www.visital.no\/de\/wp-json\/wp\/v2\/tribe_events"}],"about":[{"href":"https:\/\/www.visital.no\/de\/wp-json\/wp\/v2\/types\/tribe_events"}],"author":[{"embeddable":true,"href":"https:\/\/www.visital.no\/de\/wp-json\/wp\/v2\/users\/3"}],"version-history":[{"count":1,"href":"https:\/\/www.visital.no\/de\/wp-json\/wp\/v2\/tribe_events\/2016\/revisions"}],"predecessor-version":[{"id":2018,"href":"https:\/\/www.visital.no\/de\/wp-json\/wp\/v2\/tribe_events\/2016\/revisions\/2018"}],"wp:featuredmedia":[{"embeddable":true,"href":"https:\/\/www.visital.no\/de\/wp-json\/wp\/v2\/media\/2017"}],"wp:attachment":[{"href":"https:\/\/www.visital.no\/de\/wp-json\/wp\/v2\/media?parent=2016"}],"wp:term":[{"taxonomy":"post_tag","embeddable":true,"href":"https:\/\/www.visital.no\/de\/wp-json\/wp\/v2\/tags?post=2016"},{"taxonomy":"tribe_events_cat","embeddable":true,"href":"https:\/\/www.visital.no\/de\/wp-json\/wp\/v2\/tribe_events_cat?post=2016"}],"curies":[{"name":"WordPress","href":"https:\/\/api.w.org\/{rel}","templated":true}]}}