{"id":4161,"date":"2025-10-17T15:37:38","date_gmt":"2025-10-17T13:37:38","guid":{"rendered":"https:\/\/www.visital.no\/?page_id=4161"},"modified":"2025-12-15T13:42:16","modified_gmt":"2025-12-15T12:42:16","slug":"velkommen-til-al-et-baerekraftig-reisemal","status":"publish","type":"page","link":"https:\/\/www.visital.no\/de\/velkommen-til-al-et-baerekraftig-reisemal\/","title":{"rendered":"Willkommen in \u00c5l, einem nachhaltigen Reiseziel"},"content":{"rendered":"<div data-elementor-type=\"wp-page\" data-elementor-id=\"4161\" class=\"elementor elementor-4161\" data-elementor-post-type=\"page\">\n\t\t\t\t<div class=\"elementor-element elementor-element-d3bd67c e-flex e-con-boxed e-con e-parent\" data-id=\"d3bd67c\" data-element_type=\"container\" data-e-type=\"container\">\n\t\t\t\t\t<div class=\"e-con-inner\">\n\t\t\t\t<div class=\"elementor-element elementor-element-74d9237 elementor-widget elementor-widget-image\" data-id=\"74d9237\" data-element_type=\"widget\" data-e-type=\"widget\" data-widget_type=\"image.default\">\n\t\t\t\t<div class=\"elementor-widget-container\">\n\t\t\t\t\t\t\t\t\t\t\t\t\t\t\t<img fetchpriority=\"high\" decoding=\"async\" width=\"1536\" height=\"1025\" src=\"https:\/\/www.visital.no\/wp-content\/uploads\/2025\/10\/vb02802-1-hiking-vegard-breie-1536x1025.webp\" class=\"attachment-1536x1536 size-1536x1536 wp-image-4162\" alt=\"\" srcset=\"https:\/\/www.visital.no\/wp-content\/uploads\/2025\/10\/vb02802-1-hiking-vegard-breie-1536x1025.webp 1536w, https:\/\/www.visital.no\/wp-content\/uploads\/2025\/10\/vb02802-1-hiking-vegard-breie-300x200.webp 300w, https:\/\/www.visital.no\/wp-content\/uploads\/2025\/10\/vb02802-1-hiking-vegard-breie-1024x683.webp 1024w, https:\/\/www.visital.no\/wp-content\/uploads\/2025\/10\/vb02802-1-hiking-vegard-breie-768x513.webp 768w, https:\/\/www.visital.no\/wp-content\/uploads\/2025\/10\/vb02802-1-hiking-vegard-breie-2048x1367.webp 2048w, https:\/\/www.visital.no\/wp-content\/uploads\/2025\/10\/vb02802-1-hiking-vegard-breie-18x12.webp 18w\" sizes=\"(max-width: 1536px) 100vw, 1536px\" \/>\t\t\t\t\t\t\t\t\t\t\t\t\t\t\t<\/div>\n\t\t\t\t<\/div>\n\t\t\t\t\t<\/div>\n\t\t\t\t<\/div>\n\t\t<div class=\"elementor-element elementor-element-69b02311 e-flex e-con-boxed e-con e-parent\" data-id=\"69b02311\" data-element_type=\"container\" data-e-type=\"container\">\n\t\t\t\t\t<div class=\"e-con-inner\">\n\t\t\t\t<div class=\"elementor-element elementor-element-32f9ff03 elementor-widget elementor-widget-text-editor\" data-id=\"32f9ff03\" data-element_type=\"widget\" data-e-type=\"widget\" data-widget_type=\"text-editor.default\">\n\t\t\t\t<div class=\"elementor-widget-container\">\n\t\t\t\t\t\t\t\t\t<h1 data-start=\"306\" data-end=\"337\">Gemeinsam f\u00fcr ein nachhaltiges \u00c5l<\/h1>\n<p><!-- \/wp:paragraph --><!-- wp:heading --><\/p>\n<p><!-- \/wp:paragraph --><!-- wp:list --><\/p>\n<ul>\n<li style=\"list-style-type: none;\">\n<ul><!-- wp:list-item --><\/ul>\n<\/li>\n<\/ul>\n<p><!-- \/wp:paragraph --><!-- wp:paragraph --><!-- \/wp:paragraph --><!-- wp:paragraph --><!-- \/wp:paragraph --><\/p>\t\t\t\t\t\t\t\t<\/div>\n\t\t\t\t<\/div>\n\t\t\t\t<div class=\"elementor-element elementor-element-bf13287 elementor-widget elementor-widget-text-editor\" data-id=\"bf13287\" data-element_type=\"widget\" data-e-type=\"widget\" data-widget_type=\"text-editor.default\">\n\t\t\t\t<div class=\"elementor-widget-container\">\n\t\t\t\t\t\t\t\t\t<p><em>Die Nachhaltigkeitsarbeit in \u00c5l ist eine Zusammenarbeit zwischen der Gemeinde \u00c5l und Visit \u00c5l \/ \u00c5l Utvikling, in engem Dialog mit Wirtschaft, Freiwilligen und B\u00fcrgern. Durch gemeinsame Ziele, Handlungen und Engagement arbeiten wir daran, sicherzustellen, dass \u00c5l ein echtes und lebendiges Bergdorf bleibt, in dem Natur und lokale Gemeinschaft eng miteinander verbunden sind.<\/em><\/p>\n<p><!-- \/wp:paragraph --><!-- wp:heading --><\/p>\n<p><!-- \/wp:paragraph --><!-- wp:list --><\/p>\n<ul>\n<li style=\"list-style-type: none;\">\n<ul><!-- wp:list-item --><\/ul>\n<\/li>\n<\/ul>\n<p><!-- \/wp:paragraph --><!-- wp:paragraph --><!-- \/wp:paragraph --><!-- wp:paragraph --><!-- \/wp:paragraph --><\/p>\t\t\t\t\t\t\t\t<\/div>\n\t\t\t\t<\/div>\n\t\t\t\t<div class=\"elementor-element elementor-element-3d01ccb elementor-widget elementor-widget-text-editor\" data-id=\"3d01ccb\" data-element_type=\"widget\" data-e-type=\"widget\" data-widget_type=\"text-editor.default\">\n\t\t\t\t<div class=\"elementor-widget-container\">\n\t\t\t\t\t\t\t\t\t<p>Im Jahr 2022 wurde \u00c5l zusammen mit Gol, Hemsedal und Nesbyen als nachhaltiges Reiseziel nach dem Standard von Innovation Norway zertifiziert. Das bedeutet nicht, dass wir fertig sind, sondern dass wir uns verpflichtet haben, uns Jahr f\u00fcr Jahr zu verbessern. Alle drei Jahre wird unsere Arbeit neu bewertet und wir m\u00fcssen die Fortschritte in den Bereichen Natur, Umwelt, Kultur, soziale Werte und lokale Wertsch\u00f6pfung dokumentieren.<\/p>\n<h2>Planer und Untersuchungen<\/h2>\n<p>Das Reiseleben bedeutet der Gemeinde \u00c5l viel und tr\u00e4gt zur Schaffung von Arbeitspl\u00e4tzen, Aktivit\u00e4ten und einem breiteren Angebot f\u00fcr Einheimische und Besucher bei. Gleichzeitig ist es wichtig, dass die Entwicklung im Gleichgewicht erfolgt, damit \u00c5l auch bei vielen G\u00e4sten ein lebenswerter Ort bleibt. Die B\u00fcrgerumfrage zeigt, dass eine klare Mehrheit \u00c5l nicht als \u00fcberf\u00fcllt empfindet und dass nur wenige Bereiche nennen, die durch Besuche negativ beeinflusst werden. Daher bauen wir unsere Strategie auf drei wichtigen Wissensquellen auf: der B\u00fcrgerumfrage, der G\u00e4ste- und Ferienhausumfrage sowie der Mitgliederumfrage. So stellen wir sicher, dass die Entwicklung von \u00c5l als Reiseziel auch eine nachhaltige Gemeinde f\u00f6rdert.<\/p>\n<p>Hier finden Sie:<\/p>\n<p><!-- \/wp:paragraph --><!-- wp:heading --><\/p>\n<p><!-- \/wp:paragraph --><!-- wp:list --><\/p>\n<ul>\n<li style=\"list-style-type: none;\">\n<ul><!-- wp:list-item --><\/ul>\n<\/li>\n<\/ul>\n<p><!-- \/wp:paragraph --><!-- wp:paragraph --><!-- \/wp:paragraph --><!-- wp:paragraph --><!-- \/wp:paragraph --><\/p>\t\t\t\t\t\t\t\t<\/div>\n\t\t\t\t<\/div>\n\t\t<div class=\"elementor-element elementor-element-90878a8 e-grid e-con-full e-con e-child\" data-id=\"90878a8\" data-element_type=\"container\" data-e-type=\"container\">\n\t\t\t\t<div class=\"elementor-element elementor-element-a966a83 elementor-widget elementor-widget-text-editor\" data-id=\"a966a83\" data-element_type=\"widget\" data-e-type=\"widget\" data-widget_type=\"text-editor.default\">\n\t\t\t\t<div class=\"elementor-widget-container\">\n\t\t\t\t\t\t\t\t\t<ul>\n<li><a href=\"https:\/\/www.visital.no\/wp-content\/uploads\/2025\/12\/Strategi-endelig-utkast.pdf\">Strategie f\u00fcr nachhaltige Reiseziele und lokale Gemeinschaften<\/a><\/li>\n<li data-start=\"255\" data-end=\"273\"><a href=\"https:\/\/www.visital.no\/wp-content\/uploads\/2025\/12\/unnamed-file.pdf\">Handlungsplan<\/a><\/li>\n<\/ul>\t\t\t\t\t\t\t\t<\/div>\n\t\t\t\t<\/div>\n\t\t\t\t<div class=\"elementor-element elementor-element-d35f697 elementor-widget elementor-widget-text-editor\" data-id=\"d35f697\" data-element_type=\"widget\" data-e-type=\"widget\" data-widget_type=\"text-editor.default\">\n\t\t\t\t<div class=\"elementor-widget-container\">\n\t\t\t\t\t\t\t\t\t<ul>\n<li><a href=\"https:\/\/www.visital.no\/wp-content\/uploads\/2025\/12\/Al-Gjesteundersokelse-2025.pdf\">\u00a0G\u00e4ste- und H\u00fcttenbefragung<\/a><\/li>\n<li data-start=\"311\" data-end=\"336\"><a href=\"https:\/\/www.visital.no\/wp-content\/uploads\/2025\/12\/Innbyggerundersokelsen-2025.pdf\">B\u00fcrgerbefragung<\/a><\/li>\n<li data-start=\"339\" data-end=\"362\"><a href=\"https:\/\/www.visital.no\/wp-content\/uploads\/2025\/12\/Medlemsundersokelsen-2025.pdf\">Mitgliederbefragung<\/a><\/li>\n<li data-start=\"339\" data-end=\"362\"><a href=\"https:\/\/www.visital.no\/wp-content\/uploads\/2025\/12\/Menon-Destinasjonsanalyse-hallingdal-23.des_.pdf\">Destinationsanalyse Hallingdal<\/a><\/li>\n<\/ul>\t\t\t\t\t\t\t\t<\/div>\n\t\t\t\t<\/div>\n\t\t\t\t<\/div>\n\t\t\t\t<div class=\"elementor-element elementor-element-545ba2f elementor-widget elementor-widget-text-editor\" data-id=\"545ba2f\" data-element_type=\"widget\" data-e-type=\"widget\" data-widget_type=\"text-editor.default\">\n\t\t\t\t<div class=\"elementor-widget-container\">\n\t\t\t\t\t\t\t\t\t<p data-start=\"1602\" data-end=\"1727\">Dies gibt ein gutes Bild davon, was funktioniert, was verbessert werden sollte und wie wir \u00c5l nachhaltiger entwickeln k\u00f6nnen.<\/p>\n<h2 data-start=\"1729\" data-end=\"1762\">Wir k\u00fcmmern uns um Natur und Kultur<\/h2>\n<p data-start=\"1764\" data-end=\"2053\">\u00c5l ist ein lebendiges Bergdorf mit langen Traditionen in Landwirtschaft, Handwerk und Kultur. Hier entstehen authentische Produkte wie Lebensmittel, Kunst und Erlebnisse, die in unserer Natur und Geschichte verwurzelt sind. Wir k\u00fcmmern uns um die Almen, Pfade und Berge \u2013 nicht nur f\u00fcr die G\u00e4ste, sondern weil sie Teil unseres Alltags sind.<\/p>\n<p data-start=\"2055\" data-end=\"2279\">Wir arbeiten daran, Einwohnern und Besuchern das Erleben der Natur zu erleichtern, ohne Spuren zu hinterlassen. Unser Schwerpunkt auf Radfahren, Wandern und H\u00fcttenbetrieb tr\u00e4gt zu ganzj\u00e4hrigen Aktivit\u00e4ten und Erlebnissen bei, die sich lokal auswirken.<\/p>\n<p data-start=\"2281\" data-end=\"2335\">Wir m\u00fcssen uns weiterentwickeln, aber immer zu den Bedingungen der Natur.<\/p>\n<h2 data-start=\"2337\" data-end=\"2363\">Umweltzertifizierung in \u00c5l<\/h2>\n<p data-start=\"2365\" data-end=\"2651\">Visit \u00c5l \/ \u00c5l Utvikling ist \"Milj\u00f8fyrt\u00e5rn\"-zertifiziert, und wir arbeiten daran, dass immer mehr lokale Unternehmen es uns gleichtun. Umweltzertifizierung bedeutet konkrete Ma\u00dfnahmen im Alltag: Abfall reduzieren, Energie effizienter nutzen, lokale Lieferanten w\u00e4hlen und sowohl Menschen als auch Natur sch\u00fctzen.<\/p>\n<p data-start=\"2653\" data-end=\"2868\">Wir m\u00f6chten Unternehmen hervorheben, die das Thema Nachhaltigkeit ernst nehmen und andere dazu inspirieren, es ihnen gleichzutun. Hier finden Sie eine vollst\u00e4ndige Liste unserer Mitgliedsunternehmen, die umweltzertifiziert sind und einen gr\u00fcnen Weg eingeschlagen haben:<\/p>\n<p><!-- \/wp:paragraph --><!-- wp:heading --><\/p>\n<p><!-- \/wp:paragraph --><!-- wp:list --><\/p>\n<ul>\n<li style=\"list-style-type: none;\">\n<ul><!-- wp:list-item --><\/ul>\n<\/li>\n<\/ul>\n<p><!-- \/wp:paragraph --><!-- wp:paragraph --><!-- \/wp:paragraph --><!-- wp:paragraph --><!-- \/wp:paragraph --><\/p>\t\t\t\t\t\t\t\t<\/div>\n\t\t\t\t<\/div>\n\t\t<div class=\"elementor-element elementor-element-963de76 e-grid e-con-full e-con e-child\" data-id=\"963de76\" data-element_type=\"container\" data-e-type=\"container\">\n\t\t\t\t<div class=\"elementor-element elementor-element-7c7baa9 elementor-widget elementor-widget-text-editor\" data-id=\"7c7baa9\" data-element_type=\"widget\" data-e-type=\"widget\" data-widget_type=\"text-editor.default\">\n\t\t\t\t<div class=\"elementor-widget-container\">\n\t\t\t\t\t\t\t\t\t<ul>\n<li>Elektroservice Hallingdal Installasjon AS<\/li>\n<li>Geilo Husky<\/li>\n<li>Hallingdal Betong AS<\/li>\n<li>Topcamp<\/li>\n<li>Hallingdal Lyd AS<\/li>\n<li>Hallingdal Trykk AS<\/li>\n<li>Hendug Bygg AS<\/li>\n<li>Kreator Kommunikasjon AS<\/li>\n<li>MGS Hallgeir Hansen<\/li><\/ul>\t\t\t\t\t\t\t\t<\/div>\n\t\t\t\t<\/div>\n\t\t\t\t<div class=\"elementor-element elementor-element-5fafc97 elementor-widget elementor-widget-text-editor\" data-id=\"5fafc97\" data-element_type=\"widget\" data-e-type=\"widget\" data-widget_type=\"text-editor.default\">\n\t\t\t\t<div class=\"elementor-widget-container\">\n\t\t\t\t\t\t\t\t\t<ul>\n<li>Naturtorv AS<\/li>\n<li>Oddvar \u00d8ygard AS<\/li>\n<li>Sjemmedal Bygg AS<\/li>\n<li>Slaatto Sag og H\u00f8vleri AS<\/li>\n<li>\u00a0Sparebank1 Hallingdal Valdres\u00a0<\/li>\n<li><span style=\"font-size: 19.2px;\">Leitern zum Dach<\/span><\/li>\n<li><span style=\"font-size: 19.2px;\">Sundbrei Transport ANS<\/span><\/li>\n<li><span style=\"font-size: 19.2px;\">Vinmonopolet\u00a0<\/span><\/li>\n<li><span style=\"font-size: 19.2px;\">Kommune \u00c5l<\/span><\/li>\n<\/ul>\t\t\t\t\t\t\t\t<\/div>\n\t\t\t\t<\/div>\n\t\t\t\t<\/div>\n\t\t\t\t<div class=\"elementor-element elementor-element-d283c91 elementor-widget elementor-widget-text-editor\" data-id=\"d283c91\" data-element_type=\"widget\" data-e-type=\"widget\" data-widget_type=\"text-editor.default\">\n\t\t\t\t<div class=\"elementor-widget-container\">\n\t\t\t\t\t\t\t\t\t<p><!-- \/wp:list-item --><\/p>\n<p><!-- \/wp:list --><!-- wp:paragraph --><\/p>\n<p>M\u00f6chten Sie Ihr Unternehmen zertifizieren lassen? Kontaktieren Sie uns (dl@alutvikling.no \/ +47 32 08 10 60) und wir helfen Ihnen, den richtigen Kurs und Tutor zu finden.<\/p>\n<p><!-- \/wp:paragraph --><!-- wp:heading --><\/p>\n<h2>Nachhaltigkeit in der Praxis<\/h2>\n<p><!-- \/wp:heading --><!-- wp:paragraph --><\/p>\n<p>In \u00c5l geht es bei der Nachhaltigkeit um Ma\u00dfnahmen, Zusammenarbeit und bewusste Entscheidungen, die im Laufe der Zeit etwas bewirken.<br \/>Gemeinsam mit der Gemeinde, der Wirtschaft und dem ehrenamtlichen Sektor k\u00fcmmern wir uns um funktionierende Schl\u00f6sser und traditionelle Kultur, halten die Au\u00dfenbereiche sauber und gem\u00fctlich und erm\u00f6glichen es Einwohnern und G\u00e4sten, die Natur zu erleben, ohne Spuren zu hinterlassen.<\/p>\n<p><!-- \/wp:paragraph --><!-- wp:paragraph --><\/p>\n<p>In der Praxis bedeutet Nachhaltigkeit, dass man sich gemeinsam um das Dorf, die Natur und die Gemeinschaft k\u00fcmmert.<\/p>\n<p><!-- \/wp:paragraph --><!-- wp:heading --><\/p>\n<h2>Soziale Nachhaltigkeit - ein \u00c5l f\u00fcr alle<\/h2>\n<p><!-- \/wp:heading --><!-- wp:paragraph --><\/p>\n<p>Bei der Nachhaltigkeit geht es nicht nur um die Umwelt. Es geht auch um die Menschen. \u00c5l soll ein guter Ort zum Leben, Arbeiten und Besuchen sein. Wir legen Wert auf Wohlbefinden, Sicherheit und Gemeinschaft und darauf, dass die Wertsch\u00f6pfung in der Tourismusbranche der lokalen Gemeinschaft zugute kommt.<\/p>\n<p><!-- \/wp:paragraph --><!-- wp:paragraph --><\/p>\n<p>Mit dem strategischen Gesch\u00e4ftsplan (2025-2028) konzentrieren wir uns auf ein lebendiges Stadtzentrum, neue Treffpunkte und den lokalen Handel.<\/p>\n<p><!-- \/wp:paragraph --><!-- wp:paragraph --><\/p>\n<p>Wir arbeiten f\u00fcr ein \u00c5l, in dem sich die Menschen wohlf\u00fchlen, in das sie einbezogen werden und in dem sie M\u00f6glichkeiten sehen, ihre Zukunft aufzubauen.<\/p>\n<p><!-- \/wp:paragraph --><!-- wp:heading --><\/p>\n<h2>Aale f\u00fcr die Zukunft<\/h2>\n<p><!-- \/wp:heading --><!-- wp:paragraph --><\/p>\n<p>Wir haben klare Ziele f\u00fcr die kommenden Jahre: Wir werden \u00c5l als einen Ort weiterentwickeln, an dem Natur, Kultur und Menschen im Gleichgewicht leben k\u00f6nnen.<\/p>\n<p><!-- \/wp:paragraph --><!-- wp:paragraph --><\/p>\n<p>Wir w\u00fcnschen uns mehr umweltzertifizierte Unternehmen, eine st\u00e4rkere lokale Zusammenarbeit und gro\u00dfartige Erlebnisse, die Stolz und Gemeinschaft f\u00f6rdern.<\/p>\n<p><!-- \/wp:paragraph --><!-- wp:paragraph --><\/p>\n<p>\u00c5l wird nach nachhaltigen Prinzipien entwickelt, nicht um in allem der Beste zu sein, sondern um das zu bewahren, was uns einzigartig macht: ein echtes Dorf mit echten Menschen, die gemeinsam f\u00fcr die Zukunft einstehen.<\/p>\n<p><!-- \/wp:paragraph --><!-- wp:heading --><\/p>\n<h2>Ein echtes, lebendiges Reiseziel<\/h2>\n<p><!-- \/wp:heading --><!-- wp:paragraph --><\/p>\n<p>\u00c5l soll ein echtes, lebendiges Bergdorf sein. Ein Ziel f\u00fcr diejenigen, die Ruhe und Natur suchen, und f\u00fcr diejenigen, die den Puls der Berge sp\u00fcren wollen. Wir wollen ein Ort f\u00fcr Familien sein, die wollen, dass ihre Kinder gut Radfahren und Skifahren lernen, und f\u00fcr diejenigen, die etwas Echtes und Bodenst\u00e4ndiges erleben wollen.<\/p>\n<p><!-- \/wp:paragraph --><!-- wp:paragraph --><\/p>\n<p>Wenn Sie nach \u00c5l kommen, kommen Sie nicht in eine Kulisse, sondern in eine lebendige lokale Gemeinschaft.<!-- \/wp:paragraph --><\/p>\n<p><!-- \/wp:paragraph --><!-- wp:paragraph --><!-- \/wp:paragraph --><!-- wp:paragraph --><!-- \/wp:paragraph --><\/p>\t\t\t\t\t\t\t\t<\/div>\n\t\t\t\t<\/div>\n\t\t\t\t\t<\/div>\n\t\t\t\t<\/div>\n\t\t\t\t<\/div>","protected":false},"excerpt":{"rendered":"<p>Viel Platz, saubere Luft, Stille und echte Naturerlebnisse kennzeichnen \u00c5l.<br \/>\nOb Sie nun ein H\u00fcttenbesitzer, ein st\u00e4ndiger Einwohner oder ein Besucher sind, Sie werden ein Dorf vorfinden, das sich um das k\u00fcmmert, was es hat, und das sich auf sinnvolle Weise weiterentwickeln will.<\/p>","protected":false},"author":3,"featured_media":4162,"parent":0,"menu_order":0,"comment_status":"closed","ping_status":"closed","template":"","meta":{"_acf_changed":false,"footnotes":""},"class_list":["post-4161","page","type-page","status-publish","has-post-thumbnail","hentry"],"acf":[],"yoast_head":"<title>Velkommen til \u00c5l, et b\u00e6rekraftig reisem\u00e5l - Visit \u00c5l<\/title>\n<meta name=\"description\" content=\"\u00c5l er sertifisert som B\u00e6rekraftig Reisem\u00e5l. Vi jobber for \u00e5 ta vare p\u00e5 folk, fjell og framtid, med natur, kultur og lokal verdiskaping i balanse. Les mer om b\u00e6rekraftig reiseliv i \u00c5l.\" \/>\n<meta name=\"robots\" content=\"index, follow, max-snippet:-1, max-image-preview:large, max-video-preview:-1\" \/>\n<link rel=\"canonical\" href=\"https:\/\/www.visital.no\/de\/velkommen-til-al-et-baerekraftig-reisemal\/\" \/>\n<meta property=\"og:locale\" content=\"de_DE\" \/>\n<meta property=\"og:type\" content=\"article\" \/>\n<meta property=\"og:title\" content=\"Velkommen til \u00c5l, et b\u00e6rekraftig reisem\u00e5l - Visit \u00c5l\" \/>\n<meta property=\"og:description\" content=\"\u00c5l er sertifisert som B\u00e6rekraftig Reisem\u00e5l. Vi jobber for \u00e5 ta vare p\u00e5 folk, fjell og framtid, med natur, kultur og lokal verdiskaping i balanse. Les mer om b\u00e6rekraftig reiseliv i \u00c5l.\" \/>\n<meta property=\"og:url\" content=\"https:\/\/www.visital.no\/de\/velkommen-til-al-et-baerekraftig-reisemal\/\" \/>\n<meta property=\"og:site_name\" content=\"Visit \u00c5l\" \/>\n<meta property=\"article:publisher\" content=\"https:\/\/facebook.com\/visitalihallingdal\/\" \/>\n<meta property=\"article:modified_time\" content=\"2025-12-15T12:42:16+00:00\" \/>\n<meta property=\"og:image\" content=\"https:\/\/www.visital.no\/wp-content\/uploads\/2025\/10\/vb02802-1-hiking-vegard-breie-scaled.webp\" \/>\n\t<meta property=\"og:image:width\" content=\"2560\" \/>\n\t<meta property=\"og:image:height\" content=\"1709\" \/>\n\t<meta property=\"og:image:type\" content=\"image\/jpeg\" \/>\n<meta name=\"twitter:card\" content=\"summary_large_image\" \/>\n<meta name=\"twitter:label1\" content=\"Est. reading time\" \/>\n\t<meta name=\"twitter:data1\" content=\"5 minutes\" \/>\n<script type=\"application\/ld+json\" class=\"yoast-schema-graph\">{\"@context\":\"https:\\\/\\\/schema.org\",\"@graph\":[{\"@type\":\"WebPage\",\"@id\":\"https:\\\/\\\/www.visital.no\\\/velkommen-til-al-et-baerekraftig-reisemal\\\/\",\"url\":\"https:\\\/\\\/www.visital.no\\\/velkommen-til-al-et-baerekraftig-reisemal\\\/\",\"name\":\"Velkommen til \u00c5l, et b\u00e6rekraftig reisem\u00e5l - Visit \u00c5l\",\"isPartOf\":{\"@id\":\"https:\\\/\\\/www.visital.no\\\/#website\"},\"primaryImageOfPage\":{\"@id\":\"https:\\\/\\\/www.visital.no\\\/velkommen-til-al-et-baerekraftig-reisemal\\\/#primaryimage\"},\"image\":{\"@id\":\"https:\\\/\\\/www.visital.no\\\/velkommen-til-al-et-baerekraftig-reisemal\\\/#primaryimage\"},\"thumbnailUrl\":\"https:\\\/\\\/www.visital.no\\\/wp-content\\\/uploads\\\/2025\\\/10\\\/vb02802-1-hiking-vegard-breie-scaled.webp\",\"datePublished\":\"2025-10-17T13:37:38+00:00\",\"dateModified\":\"2025-12-15T12:42:16+00:00\",\"description\":\"\u00c5l er sertifisert som B\u00e6rekraftig Reisem\u00e5l. Vi jobber for \u00e5 ta vare p\u00e5 folk, fjell og framtid, med natur, kultur og lokal verdiskaping i balanse. Les mer om b\u00e6rekraftig reiseliv i \u00c5l.\",\"breadcrumb\":{\"@id\":\"https:\\\/\\\/www.visital.no\\\/velkommen-til-al-et-baerekraftig-reisemal\\\/#breadcrumb\"},\"inLanguage\":\"de-DE\",\"potentialAction\":[{\"@type\":\"ReadAction\",\"target\":[\"https:\\\/\\\/www.visital.no\\\/velkommen-til-al-et-baerekraftig-reisemal\\\/\"]}]},{\"@type\":\"ImageObject\",\"inLanguage\":\"de-DE\",\"@id\":\"https:\\\/\\\/www.visital.no\\\/velkommen-til-al-et-baerekraftig-reisemal\\\/#primaryimage\",\"url\":\"https:\\\/\\\/www.visital.no\\\/wp-content\\\/uploads\\\/2025\\\/10\\\/vb02802-1-hiking-vegard-breie-scaled.webp\",\"contentUrl\":\"https:\\\/\\\/www.visital.no\\\/wp-content\\\/uploads\\\/2025\\\/10\\\/vb02802-1-hiking-vegard-breie-scaled.webp\",\"width\":2560,\"height\":1709},{\"@type\":\"BreadcrumbList\",\"@id\":\"https:\\\/\\\/www.visital.no\\\/velkommen-til-al-et-baerekraftig-reisemal\\\/#breadcrumb\",\"itemListElement\":[{\"@type\":\"ListItem\",\"position\":1,\"name\":\"Home\",\"item\":\"https:\\\/\\\/www.visital.no\\\/\"},{\"@type\":\"ListItem\",\"position\":2,\"name\":\"Velkommen til \u00c5l, et b\u00e6rekraftig reisem\u00e5l\"}]},{\"@type\":\"WebSite\",\"@id\":\"https:\\\/\\\/www.visital.no\\\/#website\",\"url\":\"https:\\\/\\\/www.visital.no\\\/\",\"name\":\"Visit \u00c5l\",\"description\":\"\",\"publisher\":{\"@id\":\"https:\\\/\\\/www.visital.no\\\/#organization\"},\"potentialAction\":[{\"@type\":\"SearchAction\",\"target\":{\"@type\":\"EntryPoint\",\"urlTemplate\":\"https:\\\/\\\/www.visital.no\\\/?s={search_term_string}\"},\"query-input\":{\"@type\":\"PropertyValueSpecification\",\"valueRequired\":true,\"valueName\":\"search_term_string\"}}],\"inLanguage\":\"de-DE\"},{\"@type\":\"Organization\",\"@id\":\"https:\\\/\\\/www.visital.no\\\/#organization\",\"name\":\"Visit \u00c5l\",\"url\":\"https:\\\/\\\/www.visital.no\\\/\",\"logo\":{\"@type\":\"ImageObject\",\"inLanguage\":\"de-DE\",\"@id\":\"https:\\\/\\\/www.visital.no\\\/#\\\/schema\\\/logo\\\/image\\\/\",\"url\":\"https:\\\/\\\/www.visital.no\\\/wp-content\\\/uploads\\\/2024\\\/11\\\/al-i-hallingdal-logo.svg\",\"contentUrl\":\"https:\\\/\\\/www.visital.no\\\/wp-content\\\/uploads\\\/2024\\\/11\\\/al-i-hallingdal-logo.svg\",\"width\":258,\"height\":100,\"caption\":\"Visit \u00c5l\"},\"image\":{\"@id\":\"https:\\\/\\\/www.visital.no\\\/#\\\/schema\\\/logo\\\/image\\\/\"},\"sameAs\":[\"https:\\\/\\\/facebook.com\\\/visitalihallingdal\\\/\",\"https:\\\/\\\/instagram.com\\\/visitalihallingdal\\\/\",\"https:\\\/\\\/youtube.com\\\/user\\\/alutvikling\"]}]}<\/script>","yoast_head_json":{"title":"Velkommen til \u00c5l, et b\u00e6rekraftig reisem\u00e5l - Visit \u00c5l","description":"\u00c5l er sertifisert som B\u00e6rekraftig Reisem\u00e5l. Vi jobber for \u00e5 ta vare p\u00e5 folk, fjell og framtid, med natur, kultur og lokal verdiskaping i balanse. Les mer om b\u00e6rekraftig reiseliv i \u00c5l.","robots":{"index":"index","follow":"follow","max-snippet":"max-snippet:-1","max-image-preview":"max-image-preview:large","max-video-preview":"max-video-preview:-1"},"canonical":"https:\/\/www.visital.no\/de\/velkommen-til-al-et-baerekraftig-reisemal\/","og_locale":"de_DE","og_type":"article","og_title":"Velkommen til \u00c5l, et b\u00e6rekraftig reisem\u00e5l - Visit \u00c5l","og_description":"\u00c5l er sertifisert som B\u00e6rekraftig Reisem\u00e5l. Vi jobber for \u00e5 ta vare p\u00e5 folk, fjell og framtid, med natur, kultur og lokal verdiskaping i balanse. Les mer om b\u00e6rekraftig reiseliv i \u00c5l.","og_url":"https:\/\/www.visital.no\/de\/velkommen-til-al-et-baerekraftig-reisemal\/","og_site_name":"Visit \u00c5l","article_publisher":"https:\/\/facebook.com\/visitalihallingdal\/","article_modified_time":"2025-12-15T12:42:16+00:00","og_image":[{"width":2560,"height":1709,"url":"https:\/\/www.visital.no\/wp-content\/uploads\/2025\/10\/vb02802-1-hiking-vegard-breie-scaled.webp","type":"image\/jpeg"}],"twitter_card":"summary_large_image","twitter_misc":{"Est. reading time":"5 minutes"},"schema":{"@context":"https:\/\/schema.org","@graph":[{"@type":"WebPage","@id":"https:\/\/www.visital.no\/velkommen-til-al-et-baerekraftig-reisemal\/","url":"https:\/\/www.visital.no\/velkommen-til-al-et-baerekraftig-reisemal\/","name":"Velkommen til \u00c5l, et b\u00e6rekraftig reisem\u00e5l - Visit \u00c5l","isPartOf":{"@id":"https:\/\/www.visital.no\/#website"},"primaryImageOfPage":{"@id":"https:\/\/www.visital.no\/velkommen-til-al-et-baerekraftig-reisemal\/#primaryimage"},"image":{"@id":"https:\/\/www.visital.no\/velkommen-til-al-et-baerekraftig-reisemal\/#primaryimage"},"thumbnailUrl":"https:\/\/www.visital.no\/wp-content\/uploads\/2025\/10\/vb02802-1-hiking-vegard-breie-scaled.webp","datePublished":"2025-10-17T13:37:38+00:00","dateModified":"2025-12-15T12:42:16+00:00","description":"\u00c5l er sertifisert som B\u00e6rekraftig Reisem\u00e5l. Vi jobber for \u00e5 ta vare p\u00e5 folk, fjell og framtid, med natur, kultur og lokal verdiskaping i balanse. Les mer om b\u00e6rekraftig reiseliv i \u00c5l.","breadcrumb":{"@id":"https:\/\/www.visital.no\/velkommen-til-al-et-baerekraftig-reisemal\/#breadcrumb"},"inLanguage":"de-DE","potentialAction":[{"@type":"ReadAction","target":["https:\/\/www.visital.no\/velkommen-til-al-et-baerekraftig-reisemal\/"]}]},{"@type":"ImageObject","inLanguage":"de-DE","@id":"https:\/\/www.visital.no\/velkommen-til-al-et-baerekraftig-reisemal\/#primaryimage","url":"https:\/\/www.visital.no\/wp-content\/uploads\/2025\/10\/vb02802-1-hiking-vegard-breie-scaled.webp","contentUrl":"https:\/\/www.visital.no\/wp-content\/uploads\/2025\/10\/vb02802-1-hiking-vegard-breie-scaled.webp","width":2560,"height":1709},{"@type":"BreadcrumbList","@id":"https:\/\/www.visital.no\/velkommen-til-al-et-baerekraftig-reisemal\/#breadcrumb","itemListElement":[{"@type":"ListItem","position":1,"name":"Home","item":"https:\/\/www.visital.no\/"},{"@type":"ListItem","position":2,"name":"Velkommen til \u00c5l, et b\u00e6rekraftig reisem\u00e5l"}]},{"@type":"WebSite","@id":"https:\/\/www.visital.no\/#website","url":"https:\/\/www.visital.no\/","name":"Besuchen Sie \u00c5l","description":"","publisher":{"@id":"https:\/\/www.visital.no\/#organization"},"potentialAction":[{"@type":"SearchAction","target":{"@type":"EntryPoint","urlTemplate":"https:\/\/www.visital.no\/?s={search_term_string}"},"query-input":{"@type":"PropertyValueSpecification","valueRequired":true,"valueName":"search_term_string"}}],"inLanguage":"de-DE"},{"@type":"Organization","@id":"https:\/\/www.visital.no\/#organization","name":"Besuchen Sie \u00c5l","url":"https:\/\/www.visital.no\/","logo":{"@type":"ImageObject","inLanguage":"de-DE","@id":"https:\/\/www.visital.no\/#\/schema\/logo\/image\/","url":"https:\/\/www.visital.no\/wp-content\/uploads\/2024\/11\/al-i-hallingdal-logo.svg","contentUrl":"https:\/\/www.visital.no\/wp-content\/uploads\/2024\/11\/al-i-hallingdal-logo.svg","width":258,"height":100,"caption":"Visit \u00c5l"},"image":{"@id":"https:\/\/www.visital.no\/#\/schema\/logo\/image\/"},"sameAs":["https:\/\/facebook.com\/visitalihallingdal\/","https:\/\/instagram.com\/visitalihallingdal\/","https:\/\/youtube.com\/user\/alutvikling"]}]}},"_links":{"self":[{"href":"https:\/\/www.visital.no\/de\/wp-json\/wp\/v2\/pages\/4161","targetHints":{"allow":["GET"]}}],"collection":[{"href":"https:\/\/www.visital.no\/de\/wp-json\/wp\/v2\/pages"}],"about":[{"href":"https:\/\/www.visital.no\/de\/wp-json\/wp\/v2\/types\/page"}],"author":[{"embeddable":true,"href":"https:\/\/www.visital.no\/de\/wp-json\/wp\/v2\/users\/3"}],"replies":[{"embeddable":true,"href":"https:\/\/www.visital.no\/de\/wp-json\/wp\/v2\/comments?post=4161"}],"version-history":[{"count":58,"href":"https:\/\/www.visital.no\/de\/wp-json\/wp\/v2\/pages\/4161\/revisions"}],"predecessor-version":[{"id":4694,"href":"https:\/\/www.visital.no\/de\/wp-json\/wp\/v2\/pages\/4161\/revisions\/4694"}],"wp:featuredmedia":[{"embeddable":true,"href":"https:\/\/www.visital.no\/de\/wp-json\/wp\/v2\/media\/4162"}],"wp:attachment":[{"href":"https:\/\/www.visital.no\/de\/wp-json\/wp\/v2\/media?parent=4161"}],"curies":[{"name":"WordPress","href":"https:\/\/api.w.org\/{rel}","templated":true}]}}