{"id":4212,"date":"2025-10-21T23:02:21","date_gmt":"2025-10-21T21:02:21","guid":{"rendered":"https:\/\/www.visital.no\/?post_type=kunst-og-kulturtilbu&#038;p=4212"},"modified":"2025-10-21T23:02:23","modified_gmt":"2025-10-21T21:02:23","slug":"al-kulturhus","status":"publish","type":"kunst-og-kulturtilbu","link":"https:\/\/www.visital.no\/de\/kunst-og-kulturtilbu\/al-kulturhus\/","title":{"rendered":"Kulturzentrum \u00c5l"},"content":{"rendered":"<p>Das Kulturhuset in \u00c5l ist ein lebendiger Treffpunkt f\u00fcr Jung und Alt und ein nat\u00fcrlicher Anlaufpunkt f\u00fcr alle, die das kulturelle Leben in \u00c5l erleben wollen.<\/p>\n\n\n\n<h2 class=\"wp-block-heading\">Praktische Informationen<\/h2>\n\n\n\n<p><strong>\u00d6ffnungszeiten 2025<\/strong><br>11:00 - 16:00 Mo - Di<br>11:00 - 20:00 Uhr Mi - Fr<br>15:30 - 20:00 Uhr Sa<br>16:30 - 20:00 Sonne<\/p>\n\n\n\n<p><strong>Adresse<\/strong><br>Myren 40, 3570 \u00c5l<\/p>\n\n\n\n<p><\/p>","protected":false},"excerpt":{"rendered":"<p>Mitten im Zentrum befindet sich das Herz des kulturellen Lebens in \u00c5l, das Kulturhuset. Hier k\u00f6nnen Sie ein Konzert besuchen, einen Film im Kino ansehen, die Bibliothek besuchen oder Kunstausstellungen in der Syningen-Galerie und dem Nesch-Museum erleben.<\/p>","protected":false},"featured_media":3433,"template":"","meta":{"_acf_changed":false,"footnotes":""},"kunst-og-kultur-kategori":[],"class_list":["post-4212","kunst-og-kulturtilbu","type-kunst-og-kulturtilbu","status-publish","has-post-thumbnail","hentry"],"acf":[],"yoast_head":"<title>\u00c5l Kulturhus - Visit \u00c5l<\/title>\n<meta name=\"robots\" content=\"index, follow, max-snippet:-1, max-image-preview:large, max-video-preview:-1\" \/>\n<link rel=\"canonical\" href=\"https:\/\/www.visital.no\/de\/kunst-og-kulturtilbu\/al-kulturhus\/\" \/>\n<meta property=\"og:locale\" content=\"de_DE\" \/>\n<meta property=\"og:type\" content=\"article\" \/>\n<meta property=\"og:title\" content=\"\u00c5l Kulturhus - Visit \u00c5l\" \/>\n<meta property=\"og:description\" content=\"Midt i sentrum ligger hjertet av kulturlivet i \u00c5l, Kulturhuset. Her kan du g\u00e5 p\u00e5 konsert, se film p\u00e5 kino, bes\u00f8ke biblioteket, eller oppleve kunstutstillinger i galleri Syningen og Nesch Museet.\" \/>\n<meta property=\"og:url\" content=\"https:\/\/www.visital.no\/de\/kunst-og-kulturtilbu\/al-kulturhus\/\" \/>\n<meta property=\"og:site_name\" content=\"Visit \u00c5l\" \/>\n<meta property=\"article:publisher\" content=\"https:\/\/facebook.com\/visitalihallingdal\/\" \/>\n<meta property=\"article:modified_time\" content=\"2025-10-21T21:02:23+00:00\" \/>\n<meta name=\"twitter:card\" content=\"summary_large_image\" \/>\n<meta name=\"twitter:label1\" content=\"Est. reading time\" \/>\n\t<meta name=\"twitter:data1\" content=\"1 minute\" \/>\n<script type=\"application\/ld+json\" class=\"yoast-schema-graph\">{\"@context\":\"https:\\\/\\\/schema.org\",\"@graph\":[{\"@type\":\"WebPage\",\"@id\":\"https:\\\/\\\/www.visital.no\\\/kunst-og-kulturtilbu\\\/al-kulturhus\\\/\",\"url\":\"https:\\\/\\\/www.visital.no\\\/kunst-og-kulturtilbu\\\/al-kulturhus\\\/\",\"name\":\"\u00c5l Kulturhus - Visit \u00c5l\",\"isPartOf\":{\"@id\":\"https:\\\/\\\/www.visital.no\\\/#website\"},\"primaryImageOfPage\":{\"@id\":\"https:\\\/\\\/www.visital.no\\\/kunst-og-kulturtilbu\\\/al-kulturhus\\\/#primaryimage\"},\"image\":{\"@id\":\"https:\\\/\\\/www.visital.no\\\/kunst-og-kulturtilbu\\\/al-kulturhus\\\/#primaryimage\"},\"thumbnailUrl\":\"https:\\\/\\\/www.visital.no\\\/wp-content\\\/uploads\\\/2024\\\/12\\\/eb63af1c-fc75-4669-84f1-f881c6f133ac.avif\",\"datePublished\":\"2025-10-21T21:02:21+00:00\",\"dateModified\":\"2025-10-21T21:02:23+00:00\",\"breadcrumb\":{\"@id\":\"https:\\\/\\\/www.visital.no\\\/kunst-og-kulturtilbu\\\/al-kulturhus\\\/#breadcrumb\"},\"inLanguage\":\"de-DE\",\"potentialAction\":[{\"@type\":\"ReadAction\",\"target\":[\"https:\\\/\\\/www.visital.no\\\/kunst-og-kulturtilbu\\\/al-kulturhus\\\/\"]}]},{\"@type\":\"ImageObject\",\"inLanguage\":\"de-DE\",\"@id\":\"https:\\\/\\\/www.visital.no\\\/kunst-og-kulturtilbu\\\/al-kulturhus\\\/#primaryimage\",\"url\":\"https:\\\/\\\/www.visital.no\\\/wp-content\\\/uploads\\\/2024\\\/12\\\/eb63af1c-fc75-4669-84f1-f881c6f133ac.avif\",\"contentUrl\":\"https:\\\/\\\/www.visital.no\\\/wp-content\\\/uploads\\\/2024\\\/12\\\/eb63af1c-fc75-4669-84f1-f881c6f133ac.avif\",\"width\":1000,\"height\":563},{\"@type\":\"BreadcrumbList\",\"@id\":\"https:\\\/\\\/www.visital.no\\\/kunst-og-kulturtilbu\\\/al-kulturhus\\\/#breadcrumb\",\"itemListElement\":[{\"@type\":\"ListItem\",\"position\":1,\"name\":\"Home\",\"item\":\"https:\\\/\\\/www.visital.no\\\/\"},{\"@type\":\"ListItem\",\"position\":2,\"name\":\"\u00c5l Kulturhus\"}]},{\"@type\":\"WebSite\",\"@id\":\"https:\\\/\\\/www.visital.no\\\/#website\",\"url\":\"https:\\\/\\\/www.visital.no\\\/\",\"name\":\"Visit \u00c5l\",\"description\":\"\",\"publisher\":{\"@id\":\"https:\\\/\\\/www.visital.no\\\/#organization\"},\"potentialAction\":[{\"@type\":\"SearchAction\",\"target\":{\"@type\":\"EntryPoint\",\"urlTemplate\":\"https:\\\/\\\/www.visital.no\\\/?s={search_term_string}\"},\"query-input\":{\"@type\":\"PropertyValueSpecification\",\"valueRequired\":true,\"valueName\":\"search_term_string\"}}],\"inLanguage\":\"de-DE\"},{\"@type\":\"Organization\",\"@id\":\"https:\\\/\\\/www.visital.no\\\/#organization\",\"name\":\"Visit \u00c5l\",\"url\":\"https:\\\/\\\/www.visital.no\\\/\",\"logo\":{\"@type\":\"ImageObject\",\"inLanguage\":\"de-DE\",\"@id\":\"https:\\\/\\\/www.visital.no\\\/#\\\/schema\\\/logo\\\/image\\\/\",\"url\":\"https:\\\/\\\/www.visital.no\\\/wp-content\\\/uploads\\\/2024\\\/11\\\/al-i-hallingdal-logo.svg\",\"contentUrl\":\"https:\\\/\\\/www.visital.no\\\/wp-content\\\/uploads\\\/2024\\\/11\\\/al-i-hallingdal-logo.svg\",\"width\":258,\"height\":100,\"caption\":\"Visit \u00c5l\"},\"image\":{\"@id\":\"https:\\\/\\\/www.visital.no\\\/#\\\/schema\\\/logo\\\/image\\\/\"},\"sameAs\":[\"https:\\\/\\\/facebook.com\\\/visitalihallingdal\\\/\",\"https:\\\/\\\/instagram.com\\\/visitalihallingdal\\\/\",\"https:\\\/\\\/youtube.com\\\/user\\\/alutvikling\"]}]}<\/script>","yoast_head_json":{"title":"\u00c5l Kulturhus - Visit \u00c5l","robots":{"index":"index","follow":"follow","max-snippet":"max-snippet:-1","max-image-preview":"max-image-preview:large","max-video-preview":"max-video-preview:-1"},"canonical":"https:\/\/www.visital.no\/de\/kunst-og-kulturtilbu\/al-kulturhus\/","og_locale":"de_DE","og_type":"article","og_title":"\u00c5l Kulturhus - Visit \u00c5l","og_description":"Midt i sentrum ligger hjertet av kulturlivet i \u00c5l, Kulturhuset. Her kan du g\u00e5 p\u00e5 konsert, se film p\u00e5 kino, bes\u00f8ke biblioteket, eller oppleve kunstutstillinger i galleri Syningen og Nesch Museet.","og_url":"https:\/\/www.visital.no\/de\/kunst-og-kulturtilbu\/al-kulturhus\/","og_site_name":"Visit \u00c5l","article_publisher":"https:\/\/facebook.com\/visitalihallingdal\/","article_modified_time":"2025-10-21T21:02:23+00:00","twitter_card":"summary_large_image","twitter_misc":{"Est. reading time":"1 minute"},"schema":{"@context":"https:\/\/schema.org","@graph":[{"@type":"WebPage","@id":"https:\/\/www.visital.no\/kunst-og-kulturtilbu\/al-kulturhus\/","url":"https:\/\/www.visital.no\/kunst-og-kulturtilbu\/al-kulturhus\/","name":"\u00c5l Kulturhus - Visit \u00c5l","isPartOf":{"@id":"https:\/\/www.visital.no\/#website"},"primaryImageOfPage":{"@id":"https:\/\/www.visital.no\/kunst-og-kulturtilbu\/al-kulturhus\/#primaryimage"},"image":{"@id":"https:\/\/www.visital.no\/kunst-og-kulturtilbu\/al-kulturhus\/#primaryimage"},"thumbnailUrl":"https:\/\/www.visital.no\/wp-content\/uploads\/2024\/12\/eb63af1c-fc75-4669-84f1-f881c6f133ac.avif","datePublished":"2025-10-21T21:02:21+00:00","dateModified":"2025-10-21T21:02:23+00:00","breadcrumb":{"@id":"https:\/\/www.visital.no\/kunst-og-kulturtilbu\/al-kulturhus\/#breadcrumb"},"inLanguage":"de-DE","potentialAction":[{"@type":"ReadAction","target":["https:\/\/www.visital.no\/kunst-og-kulturtilbu\/al-kulturhus\/"]}]},{"@type":"ImageObject","inLanguage":"de-DE","@id":"https:\/\/www.visital.no\/kunst-og-kulturtilbu\/al-kulturhus\/#primaryimage","url":"https:\/\/www.visital.no\/wp-content\/uploads\/2024\/12\/eb63af1c-fc75-4669-84f1-f881c6f133ac.avif","contentUrl":"https:\/\/www.visital.no\/wp-content\/uploads\/2024\/12\/eb63af1c-fc75-4669-84f1-f881c6f133ac.avif","width":1000,"height":563},{"@type":"BreadcrumbList","@id":"https:\/\/www.visital.no\/kunst-og-kulturtilbu\/al-kulturhus\/#breadcrumb","itemListElement":[{"@type":"ListItem","position":1,"name":"Home","item":"https:\/\/www.visital.no\/"},{"@type":"ListItem","position":2,"name":"\u00c5l Kulturhus"}]},{"@type":"WebSite","@id":"https:\/\/www.visital.no\/#website","url":"https:\/\/www.visital.no\/","name":"Besuchen Sie \u00c5l","description":"","publisher":{"@id":"https:\/\/www.visital.no\/#organization"},"potentialAction":[{"@type":"SearchAction","target":{"@type":"EntryPoint","urlTemplate":"https:\/\/www.visital.no\/?s={search_term_string}"},"query-input":{"@type":"PropertyValueSpecification","valueRequired":true,"valueName":"search_term_string"}}],"inLanguage":"de-DE"},{"@type":"Organization","@id":"https:\/\/www.visital.no\/#organization","name":"Besuchen Sie \u00c5l","url":"https:\/\/www.visital.no\/","logo":{"@type":"ImageObject","inLanguage":"de-DE","@id":"https:\/\/www.visital.no\/#\/schema\/logo\/image\/","url":"https:\/\/www.visital.no\/wp-content\/uploads\/2024\/11\/al-i-hallingdal-logo.svg","contentUrl":"https:\/\/www.visital.no\/wp-content\/uploads\/2024\/11\/al-i-hallingdal-logo.svg","width":258,"height":100,"caption":"Visit \u00c5l"},"image":{"@id":"https:\/\/www.visital.no\/#\/schema\/logo\/image\/"},"sameAs":["https:\/\/facebook.com\/visitalihallingdal\/","https:\/\/instagram.com\/visitalihallingdal\/","https:\/\/youtube.com\/user\/alutvikling"]}]}},"_links":{"self":[{"href":"https:\/\/www.visital.no\/de\/wp-json\/wp\/v2\/kunst-og-kulturtilbu\/4212","targetHints":{"allow":["GET"]}}],"collection":[{"href":"https:\/\/www.visital.no\/de\/wp-json\/wp\/v2\/kunst-og-kulturtilbu"}],"about":[{"href":"https:\/\/www.visital.no\/de\/wp-json\/wp\/v2\/types\/kunst-og-kulturtilbu"}],"version-history":[{"count":1,"href":"https:\/\/www.visital.no\/de\/wp-json\/wp\/v2\/kunst-og-kulturtilbu\/4212\/revisions"}],"predecessor-version":[{"id":4213,"href":"https:\/\/www.visital.no\/de\/wp-json\/wp\/v2\/kunst-og-kulturtilbu\/4212\/revisions\/4213"}],"wp:featuredmedia":[{"embeddable":true,"href":"https:\/\/www.visital.no\/de\/wp-json\/wp\/v2\/media\/3433"}],"wp:attachment":[{"href":"https:\/\/www.visital.no\/de\/wp-json\/wp\/v2\/media?parent=4212"}],"wp:term":[{"taxonomy":"kunst-og-kultur-kategori","embeddable":true,"href":"https:\/\/www.visital.no\/de\/wp-json\/wp\/v2\/kunst-og-kultur-kategori?post=4212"}],"curies":[{"name":"WordPress","href":"https:\/\/api.w.org\/{rel}","templated":true}]}}